{"id":11839,"date":"2020-12-06T19:30:00","date_gmt":"2020-12-06T18:30:00","guid":{"rendered":"https:\/\/feuerwehr-simbach.de\/?post_type=einsatz&#038;p=11839"},"modified":"2023-11-13T13:35:20","modified_gmt":"2023-11-13T12:35:20","slug":"25-10-2018-wasser-im-keller","status":"publish","type":"einsatz","link":"https:\/\/feuerwehr-simbach.de\/?einsatz=25-10-2018-wasser-im-keller","title":{"rendered":"25.10.2018 &#8211; Wasser im Keller"},"content":{"rendered":"<div class=\"wpb-content-wrapper\">[vc_row][vc_column][vc_empty_space height=&#8220;30&#8243;][\/vc_column][\/vc_row][vc_row equal_height=&#8220;yes&#8220; inverse=&#8220;&#8220; css=&#8220;.vc_custom_1534252452366{padding-bottom: 25px !important;background-color: #f6f3f0 !important;}&#8220;][vc_column width=&#8220;1\/4&#8243;][vc_column_text]\n<p><b>Einsatzart:<\/b><\/p>\n[\/vc_column_text][\/vc_column][vc_column width=&#8220;3\/4&#8243;][vc_column_text]Wasser im Keller[\/vc_column_text][\/vc_column][\/vc_row][vc_row equal_height=&#8220;yes&#8220; inverse=&#8220;&#8220; css=&#8220;.vc_custom_1534176358862{padding-bottom: 25px !important;}&#8220;][vc_column width=&#8220;1\/4&#8243;][vc_column_text]\n<p><strong>Stichwort:<\/strong><\/p>\n[\/vc_column_text][\/vc_column][vc_column width=&#8220;3\/4&#8243;][vc_column_text]THL 1[\/vc_column_text][\/vc_column][\/vc_row][vc_row equal_height=&#8220;yes&#8220; inverse=&#8220;&#8220; css=&#8220;.vc_custom_1534176324087{padding-bottom: 25px !important;background-color: #f6f3f0 !important;}&#8220;][vc_column width=&#8220;1\/4&#8243;][vc_column_text]\n<p><strong>Einsatzort:<\/strong><\/p>\n[\/vc_column_text][\/vc_column][vc_column width=&#8220;3\/4&#8243;][vc_column_text]Simbach, Hintere Moosecker-Stra\u00dfe[\/vc_column_text][\/vc_column][\/vc_row][vc_row equal_height=&#8220;yes&#8220; inverse=&#8220;&#8220; css=&#8220;.vc_custom_1534176358862{padding-bottom: 25px !important;}&#8220;][vc_column width=&#8220;1\/4&#8243;][vc_column_text]\n<p><strong>Datum:<\/strong><\/p>\n[\/vc_column_text][\/vc_column][vc_column width=&#8220;3\/4&#8243;][vc_column_text]Donnerstag, 25. Oktober 2018[\/vc_column_text][\/vc_column][\/vc_row][vc_row equal_height=&#8220;yes&#8220; inverse=&#8220;&#8220; css=&#8220;.vc_custom_1534176324087{padding-bottom: 25px !important;background-color: #f6f3f0 !important;}&#8220;][vc_column width=&#8220;1\/4&#8243;][vc_column_text]\n<p><strong>Alarmierung (Schleife):<\/strong><\/p>\n[\/vc_column_text][\/vc_column][vc_column width=&#8220;3\/4&#8243;][vc_column_text]Nacht-\/Wochenendalarm[\/vc_column_text][\/vc_column][\/vc_row][vc_row equal_height=&#8220;yes&#8220; inverse=&#8220;&#8220; css=&#8220;.vc_custom_1535721482686{padding-bottom: 25px !important;}&#8220;][vc_column width=&#8220;1\/4&#8243;][vc_column_text]\n<p><strong>Alarmierte Einheiten:<\/strong><\/p>\n[\/vc_column_text][\/vc_column][vc_column width=&#8220;3\/4&#8243;][vc_column_text]FF Simbach a. Inn, KBM 2\/1[\/vc_column_text][\/vc_column][\/vc_row][vc_row][vc_column][vc_empty_space height=&#8220;30&#8243;][\/vc_column][\/vc_row][vc_row][vc_column][vc_separator border_width=&#8220;4&#8243;][\/vc_column][\/vc_row][vc_row][vc_column][vc_empty_space height=&#8220;30&#8243;][\/vc_column][\/vc_row][vc_row equal_height=&#8220;yes&#8220; inverse=&#8220;&#8220; css=&#8220;.vc_custom_1534176358862{padding-bottom: 25px !important;}&#8220;][vc_column width=&#8220;1\/4&#8243;][vc_column_text]\n<p><strong>Einsatzbericht:<\/strong><\/p>\n[\/vc_column_text][\/vc_column][vc_column width=&#8220;3\/4&#8243;][vc_column_text]Es handelte sich um einen Wasserschaden in der K\u00fcche und es trat eine gr\u00f6\u00dfere Menge Wasser aus. Wir beseitigten das Wasser mittels Nasssauger.[\/vc_column_text][\/vc_column][\/vc_row][vc_row][vc_column][vc_empty_space height=&#8220;30&#8243;][\/vc_column][\/vc_row][vc_row][vc_column][vc_empty_space height=&#8220;30&#8243;][\/vc_column][\/vc_row]\n<p>&nbsp;<\/p>\n<p>&nbsp;<\/p>\n<p><img loading=\"lazy\" decoding=\"async\" class=\"aligncenter size-full wp-image-6637\" src=\"https:\/\/feuerwehr-simbach.de\/wp-content\/uploads\/2018\/08\/LF.png\" alt=\"\" width=\"969\" height=\"646\" srcset=\"https:\/\/feuerwehr-simbach.de\/wp-content\/uploads\/2018\/08\/LF.png 969w, https:\/\/feuerwehr-simbach.de\/wp-content\/uploads\/2018\/08\/LF-300x200.png 300w, https:\/\/feuerwehr-simbach.de\/wp-content\/uploads\/2018\/08\/LF-768x512.png 768w\" sizes=\"auto, (max-width: 969px) 100vw, 969px\" \/><\/p>\n<\/div>","protected":false},"author":22,"featured_media":6637,"template":"","meta":{"einsatz_weight":1,"footnotes":""},"categories":[161],"tags":[],"einsatzart":[],"fahrzeug":[],"exteinsatzmittel":[],"alarmierungsart":[],"evw_unit":[],"class_list":["post-11839","einsatz","type-einsatz","status-publish","has-post-thumbnail","hentry","category-einsaetze-2018"],"_links":{"self":[{"href":"https:\/\/feuerwehr-simbach.de\/index.php?rest_route=\/wp\/v2\/einsatz\/11839","targetHints":{"allow":["GET"]}}],"collection":[{"href":"https:\/\/feuerwehr-simbach.de\/index.php?rest_route=\/wp\/v2\/einsatz"}],"about":[{"href":"https:\/\/feuerwehr-simbach.de\/index.php?rest_route=\/wp\/v2\/types\/einsatz"}],"author":[{"embeddable":true,"href":"https:\/\/feuerwehr-simbach.de\/index.php?rest_route=\/wp\/v2\/users\/22"}],"version-history":[{"count":4,"href":"https:\/\/feuerwehr-simbach.de\/index.php?rest_route=\/wp\/v2\/einsatz\/11839\/revisions"}],"predecessor-version":[{"id":20374,"href":"https:\/\/feuerwehr-simbach.de\/index.php?rest_route=\/wp\/v2\/einsatz\/11839\/revisions\/20374"}],"wp:featuredmedia":[{"embeddable":true,"href":"https:\/\/feuerwehr-simbach.de\/index.php?rest_route=\/wp\/v2\/media\/6637"}],"wp:attachment":[{"href":"https:\/\/feuerwehr-simbach.de\/index.php?rest_route=%2Fwp%2Fv2%2Fmedia&parent=11839"}],"wp:term":[{"taxonomy":"category","embeddable":true,"href":"https:\/\/feuerwehr-simbach.de\/index.php?rest_route=%2Fwp%2Fv2%2Fcategories&post=11839"},{"taxonomy":"post_tag","embeddable":true,"href":"https:\/\/feuerwehr-simbach.de\/index.php?rest_route=%2Fwp%2Fv2%2Ftags&post=11839"},{"taxonomy":"einsatzart","embeddable":true,"href":"https:\/\/feuerwehr-simbach.de\/index.php?rest_route=%2Fwp%2Fv2%2Feinsatzart&post=11839"},{"taxonomy":"fahrzeug","embeddable":true,"href":"https:\/\/feuerwehr-simbach.de\/index.php?rest_route=%2Fwp%2Fv2%2Ffahrzeug&post=11839"},{"taxonomy":"exteinsatzmittel","embeddable":true,"href":"https:\/\/feuerwehr-simbach.de\/index.php?rest_route=%2Fwp%2Fv2%2Fexteinsatzmittel&post=11839"},{"taxonomy":"alarmierungsart","embeddable":true,"href":"https:\/\/feuerwehr-simbach.de\/index.php?rest_route=%2Fwp%2Fv2%2Falarmierungsart&post=11839"},{"taxonomy":"evw_unit","embeddable":true,"href":"https:\/\/feuerwehr-simbach.de\/index.php?rest_route=%2Fwp%2Fv2%2Fevw_unit&post=11839"}],"curies":[{"name":"wp","href":"https:\/\/api.w.org\/{rel}","templated":true}]}}