{"id":14331,"date":"2021-05-12T17:15:00","date_gmt":"2021-05-12T16:15:00","guid":{"rendered":"https:\/\/feuerwehr-simbach.de\/?post_type=einsatz&#038;p=14331"},"modified":"2024-02-25T15:01:15","modified_gmt":"2024-02-25T14:01:15","slug":"12-05-2021-gasaustritt-im-gebaeude","status":"publish","type":"einsatz","link":"https:\/\/feuerwehr-simbach.de\/?einsatz=12-05-2021-gasaustritt-im-gebaeude","title":{"rendered":"12.05.2021 &#8211; Gasaustritt im Geb\u00e4ude"},"content":{"rendered":"<div class=\"wpb-content-wrapper\">[vc_row][vc_column][vc_empty_space height=&#8220;1&#8243;][\/vc_column][\/vc_row][vc_row equal_height=&#8220;yes&#8220; inverse=&#8220;&#8220; css=&#8220;.vc_custom_1545579889091{padding-bottom: 25px !important;background-color: #edf2ef !important;}&#8220;][vc_column width=&#8220;1\/4&#8243;][vc_column_text]\n<p><strong>Einsatzart:<\/strong><\/p>\n[\/vc_column_text][\/vc_column][vc_column width=&#8220;3\/4&#8243;][vc_column_text]ABC[\/vc_column_text][\/vc_column][\/vc_row][vc_row equal_height=&#8220;yes&#8220; inverse=&#8220;&#8220; css=&#8220;.vc_custom_1545579201718{padding-bottom: 25px !important;}&#8220;][vc_column width=&#8220;1\/4&#8243;][vc_column_text]\n<p><strong>Schlagwort:<\/strong><\/p>\n[\/vc_column_text][\/vc_column][vc_column width=&#8220;3\/4&#8243;][vc_column_text]Gasaustritt im Geb\u00e4ude[\/vc_column_text][\/vc_column][\/vc_row][vc_row equal_height=&#8220;yes&#8220; inverse=&#8220;&#8220; css=&#8220;.vc_custom_1545579190843{padding-bottom: 25px !important;background-color: #edf2ef !important;}&#8220;][vc_column width=&#8220;1\/4&#8243;][vc_column_text]\n<p><strong>Stichwort:<\/strong><\/p>\n[\/vc_column_text][\/vc_column][vc_column width=&#8220;3\/4&#8243;][vc_column_text]ABC 3[\/vc_column_text][\/vc_column][\/vc_row][vc_row equal_height=&#8220;yes&#8220; inverse=&#8220;&#8220; css=&#8220;.vc_custom_1545579201718{padding-bottom: 25px !important;}&#8220;][vc_column width=&#8220;1\/4&#8243;][vc_column_text]\n<p><strong>Einsatzort:<\/strong><\/p>\n[\/vc_column_text][\/vc_column][vc_column width=&#8220;3\/4&#8243;][vc_column_text]Kirchdorf, Robert-Bosch-Ring[\/vc_column_text][\/vc_column][\/vc_row][vc_row equal_height=&#8220;yes&#8220; inverse=&#8220;&#8220; css=&#8220;.vc_custom_1545579210044{padding-bottom: 25px !important;background-color: #edf2ef !important;}&#8220;][vc_column width=&#8220;1\/4&#8243;][vc_column_text]\n<p><strong>Datum:<\/strong><\/p>\n[\/vc_column_text][\/vc_column][vc_column width=&#8220;3\/4&#8243;][vc_column_text]Mittwoch, 12. Mai 2021[\/vc_column_text][\/vc_column][\/vc_row][vc_row equal_height=&#8220;yes&#8220; inverse=&#8220;&#8220; css=&#8220;.vc_custom_1545579217081{padding-bottom: 25px !important;}&#8220;][vc_column width=&#8220;1\/4&#8243;][vc_column_text]\n<p><strong>Alarmierung (Schleife):<\/strong><\/p>\n[\/vc_column_text][\/vc_column][vc_column width=&#8220;3\/4&#8243;][vc_column_text]Tagalarm[\/vc_column_text][\/vc_column][\/vc_row][vc_row equal_height=&#8220;yes&#8220; inverse=&#8220;&#8220; css=&#8220;.vc_custom_1545579225595{padding-bottom: 25px !important;background-color: #edf2ef !important;}&#8220;][vc_column width=&#8220;1\/4&#8243;][vc_column_text]\n<p><strong>E<\/strong><strong>ingesetzte<\/strong><strong> Kr\u00e4fte:<\/strong><\/p>\n[\/vc_column_text][\/vc_column][vc_column width=&#8220;3\/4&#8243;][vc_column_text]FF Simbach a. Inn, FF Kirchdorf a. Inn, FF Pfarrkirchen, Polizei, KBM 1\/3, KBM 2\/1, KBI 2, KBR Lippeck, Rettungsdienst, Einsatzleiter Rettungsdienst[\/vc_column_text][\/vc_column][\/vc_row][vc_row][vc_column][vc_empty_space height=&#8220;30&#8243;][\/vc_column][\/vc_row][vc_row][vc_column][vc_separator border_width=&#8220;4&#8243;][\/vc_column][\/vc_row][vc_row][vc_column][vc_empty_space height=&#8220;30&#8243;][\/vc_column][\/vc_row][vc_row equal_height=&#8220;yes&#8220; inverse=&#8220;&#8220; css=&#8220;.vc_custom_1534176358862{padding-bottom: 25px !important;}&#8220;][vc_column width=&#8220;1\/4&#8243;][vc_column_text]\n<p><strong>Einsatzbericht:<\/strong><\/p>\n[\/vc_column_text][\/vc_column][vc_column width=&#8220;3\/4&#8243;][vc_column_text]Am Mittwoch gegen 14.45 Uhr alarmierte uns die ILS Passau gemeinsam mit den Feuerwehren Kirchdorf und Pfarrkirchen zur Firma Lumag in den Robert-Bosch-Ring nach Kirchdorf. Dort wurde ein Gasaustritt in einem Geb\u00e4ude gemeldet, weshalb die Leitstelle Alarm nach dem Stichwort ABC 3 ausl\u00f6ste. Noch w\u00e4hrend der Einsatzfahrt nach Kirchdorf bekamen wir \u00fcber Funk die Meldung, dass die <a href=\"https:\/\/feuerwehr-simbach.de\/?einsatz=12-05-2021-ausgeloeste-brandmeldeanlage\">Brandmeldeanlage des Krankenhauses<\/a> ausgel\u00f6st hatte, weshalb sich zwei Fahrzeuge von uns dorthin auf den Weg machten.<br \/>\nAm Einsatzort im Robert-Bosch-Ring erkundete ein Angriffstrupp der Kirchdorfer Feuerwehr den betroffenen Bereich unter Atemschutz und f\u00fchrte mit einem Gasmessger\u00e4t Messungen durch. Au\u00dferdem wurde ein Brandschutz aufgebaut und das Geb\u00e4ude mit einem \u00dcberdruckl\u00fcfter bel\u00fcftet.<br \/>\nDa unser ELW im weiteren Verlauf ebenfalls an der Einsatzstelle eintraf, f\u00fchrten wir f\u00fcr den Einsatzleiter die F\u00fchrungsunterst\u00fctzung durch. Au\u00dferdem stand unser HLF mit vier Atemschutzger\u00e4tetr\u00e4gern auf Bereitstellung. Die kurz darauf eintreffende Feuerwehr Pfarrkirchen und der Energieversorger f\u00fchrten ebenfalls noch Gasmessungen durch. Da die Messwerte nicht mehr im gef\u00e4hrlichen Bereich lagen, konnten erste Einheiten, darunter auch unser HLF und die Feuerwehr Pfarrkirchen, an ihre Standorte zur\u00fcckkehren. Der Energieversorger dichtete anschlie\u00dfend die betroffene Leitung ab. Da danach kein weiteres Gas mehr austrat, konnte die Einsatzstelle an den Betreiber \u00fcbergeben werden und alle \u00fcbrigen Kr\u00e4fte konnten ebenfalls wieder einr\u00fccken. Die Ursache f\u00fcr den Gasaustritt lie\u00df sich jedoch nicht endg\u00fcltig feststellen.[\/vc_column_text][\/vc_column][\/vc_row][vc_row][vc_column][vc_column_text]\n<p>&nbsp;<\/p>\n<p>&nbsp;<\/p>\n<div id=\"su_carousel_69f0924fa34ad\" class=\"su-carousel su-carousel-centered su-carousel-pages-no su-carousel-responsive-yes JLqJ4b ChMk0b su-lightbox-gallery\" style=\"width:100%\" data-autoplay=\"3000\" data-speed=\"2000\" data-mousewheel=\"true\" data-items=\"3\" data-scroll=\"1\"><div class=\"su-carousel-slides\"><div class=\"su-carousel-slide\"><a href=\"https:\/\/feuerwehr-simbach.de\/wp-content\/uploads\/2021\/05\/Gasaustritt-12.05.2021-1-e1620836693238.jpg\" title=\"2021.05.12 Gasaustritt (1)\"><img decoding=\"async\" src=\"https:\/\/feuerwehr-simbach.de\/wp-content\/uploads\/2021\/05\/Gasaustritt-12.05.2021-1-e1620836693238.jpg\" alt=\"2021.05.12 Gasaustritt (1)\" \/><\/a><\/div><div class=\"su-carousel-slide\"><a href=\"https:\/\/feuerwehr-simbach.de\/wp-content\/uploads\/2021\/05\/Gasaustritt-12.05.2021-2-e1620836703402.jpg\" title=\"2021.05.12 Gasaustritt (2)\"><img decoding=\"async\" src=\"https:\/\/feuerwehr-simbach.de\/wp-content\/uploads\/2021\/05\/Gasaustritt-12.05.2021-2-e1620836703402.jpg\" alt=\"2021.05.12 Gasaustritt (2)\" \/><\/a><\/div><div class=\"su-carousel-slide\"><a href=\"https:\/\/feuerwehr-simbach.de\/wp-content\/uploads\/2021\/05\/Gasaustritt-12.05.2021-3-e1620836713756.jpg\" title=\"2021.05.12 Gasaustritt (3)\"><img decoding=\"async\" src=\"https:\/\/feuerwehr-simbach.de\/wp-content\/uploads\/2021\/05\/Gasaustritt-12.05.2021-3-e1620836713756.jpg\" alt=\"2021.05.12 Gasaustritt (3)\" \/><\/a><\/div><div class=\"su-carousel-slide\"><a href=\"https:\/\/feuerwehr-simbach.de\/wp-content\/uploads\/2021\/05\/Gasaustritt-12.05.2021-4-e1620836724746.jpg\" title=\"2021.05.12 Gasaustritt (4)\"><img decoding=\"async\" src=\"https:\/\/feuerwehr-simbach.de\/wp-content\/uploads\/2021\/05\/Gasaustritt-12.05.2021-4-e1620836724746.jpg\" alt=\"2021.05.12 Gasaustritt (4)\" \/><\/a><\/div><div class=\"su-carousel-slide\"><a href=\"https:\/\/feuerwehr-simbach.de\/wp-content\/uploads\/2021\/05\/Gasaustritt-12.05.2021-5-e1620836734525.jpg\" title=\"2021.05.12 Gasaustritt (5)\"><img decoding=\"async\" src=\"https:\/\/feuerwehr-simbach.de\/wp-content\/uploads\/2021\/05\/Gasaustritt-12.05.2021-5-e1620836734525.jpg\" alt=\"2021.05.12 Gasaustritt (5)\" \/><\/a><\/div><div class=\"su-carousel-slide\"><a href=\"https:\/\/feuerwehr-simbach.de\/wp-content\/uploads\/2021\/05\/Gasaustritt-12.05.21-10-e1620850760775.jpg\" title=\"2021.05.12 Gasaustritt (6)\"><img decoding=\"async\" src=\"https:\/\/feuerwehr-simbach.de\/wp-content\/uploads\/2021\/05\/Gasaustritt-12.05.21-10-e1620850760775.jpg\" alt=\"2021.05.12 Gasaustritt (6)\" \/><\/a><\/div><div class=\"su-carousel-slide\"><a href=\"https:\/\/feuerwehr-simbach.de\/wp-content\/uploads\/2021\/05\/Gasaustritt-12.05.2021-6-e1620836744545.jpg\" title=\"2021.05.12 Gasaustritt (7)\"><img decoding=\"async\" src=\"https:\/\/feuerwehr-simbach.de\/wp-content\/uploads\/2021\/05\/Gasaustritt-12.05.2021-6-e1620836744545.jpg\" alt=\"2021.05.12 Gasaustritt (7)\" \/><\/a><\/div><div class=\"su-carousel-slide\"><a href=\"https:\/\/feuerwehr-simbach.de\/wp-content\/uploads\/2021\/05\/Gasaustritt-12.05.2021-8-e1620836763257.jpg\" title=\"2021.05.12 Gasaustritt (8)\"><img decoding=\"async\" src=\"https:\/\/feuerwehr-simbach.de\/wp-content\/uploads\/2021\/05\/Gasaustritt-12.05.2021-8-e1620836763257.jpg\" alt=\"2021.05.12 Gasaustritt (8)\" \/><\/a><\/div><div class=\"su-carousel-slide\"><a href=\"https:\/\/feuerwehr-simbach.de\/wp-content\/uploads\/2021\/05\/Gasaustritt-12.05.2021-7-e1620836753888.jpg\" title=\"2021.05.12 Gasaustritt (9)\"><img decoding=\"async\" src=\"https:\/\/feuerwehr-simbach.de\/wp-content\/uploads\/2021\/05\/Gasaustritt-12.05.2021-7-e1620836753888.jpg\" alt=\"2021.05.12 Gasaustritt (9)\" \/><\/a><\/div><div class=\"su-carousel-slide\"><a href=\"https:\/\/feuerwehr-simbach.de\/wp-content\/uploads\/2021\/05\/Gasaustritt-12.05.21-11-e1620850770745.jpg\" title=\"2021.05.12 Gasaustritt (10)\"><img decoding=\"async\" src=\"https:\/\/feuerwehr-simbach.de\/wp-content\/uploads\/2021\/05\/Gasaustritt-12.05.21-11-e1620850770745.jpg\" alt=\"2021.05.12 Gasaustritt (10)\" \/><\/a><\/div><div class=\"su-carousel-slide\"><a href=\"https:\/\/feuerwehr-simbach.de\/wp-content\/uploads\/2021\/05\/Gasaustritt-12.05.21-12-e1620850780956.jpg\" title=\"2021.05.12 Gasaustritt (11)\"><img decoding=\"async\" src=\"https:\/\/feuerwehr-simbach.de\/wp-content\/uploads\/2021\/05\/Gasaustritt-12.05.21-12-e1620850780956.jpg\" alt=\"2021.05.12 Gasaustritt (11)\" \/><\/a><\/div><div class=\"su-carousel-slide\"><a href=\"https:\/\/feuerwehr-simbach.de\/wp-content\/uploads\/2021\/05\/Gasaustritt-12.05.2021-9-e1620836772953.jpg\" title=\"2021.05.12 Gasaustritt (12)\"><img decoding=\"async\" src=\"https:\/\/feuerwehr-simbach.de\/wp-content\/uploads\/2021\/05\/Gasaustritt-12.05.2021-9-e1620836772953.jpg\" alt=\"2021.05.12 Gasaustritt (12)\" \/><\/a><\/div><div class=\"su-carousel-slide\"><a href=\"https:\/\/feuerwehr-simbach.de\/wp-content\/uploads\/2021\/05\/Gasaustritt-12.05.21-13-e1620850789593.jpg\" title=\"2021.05.12 Gasaustritt (13)\"><img decoding=\"async\" src=\"https:\/\/feuerwehr-simbach.de\/wp-content\/uploads\/2021\/05\/Gasaustritt-12.05.21-13-e1620850789593.jpg\" alt=\"2021.05.12 Gasaustritt (13)\" \/><\/a><\/div><\/div><div class=\"su-carousel-nav\"><div class=\"su-carousel-direction\"><span class=\"su-carousel-prev\"><\/span><span class=\"su-carousel-next\"><\/span><\/div><div class=\"su-carousel-pagination\"><\/div><\/div><\/div>\n<\/div>","protected":false},"author":11,"featured_media":14365,"template":"","meta":{"einsatz_weight":1,"footnotes":""},"categories":[162],"tags":[],"einsatzart":[],"fahrzeug":[],"exteinsatzmittel":[],"alarmierungsart":[],"evw_unit":[],"class_list":["post-14331","einsatz","type-einsatz","status-publish","has-post-thumbnail","hentry","category-einsaetze-2021"],"_links":{"self":[{"href":"https:\/\/feuerwehr-simbach.de\/index.php?rest_route=\/wp\/v2\/einsatz\/14331","targetHints":{"allow":["GET"]}}],"collection":[{"href":"https:\/\/feuerwehr-simbach.de\/index.php?rest_route=\/wp\/v2\/einsatz"}],"about":[{"href":"https:\/\/feuerwehr-simbach.de\/index.php?rest_route=\/wp\/v2\/types\/einsatz"}],"author":[{"embeddable":true,"href":"https:\/\/feuerwehr-simbach.de\/index.php?rest_route=\/wp\/v2\/users\/11"}],"version-history":[{"count":9,"href":"https:\/\/feuerwehr-simbach.de\/index.php?rest_route=\/wp\/v2\/einsatz\/14331\/revisions"}],"predecessor-version":[{"id":21021,"href":"https:\/\/feuerwehr-simbach.de\/index.php?rest_route=\/wp\/v2\/einsatz\/14331\/revisions\/21021"}],"wp:featuredmedia":[{"embeddable":true,"href":"https:\/\/feuerwehr-simbach.de\/index.php?rest_route=\/wp\/v2\/media\/14365"}],"wp:attachment":[{"href":"https:\/\/feuerwehr-simbach.de\/index.php?rest_route=%2Fwp%2Fv2%2Fmedia&parent=14331"}],"wp:term":[{"taxonomy":"category","embeddable":true,"href":"https:\/\/feuerwehr-simbach.de\/index.php?rest_route=%2Fwp%2Fv2%2Fcategories&post=14331"},{"taxonomy":"post_tag","embeddable":true,"href":"https:\/\/feuerwehr-simbach.de\/index.php?rest_route=%2Fwp%2Fv2%2Ftags&post=14331"},{"taxonomy":"einsatzart","embeddable":true,"href":"https:\/\/feuerwehr-simbach.de\/index.php?rest_route=%2Fwp%2Fv2%2Feinsatzart&post=14331"},{"taxonomy":"fahrzeug","embeddable":true,"href":"https:\/\/feuerwehr-simbach.de\/index.php?rest_route=%2Fwp%2Fv2%2Ffahrzeug&post=14331"},{"taxonomy":"exteinsatzmittel","embeddable":true,"href":"https:\/\/feuerwehr-simbach.de\/index.php?rest_route=%2Fwp%2Fv2%2Fexteinsatzmittel&post=14331"},{"taxonomy":"alarmierungsart","embeddable":true,"href":"https:\/\/feuerwehr-simbach.de\/index.php?rest_route=%2Fwp%2Fv2%2Falarmierungsart&post=14331"},{"taxonomy":"evw_unit","embeddable":true,"href":"https:\/\/feuerwehr-simbach.de\/index.php?rest_route=%2Fwp%2Fv2%2Fevw_unit&post=14331"}],"curies":[{"name":"wp","href":"https:\/\/api.w.org\/{rel}","templated":true}]}}