{"id":14520,"date":"2021-06-17T20:57:00","date_gmt":"2021-06-17T18:57:00","guid":{"rendered":"https:\/\/feuerwehr-simbach.de\/?post_type=einsatz&#038;p=14520"},"modified":"2026-01-25T15:45:50","modified_gmt":"2026-01-25T14:45:50","slug":"17-06-2021-brand-gewerbe-industrie-schreinerei-saegewerk","status":"publish","type":"einsatz","link":"https:\/\/feuerwehr-simbach.de\/?einsatz=17-06-2021-brand-gewerbe-industrie-schreinerei-saegewerk","title":{"rendered":"17.06.2021 &#8211; Brand Palettenwerk: Anforderung \u00d6lwehrzug"},"content":{"rendered":"<div class=\"wpb-content-wrapper\">[vc_row][vc_column][vc_empty_space height=&#8220;1&#8243;][\/vc_column][\/vc_row][vc_row equal_height=&#8220;yes&#8220; inverse=&#8220;&#8220; css=&#8220;.vc_custom_1545579889091{padding-bottom: 25px !important;background-color: #edf2ef !important;}&#8220;][vc_column width=&#8220;1\/4&#8243;][vc_column_text]\n<p><strong>Einsatzart:<\/strong><\/p>\n[\/vc_column_text][\/vc_column][vc_column width=&#8220;3\/4&#8243;][vc_column_text]Braneinsatz \/ ABC[\/vc_column_text][\/vc_column][\/vc_row][vc_row equal_height=&#8220;yes&#8220; inverse=&#8220;&#8220; css=&#8220;.vc_custom_1545579201718{padding-bottom: 25px !important;}&#8220;][vc_column width=&#8220;1\/4&#8243;][vc_column_text]\n<p><strong>Schlagwort:<\/strong><\/p>\n[\/vc_column_text][\/vc_column][vc_column width=&#8220;3\/4&#8243;][vc_column_text]B 4[\/vc_column_text][\/vc_column][\/vc_row][vc_row equal_height=&#8220;yes&#8220; inverse=&#8220;&#8220; css=&#8220;.vc_custom_1545579190843{padding-bottom: 25px !important;background-color: #edf2ef !important;}&#8220;][vc_column width=&#8220;1\/4&#8243;][vc_column_text]\n<p><strong>Stichwort:<\/strong><\/p>\n[\/vc_column_text][\/vc_column][vc_column width=&#8220;3\/4&#8243;][vc_column_text]Brand Palettenwerk: Anforderung \u00d6lwehrzug[\/vc_column_text][\/vc_column][\/vc_row][vc_row equal_height=&#8220;yes&#8220; inverse=&#8220;&#8220; css=&#8220;.vc_custom_1545579201718{padding-bottom: 25px !important;}&#8220;][vc_column width=&#8220;1\/4&#8243;][vc_column_text]\n<p><strong>Einsatzort:<\/strong><\/p>\n[\/vc_column_text][\/vc_column][vc_column width=&#8220;3\/4&#8243;][vc_column_text]Johanniskirchen, M\u00f6dlsbach[\/vc_column_text][\/vc_column][\/vc_row][vc_row equal_height=&#8220;yes&#8220; inverse=&#8220;&#8220; css=&#8220;.vc_custom_1545579210044{padding-bottom: 25px !important;background-color: #edf2ef !important;}&#8220;][vc_column width=&#8220;1\/4&#8243;][vc_column_text]\n<p><strong>Datum:<\/strong><\/p>\n[\/vc_column_text][\/vc_column][vc_column width=&#8220;3\/4&#8243;][vc_column_text]Donnerstag, 17. Juni 2021[\/vc_column_text][\/vc_column][\/vc_row][vc_row equal_height=&#8220;yes&#8220; inverse=&#8220;&#8220; css=&#8220;.vc_custom_1545579217081{padding-bottom: 25px !important;}&#8220;][vc_column width=&#8220;1\/4&#8243;][vc_column_text]\n<p><strong>Alarmierung (Schleife):<\/strong><\/p>\n[\/vc_column_text][\/vc_column][vc_column width=&#8220;3\/4&#8243;][vc_column_text]Vollalarm[\/vc_column_text][\/vc_column][\/vc_row][vc_row equal_height=&#8220;yes&#8220; inverse=&#8220;&#8220; css=&#8220;.vc_custom_1545579225595{padding-bottom: 25px !important;background-color: #edf2ef !important;}&#8220;][vc_column width=&#8220;1\/4&#8243;][vc_column_text]\n<p><strong>E<\/strong><strong>ingesetzte<\/strong><strong> Kr\u00e4fte:<\/strong><\/p>\n[\/vc_column_text][\/vc_column][vc_column width=&#8220;3\/4&#8243;][vc_column_text]FF Simbach a. Inn, FF M\u00f6dlsbach, FF Emmersdorf, FF Laimbach, FF Unterbubach, FF Baumgarten, FF Uttigkofen (PA), FF Untergrafendorf, FF Thanndorf, FF Triftern, FF P\u00f6rndorf (PA), FF Haidenburg (PA), FF Arnstorf, FF Dietersburg, FF Johanniskirchen, FF Eggenfelden, FF Peterskirchen\/Dietersburg, FF Schmiedorf, FF Pfarrkirchen, FF Ro\u00dfbach, FF Tann, FF Kirchdorf a, Inn, KBR Lippeck, KBI 3, KBM 1\/3, KBM 3\/1, KBM 5\/1, KBM 5\/4, Rettungsdienst, Einsatzleiter Rettungsdienst, Polizei[\/vc_column_text][\/vc_column][\/vc_row][vc_row][vc_column][vc_empty_space height=&#8220;30&#8243;][\/vc_column][\/vc_row][vc_row][vc_column][vc_separator border_width=&#8220;4&#8243;][\/vc_column][\/vc_row][vc_row][vc_column][vc_empty_space height=&#8220;30&#8243;][\/vc_column][\/vc_row][vc_row equal_height=&#8220;yes&#8220; inverse=&#8220;&#8220; css=&#8220;.vc_custom_1534176358862{padding-bottom: 25px !important;}&#8220;][vc_column width=&#8220;1\/4&#8243;][vc_column_text]\n<p><strong>Einsatzbericht:<\/strong><\/p>\n[\/vc_column_text][\/vc_column][vc_column width=&#8220;3\/4&#8243;][vc_column_text]Am Donnerstag gegen 17.00 Uhr kam es in einem holzverarbeitenden Betrieb in Johanniskirchen zum Brand einer Lagerhalle. Daraufhin wurde durch die ILS Passau f\u00fcr zahlreiche Feuerwehren in und um Johanniskirchen Alarm nach dem Stichwort \u201eB4 &#8211; Brand Gewerbe\u201c ausgel\u00f6st. Das Feuer griff innerhalb k\u00fcrzester Zeit auf weitere Hallen \u00fcber und entwickelte sich so zu einem Gro\u00dfbrand. Die eingesetzten Feuerwehren mussten einen massiven L\u00f6schangriff starten, um ein \u00dcbergreifen auf das Wohngeb\u00e4ude zu verhindern.<br \/>\nIm weiteren Einsatzverlauf stellte sich heraus, dass eine gro\u00dfe Menge an Heiz\u00f6l aus einem Tank in einer der brennenden Hallen in einen nahegelegenen Bach gelangte. Daraufhin erfolgte gegen 20.30 Uhr ein Nachalarm f\u00fcr den bei uns stationierten \u00d6lwehrzug. Gemeinsam mit der Feuerwehr Tann, die f\u00fcr unseren Abschnitt \u00d6lwehr die F\u00fchrungsunterst\u00fctzung stellte, und der Feuerwehr Kirchdorf, die mit ihrem V-LKW zus\u00e4tzliches Material transportierte, machten wir uns auf den Weg zum Brandobjekt in M\u00f6dlsbach. An der Einsatzstelle konnten wir das Heiz\u00f6l und den ebenfalls in den Bach geratenen L\u00f6schschaum mithilfe von unseren Spezialger\u00e4ten aus dem Bach holen und so einen gr\u00f6\u00dferen Umweltschaden verhindern. Zus\u00e4tzlich wurden noch \u00d6lschl\u00e4ngel in den Bach gelegt, die die restlichen Mengen an Heiz\u00f6l auffangen sollten. Mehr als vier Stunden nach dem Alarm war die Arbeit erledigt und wir konnten gegen 01.00 Uhr nachts die R\u00fcckfahrt nach Simbach antreten. Die Ortswehren von Johanniskirchen waren noch die ganze Nacht mit Nachl\u00f6scharbeiten besch\u00e4ftigt.[\/vc_column_text][\/vc_column][\/vc_row][vc_row][vc_column][vc_column_text]\n<p>&nbsp;<\/p>\n<p>&nbsp;<\/p>\n<div id=\"su_carousel_69f0924fa205a\" class=\"su-carousel su-carousel-centered su-carousel-pages-no su-carousel-responsive-yes JLqJ4b ChMk0b su-lightbox-gallery\" style=\"width:100%\" data-autoplay=\"3000\" data-speed=\"2000\" data-mousewheel=\"true\" data-items=\"3\" data-scroll=\"1\"><div class=\"su-carousel-slides\"><div class=\"su-carousel-slide\"><a href=\"https:\/\/feuerwehr-simbach.de\/wp-content\/uploads\/2021\/06\/Brand-Palettenwerk-17.06.2021-1-e1624005895351.jpg\" title=\"2021.06.17 Brand Palettenwerk (1)\"><img decoding=\"async\" src=\"https:\/\/feuerwehr-simbach.de\/wp-content\/uploads\/2021\/06\/Brand-Palettenwerk-17.06.2021-1-e1624005895351.jpg\" alt=\"2021.06.17 Brand Palettenwerk (1)\" \/><\/a><\/div><div class=\"su-carousel-slide\"><a href=\"https:\/\/feuerwehr-simbach.de\/wp-content\/uploads\/2021\/06\/Brand-Palettenwerk-17.06.2021-2-e1624005904534.jpg\" title=\"2021.06.17 Brand Palettenwerk (2)\"><img decoding=\"async\" src=\"https:\/\/feuerwehr-simbach.de\/wp-content\/uploads\/2021\/06\/Brand-Palettenwerk-17.06.2021-2-e1624005904534.jpg\" alt=\"2021.06.17 Brand Palettenwerk (2)\" \/><\/a><\/div><div class=\"su-carousel-slide\"><a href=\"https:\/\/feuerwehr-simbach.de\/wp-content\/uploads\/2021\/06\/Brand-Palettenwerk-17.06.2021-3-e1624005912333.jpg\" title=\"2021.06.17 Brand Palettenwerk  (3)\"><img decoding=\"async\" src=\"https:\/\/feuerwehr-simbach.de\/wp-content\/uploads\/2021\/06\/Brand-Palettenwerk-17.06.2021-3-e1624005912333.jpg\" alt=\"2021.06.17 Brand Palettenwerk  (3)\" \/><\/a><\/div><div class=\"su-carousel-slide\"><a href=\"https:\/\/feuerwehr-simbach.de\/wp-content\/uploads\/2021\/06\/Brand-Palettenwerk-17.06.2021-4-e1624005922929.jpg\" title=\"2021.06.17 Brand Palettenwerk (4)\"><img decoding=\"async\" src=\"https:\/\/feuerwehr-simbach.de\/wp-content\/uploads\/2021\/06\/Brand-Palettenwerk-17.06.2021-4-e1624005922929.jpg\" alt=\"2021.06.17 Brand Palettenwerk (4)\" \/><\/a><\/div><div class=\"su-carousel-slide\"><a href=\"https:\/\/feuerwehr-simbach.de\/wp-content\/uploads\/2021\/06\/Brand-Palettenwerk-17.06.2021-5-e1624005930707.jpg\" title=\"2021.06.17 Brand Palettenwerk (5)\"><img decoding=\"async\" src=\"https:\/\/feuerwehr-simbach.de\/wp-content\/uploads\/2021\/06\/Brand-Palettenwerk-17.06.2021-5-e1624005930707.jpg\" alt=\"2021.06.17 Brand Palettenwerk (5)\" \/><\/a><\/div><div class=\"su-carousel-slide\"><a href=\"https:\/\/feuerwehr-simbach.de\/wp-content\/uploads\/2021\/06\/Brand-Palettenwerk-17.06.2021-6-e1624005941517.jpg\" title=\"2021.06.17 Brand Palettenwerk (6)\"><img decoding=\"async\" src=\"https:\/\/feuerwehr-simbach.de\/wp-content\/uploads\/2021\/06\/Brand-Palettenwerk-17.06.2021-6-e1624005941517.jpg\" alt=\"2021.06.17 Brand Palettenwerk (6)\" \/><\/a><\/div><div class=\"su-carousel-slide\"><a href=\"https:\/\/feuerwehr-simbach.de\/wp-content\/uploads\/2021\/06\/Brand-Palettenwerk-17.06.2021-7-e1624005951544.jpg\" title=\"2021.06.17 Brand Palettenwerk (7)\"><img decoding=\"async\" src=\"https:\/\/feuerwehr-simbach.de\/wp-content\/uploads\/2021\/06\/Brand-Palettenwerk-17.06.2021-7-e1624005951544.jpg\" alt=\"2021.06.17 Brand Palettenwerk (7)\" \/><\/a><\/div><div class=\"su-carousel-slide\"><a href=\"https:\/\/feuerwehr-simbach.de\/wp-content\/uploads\/2021\/06\/Brand-Palettenwerk-17.06.2021-8-e1624005962132.jpg\" title=\"2021.06.17 Brand Palettenwerk (8)\"><img decoding=\"async\" src=\"https:\/\/feuerwehr-simbach.de\/wp-content\/uploads\/2021\/06\/Brand-Palettenwerk-17.06.2021-8-e1624005962132.jpg\" alt=\"2021.06.17 Brand Palettenwerk (8)\" \/><\/a><\/div><div class=\"su-carousel-slide\"><a href=\"https:\/\/feuerwehr-simbach.de\/wp-content\/uploads\/2021\/06\/Brand-Palettenwerk-17.06.2021-9-e1624005975463.jpg\" title=\"2021.06.17 Brand Palettenwerk (9)\"><img decoding=\"async\" src=\"https:\/\/feuerwehr-simbach.de\/wp-content\/uploads\/2021\/06\/Brand-Palettenwerk-17.06.2021-9-e1624005975463.jpg\" alt=\"2021.06.17 Brand Palettenwerk (9)\" \/><\/a><\/div><div class=\"su-carousel-slide\"><a href=\"https:\/\/feuerwehr-simbach.de\/wp-content\/uploads\/2021\/06\/Brand-Palettenwerk-17.06.2021-10-e1624005985120.jpg\" title=\"2021.06.17 Brand Palettenwerk (10)\"><img decoding=\"async\" src=\"https:\/\/feuerwehr-simbach.de\/wp-content\/uploads\/2021\/06\/Brand-Palettenwerk-17.06.2021-10-e1624005985120.jpg\" alt=\"2021.06.17 Brand Palettenwerk (10)\" \/><\/a><\/div><div class=\"su-carousel-slide\"><a href=\"https:\/\/feuerwehr-simbach.de\/wp-content\/uploads\/2021\/06\/Brand-Palettenwerk-17.06.2021-11-e1624005994266.jpg\" title=\"2021.06.17 Brand Palettenwerk (11)\"><img decoding=\"async\" src=\"https:\/\/feuerwehr-simbach.de\/wp-content\/uploads\/2021\/06\/Brand-Palettenwerk-17.06.2021-11-e1624005994266.jpg\" alt=\"2021.06.17 Brand Palettenwerk (11)\" \/><\/a><\/div><div class=\"su-carousel-slide\"><a href=\"https:\/\/feuerwehr-simbach.de\/wp-content\/uploads\/2021\/06\/Brand-Palettenwerk-17.06.2021-12-e1624006003821.jpg\" title=\"2021.06.17 Brand Palettenwerk (12)\"><img decoding=\"async\" src=\"https:\/\/feuerwehr-simbach.de\/wp-content\/uploads\/2021\/06\/Brand-Palettenwerk-17.06.2021-12-e1624006003821.jpg\" alt=\"2021.06.17 Brand Palettenwerk (12)\" \/><\/a><\/div><div class=\"su-carousel-slide\"><a href=\"https:\/\/feuerwehr-simbach.de\/wp-content\/uploads\/2021\/06\/Brand-Palettenwerk-17.06.2021-13-e1624006014190.jpg\" title=\"2021.06.17 Brand Palettenwerk (13)\"><img decoding=\"async\" src=\"https:\/\/feuerwehr-simbach.de\/wp-content\/uploads\/2021\/06\/Brand-Palettenwerk-17.06.2021-13-e1624006014190.jpg\" alt=\"2021.06.17 Brand Palettenwerk (13)\" \/><\/a><\/div><\/div><div class=\"su-carousel-nav\"><div class=\"su-carousel-direction\"><span class=\"su-carousel-prev\"><\/span><span class=\"su-carousel-next\"><\/span><\/div><div class=\"su-carousel-pagination\"><\/div><\/div><\/div>\n<\/div>","protected":false},"author":11,"featured_media":14534,"template":"","meta":{"einsatz_weight":1,"footnotes":""},"categories":[162],"tags":[],"einsatzart":[],"fahrzeug":[],"exteinsatzmittel":[],"alarmierungsart":[],"evw_unit":[],"class_list":["post-14520","einsatz","type-einsatz","status-publish","has-post-thumbnail","hentry","category-einsaetze-2021"],"_links":{"self":[{"href":"https:\/\/feuerwehr-simbach.de\/index.php?rest_route=\/wp\/v2\/einsatz\/14520","targetHints":{"allow":["GET"]}}],"collection":[{"href":"https:\/\/feuerwehr-simbach.de\/index.php?rest_route=\/wp\/v2\/einsatz"}],"about":[{"href":"https:\/\/feuerwehr-simbach.de\/index.php?rest_route=\/wp\/v2\/types\/einsatz"}],"author":[{"embeddable":true,"href":"https:\/\/feuerwehr-simbach.de\/index.php?rest_route=\/wp\/v2\/users\/11"}],"version-history":[{"count":5,"href":"https:\/\/feuerwehr-simbach.de\/index.php?rest_route=\/wp\/v2\/einsatz\/14520\/revisions"}],"predecessor-version":[{"id":24565,"href":"https:\/\/feuerwehr-simbach.de\/index.php?rest_route=\/wp\/v2\/einsatz\/14520\/revisions\/24565"}],"wp:featuredmedia":[{"embeddable":true,"href":"https:\/\/feuerwehr-simbach.de\/index.php?rest_route=\/wp\/v2\/media\/14534"}],"wp:attachment":[{"href":"https:\/\/feuerwehr-simbach.de\/index.php?rest_route=%2Fwp%2Fv2%2Fmedia&parent=14520"}],"wp:term":[{"taxonomy":"category","embeddable":true,"href":"https:\/\/feuerwehr-simbach.de\/index.php?rest_route=%2Fwp%2Fv2%2Fcategories&post=14520"},{"taxonomy":"post_tag","embeddable":true,"href":"https:\/\/feuerwehr-simbach.de\/index.php?rest_route=%2Fwp%2Fv2%2Ftags&post=14520"},{"taxonomy":"einsatzart","embeddable":true,"href":"https:\/\/feuerwehr-simbach.de\/index.php?rest_route=%2Fwp%2Fv2%2Feinsatzart&post=14520"},{"taxonomy":"fahrzeug","embeddable":true,"href":"https:\/\/feuerwehr-simbach.de\/index.php?rest_route=%2Fwp%2Fv2%2Ffahrzeug&post=14520"},{"taxonomy":"exteinsatzmittel","embeddable":true,"href":"https:\/\/feuerwehr-simbach.de\/index.php?rest_route=%2Fwp%2Fv2%2Fexteinsatzmittel&post=14520"},{"taxonomy":"alarmierungsart","embeddable":true,"href":"https:\/\/feuerwehr-simbach.de\/index.php?rest_route=%2Fwp%2Fv2%2Falarmierungsart&post=14520"},{"taxonomy":"evw_unit","embeddable":true,"href":"https:\/\/feuerwehr-simbach.de\/index.php?rest_route=%2Fwp%2Fv2%2Fevw_unit&post=14520"}],"curies":[{"name":"wp","href":"https:\/\/api.w.org\/{rel}","templated":true}]}}