{"id":14851,"date":"2021-07-25T12:01:00","date_gmt":"2021-07-25T10:01:00","guid":{"rendered":"https:\/\/feuerwehr-simbach.de\/?post_type=einsatz&#038;p=14851"},"modified":"2025-02-23T15:59:30","modified_gmt":"2025-02-23T13:59:30","slug":"25-07-2021-hilfeleistungskontigent","status":"publish","type":"einsatz","link":"https:\/\/feuerwehr-simbach.de\/?einsatz=25-07-2021-hilfeleistungskontigent","title":{"rendered":"25.07.2021 &#8211; Hochwassereinsatz"},"content":{"rendered":"<div class=\"wpb-content-wrapper\">[vc_row][vc_column][vc_empty_space height=&#8220;1&#8243;][\/vc_column][\/vc_row][vc_row equal_height=&#8220;yes&#8220; inverse=&#8220;&#8220; css=&#8220;.vc_custom_1545579889091{padding-bottom: 25px !important;background-color: #edf2ef !important;}&#8220;][vc_column width=&#8220;1\/4&#8243;][vc_column_text]\n<p><strong>Einsatzart:<\/strong><\/p>\n[\/vc_column_text][\/vc_column][vc_column width=&#8220;3\/4&#8243;][vc_column_text]Technische Hilfeleistung[\/vc_column_text][\/vc_column][\/vc_row][vc_row equal_height=&#8220;yes&#8220; inverse=&#8220;&#8220; css=&#8220;.vc_custom_1545579201718{padding-bottom: 25px !important;}&#8220;][vc_column width=&#8220;1\/4&#8243;][vc_column_text]\n<p><strong>Schlagwort:<\/strong><\/p>\n[\/vc_column_text][\/vc_column][vc_column width=&#8220;3\/4&#8243;][vc_column_text]Hochwassereinsatz[\/vc_column_text][\/vc_column][\/vc_row][vc_row equal_height=&#8220;yes&#8220; inverse=&#8220;&#8220; css=&#8220;.vc_custom_1545579190843{padding-bottom: 25px !important;background-color: #edf2ef !important;}&#8220;][vc_column width=&#8220;1\/4&#8243;][vc_column_text]\n<p><strong>Stichwort:<\/strong><\/p>\n[\/vc_column_text][\/vc_column][vc_column width=&#8220;3\/4&#8243;][vc_column_text]SON Hilfe\/Sonstiges FW[\/vc_column_text][\/vc_column][\/vc_row][vc_row equal_height=&#8220;yes&#8220; inverse=&#8220;&#8220; css=&#8220;.vc_custom_1545579201718{padding-bottom: 25px !important;}&#8220;][vc_column width=&#8220;1\/4&#8243;][vc_column_text]\n<p><strong>Einsatzort:<\/strong><\/p>\n[\/vc_column_text][\/vc_column][vc_column width=&#8220;3\/4&#8243;][vc_column_text]Landkreis Ahrweiler (Rheinland-Pfalz)[\/vc_column_text][\/vc_column][\/vc_row][vc_row equal_height=&#8220;yes&#8220; inverse=&#8220;&#8220; css=&#8220;.vc_custom_1545579210044{padding-bottom: 25px !important;background-color: #edf2ef !important;}&#8220;][vc_column width=&#8220;1\/4&#8243;][vc_column_text]\n<p><strong>Datum:<\/strong><\/p>\n[\/vc_column_text][\/vc_column][vc_column width=&#8220;3\/4&#8243;][vc_column_text]Sonntag, 25. Juli 2021 \u2013 Mittwoch, 28. Juli 2021[\/vc_column_text][\/vc_column][\/vc_row][vc_row equal_height=&#8220;yes&#8220; inverse=&#8220;&#8220; css=&#8220;.vc_custom_1545579217081{padding-bottom: 25px !important;}&#8220;][vc_column width=&#8220;1\/4&#8243;][vc_column_text]\n<p><strong>Alarmierung (Schleife):<\/strong><\/p>\n[\/vc_column_text][\/vc_column][vc_column width=&#8220;3\/4&#8243;][vc_column_text]Telefon[\/vc_column_text][\/vc_column][\/vc_row][vc_row equal_height=&#8220;yes&#8220; inverse=&#8220;&#8220; css=&#8220;.vc_custom_1545579225595{padding-bottom: 25px !important;background-color: #edf2ef !important;}&#8220;][vc_column width=&#8220;1\/4&#8243;][vc_column_text]\n<p><strong>E<\/strong><strong>ingesetzte<\/strong><strong> Kr\u00e4fte:<\/strong><\/p>\n[\/vc_column_text][\/vc_column][vc_column width=&#8220;3\/4&#8243;][vc_column_text]FF Simbach a. Inn, FF Altersham, FF Anzenkirchen, FF Arnstorf, FF Bad Birnbach, FF Eggenfelden, FF Falkenberg, FF Hebertsfelden, FF Hofmark Gern, FF Johanniskirchen, FF Kirchdorf a. Inn, FF Massing, FF Mitterskirchen, FF N\u00f6ham, FF Pfarrkirchen, FF Reichenberg, FF Schmiedorf, FF Staudach, FF Tannenbach, FF Triftern, FF Wolfsegg, KBR 1, KBM 5\/1, KBM 1\/3[\/vc_column_text][\/vc_column][\/vc_row][vc_row][vc_column][vc_empty_space height=&#8220;30&#8243;][\/vc_column][\/vc_row][vc_row][vc_column][vc_separator border_width=&#8220;4&#8243;][\/vc_column][\/vc_row][vc_row][vc_column][vc_empty_space height=&#8220;30&#8243;][\/vc_column][\/vc_row][vc_row equal_height=&#8220;yes&#8220; inverse=&#8220;&#8220; css=&#8220;.vc_custom_1534176358862{padding-bottom: 25px !important;}&#8220;][vc_column width=&#8220;1\/4&#8243;][vc_column_text]\n<p><strong>Einsatzbericht:<\/strong><\/p>\n[\/vc_column_text][\/vc_column][vc_column width=&#8220;3\/4&#8243;][vc_column_text]Schuld, Ahrweiler, Erftstadt, Eschweiler, Altenahr. Diese Orte in den Bundesl\u00e4ndern Rheinland-Pfalz und Nordrhein-Westfalen sind seit dem katastrophalen Hochwasser vom 14. Juli fast jedem bekannt. Weggerissene H\u00e4user, zerst\u00f6rte Br\u00fccken, mehr als 100 Todesopfer und eine v\u00f6llig zerst\u00f6rte Infrastruktur waren die Folgen dieser Katastrophe. Zur Beseitigung der Sch\u00e4den und zur Suche nach Vermissten waren und sind immer noch tausende Einsatzkr\u00e4fte in den betroffenen Gebieten vor Ort.<br \/>\nZur Unterst\u00fctzung dieser Einsatzkr\u00e4fte wurden am 20. Juli drei Hilfeleistungskontingente aus Ober- und Unterfranken ins Katastrophengebiet nach Rheinland-Pfalz entsandt. Am vergangenen Freitag ging \u00fcber das bayerische Innenministerium im Landratsamt die Anforderung f\u00fcr ein Hilfeleistungskontingents ein, um die bayerischen Kontingente abzul\u00f6sen. Daraufhin wurde von der Kreisbrandinspektion Rottal-Inn ein den Anforderungen entsprechendes Kontingent zusammengestellt. Dieses besteht aus 25 Fahrzeugen von 21 Feuerwehren und vier Fahrzeugen des BRK Rottal-Inn, welches sich um die Verpflegung der Einsatzkr\u00e4fte k\u00fcmmert und f\u00fcr etwaige Notf\u00e4lle zur Verf\u00fcgung steht. Von uns wurden das TLF 20\/40 SL und das WLF angefordert.<br \/>\nKreisbrandrat Ren\u00e9 Lippeck und Kreisbrandmeister Stefan Niedermeier machten sich noch am Freitag auf den Weg ins Katastrophengebiet, um die Region zu erkunden und Gespr\u00e4che mit den Verantwortlichen zu f\u00fchren, wo genau die Hilfe ben\u00f6tigt wird.<br \/>\nNachdem sich am Sonntag gegen 4.00 Uhr morgens alle Fahrzeuge am P+R Parkplatz in Pfarrkirchen gesammelt haben, wurde das Kontingent zusammen mit Kontingenten aus den Landkreisen Cham und Neustadt an der Waldnaab mit der Stadt Weiden nach Rheinland-Pfalz verlegt. Nach 12 Stunden Fahrt im Konvoi erreichten wir die Unterkunft am ehemaligen Flugplatz Mendig. Hier wurde zuerst das Quartier bezogen, bevor wir die Nachtruhe antreten und Kraft f\u00fcr die kommenden Tage sch\u00f6pfen konnten.<br \/>\nAm Montag und Dienstag waren wir jeweils im Schadensgebiet im Landkreis Ahrweiler t\u00e4tig. Unser WLF war zusammen mit den Wechselladerfahrzeugen aus Pfarrkirchen und Eggenfelden damit besch\u00e4ftigt, mit ihren Mulden die enormen Mengen an Schutt und M\u00fcll aus den betroffenen Gebieten zu transportieren. Unser Tankl\u00f6schfahrzeug wurde am zerst\u00f6rten Feuerwehrhaus in Bad Neuenahr-Ahrweiler stationiert, um den Brandschutz f\u00fcr diesen Ort sicherzustellen.<br \/>\nAm Mittwochmorgen erfolgte nach dem R\u00fcckbau unserer mitgebrachten Infrastruktur, wie der Verpflegungsstation des BRK Rottal-Inn, die R\u00fcckfahrt in unsere Heimat. Nach einer langen R\u00fcckfahrt erreichten wir schlie\u00dflich gegen 22.30 Uhr ersch\u00f6pft, aber unversehrt, unser Ger\u00e4tehaus in Simbach.<br \/>\nWir werden diesen Einsatz sicher noch lange in Erinnerung behalten. Vor f\u00fcnf Jahren erlebten wir zwar selbst eine Flutkatastrophe, doch die Auswirkungen dieser Flut sind immens und zum heutigen Zeitpunkt noch nicht abzusehen. Wir danken allen eingesetzten Kr\u00e4ften im Schadensgebiet f\u00fcr den unerm\u00fcdlichen Einsatz und w\u00fcnschen Ihnen f\u00fcr die kommenden Wochen und Monate noch viel Kraft und Ausdauer![\/vc_column_text][\/vc_column][\/vc_row][vc_row][vc_column][vc_column_text]\n<p>&nbsp;<\/p>\n<div id=\"su_carousel_69f08e8d29bb7\" class=\"su-carousel su-carousel-centered su-carousel-pages-no su-carousel-responsive-yes su-lightbox-gallery\" style=\"width:100%\" data-autoplay=\"3000\" data-speed=\"2000\" data-mousewheel=\"true\" data-items=\"3\" data-scroll=\"1\"><div class=\"su-carousel-slides\"><div class=\"su-carousel-slide\"><a href=\"https:\/\/feuerwehr-simbach.de\/wp-content\/uploads\/2021\/07\/Hochwassereinsatz-Rheinland-Pfalz-1-e1627651592512.jpg\" title=\"2021.07.25 Hochwassereinsatz Rheinland-Pfalz (1)\"><img decoding=\"async\" src=\"https:\/\/feuerwehr-simbach.de\/wp-content\/uploads\/2021\/07\/Hochwassereinsatz-Rheinland-Pfalz-1-e1627651592512.jpg\" alt=\"2021.07.25 Hochwassereinsatz Rheinland-Pfalz (1)\" \/><\/a><\/div><div class=\"su-carousel-slide\"><a href=\"https:\/\/feuerwehr-simbach.de\/wp-content\/uploads\/2021\/07\/Hochwassereinsatz-Rheinland-Pfalz-2-e1627651602839.jpg\" title=\"2021.07.25 Hochwassereinsatz Rheinland-Pfalz (2)\"><img decoding=\"async\" src=\"https:\/\/feuerwehr-simbach.de\/wp-content\/uploads\/2021\/07\/Hochwassereinsatz-Rheinland-Pfalz-2-e1627651602839.jpg\" alt=\"2021.07.25 Hochwassereinsatz Rheinland-Pfalz (2)\" \/><\/a><\/div><div class=\"su-carousel-slide\"><a href=\"https:\/\/feuerwehr-simbach.de\/wp-content\/uploads\/2021\/07\/Hochwassereinsatz-Rheinland-Pfalz-3-e1627651611327.jpg\" title=\"2021.07.25 Hochwassereinsatz Rheinland-Pfalz (3)\"><img decoding=\"async\" src=\"https:\/\/feuerwehr-simbach.de\/wp-content\/uploads\/2021\/07\/Hochwassereinsatz-Rheinland-Pfalz-3-e1627651611327.jpg\" alt=\"2021.07.25 Hochwassereinsatz Rheinland-Pfalz (3)\" \/><\/a><\/div><div class=\"su-carousel-slide\"><a href=\"https:\/\/feuerwehr-simbach.de\/wp-content\/uploads\/2021\/07\/Hochwassereinsatz-Rheinland-Pfalz-4-e1627651621584.jpg\" title=\"2021.07.25 Hochwassereinsatz Rheinland-Pfalz (4)\"><img decoding=\"async\" src=\"https:\/\/feuerwehr-simbach.de\/wp-content\/uploads\/2021\/07\/Hochwassereinsatz-Rheinland-Pfalz-4-e1627651621584.jpg\" alt=\"2021.07.25 Hochwassereinsatz Rheinland-Pfalz (4)\" \/><\/a><\/div><div class=\"su-carousel-slide\"><a href=\"https:\/\/feuerwehr-simbach.de\/wp-content\/uploads\/2021\/07\/Hochwassereinsatz-Rheinland-Pfalz-5-e1627651631927.jpg\" title=\"2021.07.25 Hochwassereinsatz Rheinland-Pfalz (5)\"><img decoding=\"async\" src=\"https:\/\/feuerwehr-simbach.de\/wp-content\/uploads\/2021\/07\/Hochwassereinsatz-Rheinland-Pfalz-5-e1627651631927.jpg\" alt=\"2021.07.25 Hochwassereinsatz Rheinland-Pfalz (5)\" \/><\/a><\/div><div class=\"su-carousel-slide\"><a href=\"https:\/\/feuerwehr-simbach.de\/wp-content\/uploads\/2021\/07\/Hochwassereinsatz-Rheinland-Pfalz-6-e1627651643598.jpg\" title=\"2021.07.25 Hochwassereinsatz Rheinland-Pfalz (6)\"><img decoding=\"async\" src=\"https:\/\/feuerwehr-simbach.de\/wp-content\/uploads\/2021\/07\/Hochwassereinsatz-Rheinland-Pfalz-6-e1627651643598.jpg\" alt=\"2021.07.25 Hochwassereinsatz Rheinland-Pfalz (6)\" \/><\/a><\/div><div class=\"su-carousel-slide\"><a href=\"https:\/\/feuerwehr-simbach.de\/wp-content\/uploads\/2021\/07\/Hochwassereinsatz-Rheinland-Pfalz-7-e1627651653412.jpg\" title=\"2021.07.25 Hochwassereinsatz Rheinland-Pfalz (7)\"><img decoding=\"async\" src=\"https:\/\/feuerwehr-simbach.de\/wp-content\/uploads\/2021\/07\/Hochwassereinsatz-Rheinland-Pfalz-7-e1627651653412.jpg\" alt=\"2021.07.25 Hochwassereinsatz Rheinland-Pfalz (7)\" \/><\/a><\/div><div class=\"su-carousel-slide\"><a href=\"https:\/\/feuerwehr-simbach.de\/wp-content\/uploads\/2021\/07\/Hochwassereinsatz-Rheinland-Pfalz-8-e1627651663568.jpg\" title=\"2021.07.25 Hochwassereinsatz Rheinland-Pfalz (8)\"><img decoding=\"async\" src=\"https:\/\/feuerwehr-simbach.de\/wp-content\/uploads\/2021\/07\/Hochwassereinsatz-Rheinland-Pfalz-8-e1627651663568.jpg\" alt=\"2021.07.25 Hochwassereinsatz Rheinland-Pfalz (8)\" \/><\/a><\/div><div class=\"su-carousel-slide\"><a href=\"https:\/\/feuerwehr-simbach.de\/wp-content\/uploads\/2021\/07\/Hochwassereinsatz-Rheinland-Pfalz-9-e1627651674177.jpg\" title=\"2021.07.25 Hochwassereinsatz Rheinland-Pfalz (9)\"><img decoding=\"async\" src=\"https:\/\/feuerwehr-simbach.de\/wp-content\/uploads\/2021\/07\/Hochwassereinsatz-Rheinland-Pfalz-9-e1627651674177.jpg\" alt=\"2021.07.25 Hochwassereinsatz Rheinland-Pfalz (9)\" \/><\/a><\/div><div class=\"su-carousel-slide\"><a href=\"https:\/\/feuerwehr-simbach.de\/wp-content\/uploads\/2021\/07\/Hochwassereinsatz-Rheinland-Pfalz-10-e1627651684547.jpg\" title=\"2021.07.25 Hochwassereinsatz Rheinland-Pfalz (10)\"><img decoding=\"async\" src=\"https:\/\/feuerwehr-simbach.de\/wp-content\/uploads\/2021\/07\/Hochwassereinsatz-Rheinland-Pfalz-10-e1627651684547.jpg\" alt=\"2021.07.25 Hochwassereinsatz Rheinland-Pfalz (10)\" \/><\/a><\/div><div class=\"su-carousel-slide\"><a href=\"https:\/\/feuerwehr-simbach.de\/wp-content\/uploads\/2021\/07\/Hochwassereinsatz-Rheinland-Pfalz-11-e1627651694866.jpg\" title=\"2021.07.25 Hochwassereinsatz Rheinland-Pfalz (11)\"><img decoding=\"async\" src=\"https:\/\/feuerwehr-simbach.de\/wp-content\/uploads\/2021\/07\/Hochwassereinsatz-Rheinland-Pfalz-11-e1627651694866.jpg\" alt=\"2021.07.25 Hochwassereinsatz Rheinland-Pfalz (11)\" \/><\/a><\/div><div class=\"su-carousel-slide\"><a href=\"https:\/\/feuerwehr-simbach.de\/wp-content\/uploads\/2021\/07\/Hochwassereinsatz-Rheinland-Pfalz-12-e1627651704707.jpg\" title=\"2021.07.25 Hochwassereinsatz Rheinland-Pfalz (12)\"><img decoding=\"async\" src=\"https:\/\/feuerwehr-simbach.de\/wp-content\/uploads\/2021\/07\/Hochwassereinsatz-Rheinland-Pfalz-12-e1627651704707.jpg\" alt=\"2021.07.25 Hochwassereinsatz Rheinland-Pfalz (12)\" \/><\/a><\/div><div class=\"su-carousel-slide\"><a href=\"https:\/\/feuerwehr-simbach.de\/wp-content\/uploads\/2021\/07\/Hochwassereinsatz-Rheinland-Pfalz-13-e1627651714537.jpg\" title=\"2021.07.25 Hochwassereinsatz Rheinland-Pfalz (13)\"><img decoding=\"async\" src=\"https:\/\/feuerwehr-simbach.de\/wp-content\/uploads\/2021\/07\/Hochwassereinsatz-Rheinland-Pfalz-13-e1627651714537.jpg\" alt=\"2021.07.25 Hochwassereinsatz Rheinland-Pfalz (13)\" \/><\/a><\/div><div class=\"su-carousel-slide\"><a href=\"https:\/\/feuerwehr-simbach.de\/wp-content\/uploads\/2021\/07\/Hochwassereinsatz-Rheinland-Pfalz-14-e1627651723180.jpg\" title=\"2021.07.25 Hochwassereinsatz Rheinland-Pfalz (14)\"><img decoding=\"async\" src=\"https:\/\/feuerwehr-simbach.de\/wp-content\/uploads\/2021\/07\/Hochwassereinsatz-Rheinland-Pfalz-14-e1627651723180.jpg\" alt=\"2021.07.25 Hochwassereinsatz Rheinland-Pfalz (14)\" \/><\/a><\/div><div class=\"su-carousel-slide\"><a href=\"https:\/\/feuerwehr-simbach.de\/wp-content\/uploads\/2021\/07\/Hochwassereinsatz-Rheinland-Pfalz-15-e1627651734150.jpg\" title=\"2021.07.25 Hochwassereinsatz Rheinland-Pfalz (15)\"><img decoding=\"async\" src=\"https:\/\/feuerwehr-simbach.de\/wp-content\/uploads\/2021\/07\/Hochwassereinsatz-Rheinland-Pfalz-15-e1627651734150.jpg\" alt=\"2021.07.25 Hochwassereinsatz Rheinland-Pfalz (15)\" \/><\/a><\/div><div class=\"su-carousel-slide\"><a href=\"https:\/\/feuerwehr-simbach.de\/wp-content\/uploads\/2021\/07\/Hochwassereinsatz-Rheinland-Pfalz-16-e1627651743207.jpg\" title=\"2021.07.25 Hochwassereinsatz Rheinland-Pfalz (16)\"><img decoding=\"async\" src=\"https:\/\/feuerwehr-simbach.de\/wp-content\/uploads\/2021\/07\/Hochwassereinsatz-Rheinland-Pfalz-16-e1627651743207.jpg\" alt=\"2021.07.25 Hochwassereinsatz Rheinland-Pfalz (16)\" \/><\/a><\/div><div class=\"su-carousel-slide\"><a href=\"https:\/\/feuerwehr-simbach.de\/wp-content\/uploads\/2021\/07\/Hochwassereinsatz-Rheinland-Pfalz-17-e1627651753469.jpg\" title=\"2021.07.25 Hochwassereinsatz Rheinland-Pfalz (17)\"><img decoding=\"async\" src=\"https:\/\/feuerwehr-simbach.de\/wp-content\/uploads\/2021\/07\/Hochwassereinsatz-Rheinland-Pfalz-17-e1627651753469.jpg\" alt=\"2021.07.25 Hochwassereinsatz Rheinland-Pfalz (17)\" \/><\/a><\/div><div class=\"su-carousel-slide\"><a href=\"https:\/\/feuerwehr-simbach.de\/wp-content\/uploads\/2021\/07\/Hochwassereinsatz-Rheinland-Pfalz-18-e1627651763987.jpg\" title=\"2021.07.25 Hochwassereinsatz Rheinland-Pfalz (18)\"><img decoding=\"async\" src=\"https:\/\/feuerwehr-simbach.de\/wp-content\/uploads\/2021\/07\/Hochwassereinsatz-Rheinland-Pfalz-18-e1627651763987.jpg\" alt=\"2021.07.25 Hochwassereinsatz Rheinland-Pfalz (18)\" \/><\/a><\/div><div class=\"su-carousel-slide\"><a href=\"https:\/\/feuerwehr-simbach.de\/wp-content\/uploads\/2021\/07\/Hochwassereinsatz-Rheinland-Pfalz-19-e1627651773776.jpg\" title=\"2021.07.25 Hochwassereinsatz Rheinland-Pfalz (19)\"><img decoding=\"async\" src=\"https:\/\/feuerwehr-simbach.de\/wp-content\/uploads\/2021\/07\/Hochwassereinsatz-Rheinland-Pfalz-19-e1627651773776.jpg\" alt=\"2021.07.25 Hochwassereinsatz Rheinland-Pfalz (19)\" \/><\/a><\/div><div class=\"su-carousel-slide\"><a href=\"https:\/\/feuerwehr-simbach.de\/wp-content\/uploads\/2021\/07\/Hochwassereinsatz-Rheinland-Pfalz-20-e1627651782991.jpg\" title=\"2021.07.25 Hochwassereinsatz Rheinland-Pfalz (20)\"><img decoding=\"async\" src=\"https:\/\/feuerwehr-simbach.de\/wp-content\/uploads\/2021\/07\/Hochwassereinsatz-Rheinland-Pfalz-20-e1627651782991.jpg\" alt=\"2021.07.25 Hochwassereinsatz Rheinland-Pfalz (20)\" \/><\/a><\/div><div class=\"su-carousel-slide\"><a href=\"https:\/\/feuerwehr-simbach.de\/wp-content\/uploads\/2021\/07\/Hochwassereinsatz-Rheinland-Pfalz-21-e1627651792600.jpg\" title=\"2021.07.25 Hochwassereinsatz Rheinland-Pfalz (21)\"><img decoding=\"async\" src=\"https:\/\/feuerwehr-simbach.de\/wp-content\/uploads\/2021\/07\/Hochwassereinsatz-Rheinland-Pfalz-21-e1627651792600.jpg\" alt=\"2021.07.25 Hochwassereinsatz Rheinland-Pfalz (21)\" \/><\/a><\/div><div class=\"su-carousel-slide\"><a href=\"https:\/\/feuerwehr-simbach.de\/wp-content\/uploads\/2021\/07\/Hochwassereinsatz-Rheinland-Pfalz-22-e1627651802300.jpg\" title=\"2021.07.25 Hochwassereinsatz Rheinland-Pfalz (22)\"><img decoding=\"async\" src=\"https:\/\/feuerwehr-simbach.de\/wp-content\/uploads\/2021\/07\/Hochwassereinsatz-Rheinland-Pfalz-22-e1627651802300.jpg\" alt=\"2021.07.25 Hochwassereinsatz Rheinland-Pfalz (22)\" \/><\/a><\/div><div class=\"su-carousel-slide\"><a href=\"https:\/\/feuerwehr-simbach.de\/wp-content\/uploads\/2021\/07\/Hochwassereinsatz-Rheinland-Pfalz-23-e1627651812427.jpg\" title=\"2021.07.25 Hochwassereinsatz Rheinland-Pfalz (23)\"><img decoding=\"async\" src=\"https:\/\/feuerwehr-simbach.de\/wp-content\/uploads\/2021\/07\/Hochwassereinsatz-Rheinland-Pfalz-23-e1627651812427.jpg\" alt=\"2021.07.25 Hochwassereinsatz Rheinland-Pfalz (23)\" \/><\/a><\/div><div class=\"su-carousel-slide\"><a href=\"https:\/\/feuerwehr-simbach.de\/wp-content\/uploads\/2021\/07\/Hochwassereinsatz-Rheinland-Pfalz-24-e1627722556197.jpg\" title=\"2021.07.25 Hochwassereinsatz Rheinland-Pfalz (24)\"><img decoding=\"async\" src=\"https:\/\/feuerwehr-simbach.de\/wp-content\/uploads\/2021\/07\/Hochwassereinsatz-Rheinland-Pfalz-24-e1627722556197.jpg\" alt=\"2021.07.25 Hochwassereinsatz Rheinland-Pfalz (24)\" \/><\/a><\/div><div class=\"su-carousel-slide\"><a href=\"https:\/\/feuerwehr-simbach.de\/wp-content\/uploads\/2021\/07\/Hochwassereinsatz-Rheinland-Pfalz-25-e1627722644869.jpg\" title=\"2021.07.25 Hochwassereinsatz Rheinland-Pfalz (25)\"><img decoding=\"async\" src=\"https:\/\/feuerwehr-simbach.de\/wp-content\/uploads\/2021\/07\/Hochwassereinsatz-Rheinland-Pfalz-25-e1627722644869.jpg\" alt=\"2021.07.25 Hochwassereinsatz Rheinland-Pfalz (25)\" \/><\/a><\/div><div class=\"su-carousel-slide\"><a href=\"https:\/\/feuerwehr-simbach.de\/wp-content\/uploads\/2021\/07\/Hochwassereinsatz-Rheinland-Pfalz-26-e1627722655119.jpg\" title=\"2021.07.25 Hochwassereinsatz Rheinland-Pfalz (26)\"><img decoding=\"async\" src=\"https:\/\/feuerwehr-simbach.de\/wp-content\/uploads\/2021\/07\/Hochwassereinsatz-Rheinland-Pfalz-26-e1627722655119.jpg\" alt=\"2021.07.25 Hochwassereinsatz Rheinland-Pfalz (26)\" \/><\/a><\/div><div class=\"su-carousel-slide\"><a href=\"https:\/\/feuerwehr-simbach.de\/wp-content\/uploads\/2021\/07\/Hochwassereinsatz-Rheinland-Pfalz-27-e1627722667919.jpg\" title=\"2021.07.25 Hochwassereinsatz Rheinland-Pfalz (27)\"><img decoding=\"async\" src=\"https:\/\/feuerwehr-simbach.de\/wp-content\/uploads\/2021\/07\/Hochwassereinsatz-Rheinland-Pfalz-27-e1627722667919.jpg\" alt=\"2021.07.25 Hochwassereinsatz Rheinland-Pfalz (27)\" \/><\/a><\/div><div class=\"su-carousel-slide\"><a href=\"https:\/\/feuerwehr-simbach.de\/wp-content\/uploads\/2021\/07\/Hochwassereinsatz-Rheinland-Pfalz-28-e1627722677688.jpg\" title=\"2021.07.25 Hochwassereinsatz Rheinland-Pfalz (28)\"><img decoding=\"async\" src=\"https:\/\/feuerwehr-simbach.de\/wp-content\/uploads\/2021\/07\/Hochwassereinsatz-Rheinland-Pfalz-28-e1627722677688.jpg\" alt=\"2021.07.25 Hochwassereinsatz Rheinland-Pfalz (28)\" \/><\/a><\/div><div class=\"su-carousel-slide\"><a href=\"https:\/\/feuerwehr-simbach.de\/wp-content\/uploads\/2021\/07\/Hochwassereinsatz-Rheinland-Pfalz-29-e1627722687505.jpg\" title=\"2021.07.25 Hochwassereinsatz Rheinland-Pfalz (29)\"><img decoding=\"async\" src=\"https:\/\/feuerwehr-simbach.de\/wp-content\/uploads\/2021\/07\/Hochwassereinsatz-Rheinland-Pfalz-29-e1627722687505.jpg\" alt=\"2021.07.25 Hochwassereinsatz Rheinland-Pfalz (29)\" \/><\/a><\/div><div class=\"su-carousel-slide\"><a href=\"https:\/\/feuerwehr-simbach.de\/wp-content\/uploads\/2021\/07\/Hochwassereinsatz-Rheinland-Pfalz-31-e1627722697291.jpg\" title=\"2021.07.25 Hochwassereinsatz Rheinland-Pfalz (30)\"><img decoding=\"async\" src=\"https:\/\/feuerwehr-simbach.de\/wp-content\/uploads\/2021\/07\/Hochwassereinsatz-Rheinland-Pfalz-31-e1627722697291.jpg\" alt=\"2021.07.25 Hochwassereinsatz Rheinland-Pfalz (30)\" \/><\/a><\/div><div class=\"su-carousel-slide\"><a href=\"https:\/\/feuerwehr-simbach.de\/wp-content\/uploads\/2021\/07\/Hochwassereinsatz-Rheinland-Pfalz-32-e1627722707605.jpg\" title=\"2021.07.25 Hochwassereinsatz Rheinland-Pfalz (31)\"><img decoding=\"async\" src=\"https:\/\/feuerwehr-simbach.de\/wp-content\/uploads\/2021\/07\/Hochwassereinsatz-Rheinland-Pfalz-32-e1627722707605.jpg\" alt=\"2021.07.25 Hochwassereinsatz Rheinland-Pfalz (31)\" \/><\/a><\/div><\/div><div class=\"su-carousel-nav\"><div class=\"su-carousel-direction\"><span class=\"su-carousel-prev\"><\/span><span class=\"su-carousel-next\"><\/span><\/div><div class=\"su-carousel-pagination\"><\/div><\/div><\/div>\n<\/div>","protected":false},"author":11,"featured_media":14946,"template":"","meta":{"einsatz_weight":1,"footnotes":""},"categories":[162],"tags":[],"einsatzart":[],"fahrzeug":[],"exteinsatzmittel":[],"alarmierungsart":[],"evw_unit":[],"class_list":["post-14851","einsatz","type-einsatz","status-publish","has-post-thumbnail","hentry","category-einsaetze-2021"],"_links":{"self":[{"href":"https:\/\/feuerwehr-simbach.de\/index.php?rest_route=\/wp\/v2\/einsatz\/14851","targetHints":{"allow":["GET"]}}],"collection":[{"href":"https:\/\/feuerwehr-simbach.de\/index.php?rest_route=\/wp\/v2\/einsatz"}],"about":[{"href":"https:\/\/feuerwehr-simbach.de\/index.php?rest_route=\/wp\/v2\/types\/einsatz"}],"author":[{"embeddable":true,"href":"https:\/\/feuerwehr-simbach.de\/index.php?rest_route=\/wp\/v2\/users\/11"}],"version-history":[{"count":5,"href":"https:\/\/feuerwehr-simbach.de\/index.php?rest_route=\/wp\/v2\/einsatz\/14851\/revisions"}],"predecessor-version":[{"id":22696,"href":"https:\/\/feuerwehr-simbach.de\/index.php?rest_route=\/wp\/v2\/einsatz\/14851\/revisions\/22696"}],"wp:featuredmedia":[{"embeddable":true,"href":"https:\/\/feuerwehr-simbach.de\/index.php?rest_route=\/wp\/v2\/media\/14946"}],"wp:attachment":[{"href":"https:\/\/feuerwehr-simbach.de\/index.php?rest_route=%2Fwp%2Fv2%2Fmedia&parent=14851"}],"wp:term":[{"taxonomy":"category","embeddable":true,"href":"https:\/\/feuerwehr-simbach.de\/index.php?rest_route=%2Fwp%2Fv2%2Fcategories&post=14851"},{"taxonomy":"post_tag","embeddable":true,"href":"https:\/\/feuerwehr-simbach.de\/index.php?rest_route=%2Fwp%2Fv2%2Ftags&post=14851"},{"taxonomy":"einsatzart","embeddable":true,"href":"https:\/\/feuerwehr-simbach.de\/index.php?rest_route=%2Fwp%2Fv2%2Feinsatzart&post=14851"},{"taxonomy":"fahrzeug","embeddable":true,"href":"https:\/\/feuerwehr-simbach.de\/index.php?rest_route=%2Fwp%2Fv2%2Ffahrzeug&post=14851"},{"taxonomy":"exteinsatzmittel","embeddable":true,"href":"https:\/\/feuerwehr-simbach.de\/index.php?rest_route=%2Fwp%2Fv2%2Fexteinsatzmittel&post=14851"},{"taxonomy":"alarmierungsart","embeddable":true,"href":"https:\/\/feuerwehr-simbach.de\/index.php?rest_route=%2Fwp%2Fv2%2Falarmierungsart&post=14851"},{"taxonomy":"evw_unit","embeddable":true,"href":"https:\/\/feuerwehr-simbach.de\/index.php?rest_route=%2Fwp%2Fv2%2Fevw_unit&post=14851"}],"curies":[{"name":"wp","href":"https:\/\/api.w.org\/{rel}","templated":true}]}}