{"id":15045,"date":"2021-08-08T22:39:00","date_gmt":"2021-08-08T20:39:00","guid":{"rendered":"https:\/\/feuerwehr-simbach.de\/?post_type=einsatz&#038;p=15045"},"modified":"2023-09-08T14:46:16","modified_gmt":"2023-09-08T12:46:16","slug":"07-08-2021-zahlreiche-unwettereinsaetze","status":"publish","type":"einsatz","link":"https:\/\/feuerwehr-simbach.de\/?einsatz=07-08-2021-zahlreiche-unwettereinsaetze","title":{"rendered":"07.08.2021 &#8211; Zahlreiche Unwettereins\u00e4tze"},"content":{"rendered":"<div class=\"wpb-content-wrapper\">[vc_row][vc_column][vc_empty_space height=&#8220;1&#8243;][\/vc_column][\/vc_row][vc_row equal_height=&#8220;yes&#8220; inverse=&#8220;&#8220; css=&#8220;.vc_custom_1545579889091{padding-bottom: 25px !important;background-color: #edf2ef !important;}&#8220;][vc_column width=&#8220;1\/4&#8243;][vc_column_text]\n<p><strong>Einsatzart:<\/strong><\/p>\n[\/vc_column_text][\/vc_column][vc_column width=&#8220;3\/4&#8243;][vc_column_text]Technische Hilfeleistung[\/vc_column_text][\/vc_column][\/vc_row][vc_row equal_height=&#8220;yes&#8220; inverse=&#8220;&#8220; css=&#8220;.vc_custom_1545579201718{padding-bottom: 25px !important;}&#8220;][vc_column width=&#8220;1\/4&#8243;][vc_column_text]\n<p><strong>Schlagwort:<\/strong><\/p>\n[\/vc_column_text][\/vc_column][vc_column width=&#8220;3\/4&#8243;][vc_column_text]Zahlreiche Unwettereins\u00e4tze[\/vc_column_text][\/vc_column][\/vc_row][vc_row equal_height=&#8220;yes&#8220; inverse=&#8220;&#8220; css=&#8220;.vc_custom_1545579190843{padding-bottom: 25px !important;background-color: #edf2ef !important;}&#8220;][vc_column width=&#8220;1\/4&#8243;][vc_column_text]\n<p><strong>Stichwort:<\/strong><\/p>\n[\/vc_column_text][\/vc_column][vc_column width=&#8220;3\/4&#8243;][vc_column_text]THL Unwetter[\/vc_column_text][\/vc_column][\/vc_row][vc_row equal_height=&#8220;yes&#8220; inverse=&#8220;&#8220; css=&#8220;.vc_custom_1545579201718{padding-bottom: 25px !important;}&#8220;][vc_column width=&#8220;1\/4&#8243;][vc_column_text]\n<p><strong>Einsatzort:<\/strong><\/p>\n[\/vc_column_text][\/vc_column][vc_column width=&#8220;3\/4&#8243;][vc_column_text]Simbach, Stadtgebiet[\/vc_column_text][\/vc_column][\/vc_row][vc_row equal_height=&#8220;yes&#8220; inverse=&#8220;&#8220; css=&#8220;.vc_custom_1545579210044{padding-bottom: 25px !important;background-color: #edf2ef !important;}&#8220;][vc_column width=&#8220;1\/4&#8243;][vc_column_text]\n<p><strong>Datum:<\/strong><\/p>\n[\/vc_column_text][\/vc_column][vc_column width=&#8220;3\/4&#8243;][vc_column_text]Samstag, 7. August 2021[\/vc_column_text][\/vc_column][\/vc_row][vc_row equal_height=&#8220;yes&#8220; inverse=&#8220;&#8220; css=&#8220;.vc_custom_1545579217081{padding-bottom: 25px !important;}&#8220;][vc_column width=&#8220;1\/4&#8243;][vc_column_text]\n<p><strong>Alarmierung (Schleife):<\/strong><\/p>\n[\/vc_column_text][\/vc_column][vc_column width=&#8220;3\/4&#8243;][vc_column_text]Vollalarm[\/vc_column_text][\/vc_column][\/vc_row][vc_row equal_height=&#8220;yes&#8220; inverse=&#8220;&#8220; css=&#8220;.vc_custom_1545579225595{padding-bottom: 25px !important;background-color: #edf2ef !important;}&#8220;][vc_column width=&#8220;1\/4&#8243;][vc_column_text]\n<p><strong>E<\/strong><strong>ingesetzte<\/strong><strong> Kr\u00e4fte:<\/strong><\/p>\n[\/vc_column_text][\/vc_column][vc_column width=&#8220;3\/4&#8243;][vc_column_text]FF Simbach a. Inn, FF Erlach, FF Kirchberg a. Inn, FF Eggstetten, FF Kirchdorf a. Inn, FF Stubenberg, FF Randling, FF Reut, FF Oberham, FF Gsch\u00f6d, FF Tann, FF Julbach, FF Massing, FF Untertattenbach, FF Thanndorf, FF Unterzeitlarn, KBI 2, KBM 2\/1, THW OV Simbach a. Inn, Bauhof Simbach, Polizei Simbach, 1. B\u00fcrgermeister Klaus Schmid[\/vc_column_text][\/vc_column][\/vc_row][vc_row][vc_column][vc_empty_space height=&#8220;30&#8243;][\/vc_column][\/vc_row][vc_row][vc_column][vc_separator border_width=&#8220;4&#8243;][\/vc_column][\/vc_row][vc_row][vc_column][vc_empty_space height=&#8220;30&#8243;][\/vc_column][\/vc_row][vc_row equal_height=&#8220;yes&#8220; inverse=&#8220;&#8220; css=&#8220;.vc_custom_1534176358862{padding-bottom: 25px !important;}&#8220;][vc_column width=&#8220;1\/4&#8243;][vc_column_text]\n<p><strong>Einsatzbericht:<\/strong><\/p>\n[\/vc_column_text][\/vc_column][vc_column width=&#8220;3\/4&#8243;][vc_column_text]Am Samstag gegen 19.15 Uhr kam es im Bereich der Stadt Simbach zu einem heftigen Unwetter mit starkem Regen und Orkanb\u00f6en. Dadurch kam es zu einer Vielzahl von Eins\u00e4tzen, die im Anschluss abgearbeitet werden mussten. Diese wurden von der Abschnittsf\u00fchrungsstelle Simbach koordiniert und wir wurden von zahlreichen Wehren aus dem s\u00fcdlichen Landkreis unterst\u00fctzt. Die meisten Eins\u00e4tze waren umgest\u00fcrzte B\u00e4ume oder besch\u00e4digte D\u00e4cher. Gegen 21.00 Uhr kam es jedoch zu einer pl\u00f6tzlichen Lage\u00e4nderung, da der Pegel des Simbachs innerhalb kurzer Zeit auf knapp 2 Meter anstieg. Da unklar war, wie weit der Pegel noch steigen wird und, ob der Bach \u00fcberlaufen wird, wurden einige Feuerwehren sowie das mittlerweile alarmierte THW Simbach zur Kontrolle der Pegelst\u00e4nde eingesetzt. Zudem wurde das Modul Warnen \u2013 bestehend aus mehreren Wehren aus dem Landkreis mit mobilen Sirenenanlagen (Mobela) \u2013 nach Simbach alarmiert. Gl\u00fccklicherweise fiel der Pegel kurze Zeit sp\u00e4ter, weshalb die Beobachtung des Pegels wieder beendet werden konnte. Die\u00a0Ursache f\u00fcr den schnellen Anstieg war eine Verklausung im Bereich Edm\u00fchle, wo sich das Wasser staute, bevor es geballt ins Stadtgebiet schoss. Die Einsatzkr\u00e4fte konnten sich somit wieder um die Abarbeitung der Unwettereins\u00e4tze k\u00fcmmern. Im Verlauf des Abends erhielten wir noch eine Anforderung der Kameraden aus Braunau, diese mit unserer DLK zu unterst\u00fctzen. Gegen 02.00 Uhr morgens konnte der letzte \u2013 bislang bekannte \u2013 noch offene Einsatz beendet werden und wir konnten die Nachtruhe antreten.<br \/>\nAm Sonntagvormittag stellte sich jedoch heraus, dass noch einige Eins\u00e4tze abzuarbeiten sind, weshalb erneut B\u00e4ume von Fahrbahnen beseitigt und D\u00e4cher gesichert wurden. Gegen 17.00 Uhr waren schlie\u00dflich auch diese Eins\u00e4tze erledigt und wir konnten wieder ins Ger\u00e4tehaus einr\u00fccken. Insgesamt waren im Stadtgebiet von Simbach an diesem Wochenende knapp 100 (!) Eins\u00e4tze abzuarbeiten. Wir sind froh, dass es zu keinen Personensch\u00e4den kam und bedanken uns bei allen eingesetzten Einheiten f\u00fcr die gute Zusammenarbeit!<\/p>\n<p><strong>Hier eine \u2013 nicht vollst\u00e4ndige \u2013 Auflistung der Eins\u00e4tze (Fotos befinden sich unter der Liste):<\/strong><\/p>\n<ul>\n<li>Simbach, Am Moosgraben: Kamin droht auf Stra\u00dfe zu st\u00fcrzen<\/li>\n<li>Simbach, \u00c4u\u00dfere Pfarrkirchner Stra\u00dfe: Baum auf Fahrbahn<\/li>\n<li>Simbach, Austra\u00dfe: Baum auf Fahrbahn<\/li>\n<li>Simbach, Austra\u00dfe: B\u00e4ume blockieren Zufahrt<\/li>\n<li>Simbach, B12 H\u00f6he Simbach Mitte: mehre B\u00e4ume auf Fahrbahn<\/li>\n<li>Simbach, Bahnhofstra\u00dfe: Baum auf Fahrbahn<\/li>\n<li>Simbach, Ferdinand-Aufschl\u00e4ger-Stra\u00dfe: Baum auf Fahrbahn<\/li>\n<li>Simbach, Gartenstra\u00dfe: Baum auf PKW<\/li>\n<li>Simbach, Heraklithstra\u00dfe: Baum auf PKW<\/li>\n<li>Simbach, Innstra\u00dfe: besch\u00e4digtes Dach<\/li>\n<li>Simbach, Innstra\u00dfe: besch\u00e4digtes Dach<\/li>\n<li>Simbach, Lagerhausstra\u00dfe: Baum auf Fahrbahn<\/li>\n<li>Simbach, Lengdorfer Ring: Dachteile drohen auf Fahrbahn zu st\u00fcrzen<\/li>\n<li>Simbach, Lindenstra\u00dfe: Baum droht auf Haus zu st\u00fcrzen<\/li>\n<li>Simbach, Lindenstra\u00dfe: Pegelkontrolle<\/li>\n<li>Simbach, Maria-Ward-Stra\u00dfe: Baum auf Fahrbahn<\/li>\n<li>Simbach, Maximilianstra\u00dfe: Dachteil droht auf Stra\u00dfe zu st\u00fcrzen<\/li>\n<li>Simbach, Moosecker Stra\u00dfe: Dachteile sichern<\/li>\n<li>Simbach, Moosecker Stra\u00dfe: mehrere B\u00e4ume auf Fahrbahn; PKW zwischen B\u00e4umen eingeschlossen<\/li>\n<li>Simbach, M\u00fcnchner Stra\u00dfe: abgedecktes Dach<\/li>\n<li>Simbach, M\u00fcnchner Stra\u00dfe: Baum auf Fahrbahn<\/li>\n<li>Simbach, M\u00fcnchner Stra\u00dfe: Geb\u00e4ude besch\u00e4digt<\/li>\n<li>Simbach, Passauer Stra\u00dfe: Baum auf Fahrbahn<\/li>\n<li>Simbach, Plinganserstra\u00dfe: Baum auf Parkplatz vom Krankenhaus<\/li>\n<li>Simbach, Ringstra\u00dfe: Baum droht auf Haus zu st\u00fcrzen<\/li>\n<li>Simbach, Schulgasse: Baum auf Fahrbahn<\/li>\n<li>Simbach, Simon-Breu-Stra\u00dfe: B\u00e4ume drohen auf H\u00e4user zu st\u00fcrzen<\/li>\n<li>Simbach, St2112 H\u00f6he Kreisverkehr: Baum auf Fahrbahn<\/li>\n<li>Simbach, Stegh\u00e4user: Baum auf Fahrbahn<\/li>\n<li>Simbach, Waldhauser Feld: Dachteile drohen auf Fahrbahn zu st\u00fcrzen<\/li>\n<li>Bahnstrecke Simbach-M\u00fchldorf: B\u00e4ume auf Gleis<\/li>\n<li>Eggstetten: Fahrbahn \u00fcberflutet<\/li>\n<li>Erlach, Dr.-Hans-Pinzl-Stra\u00dfe: Baum droht auf Haus zu st\u00fcrzen<\/li>\n<li>Erlach, Erlacher Stra\u00dfe: Baum auf Fahrbahn<\/li>\n<li>Erlach, Passauer Stra\u00dfe: abgedecktes Dach<\/li>\n<li>Kirchberg, Edm\u00fchle: Bach droht \u00fcberzulaufen<\/li>\n<li>Kirchberg, Pfarrhof: mehrere B\u00e4ume auf Fahrbahn<\/li>\n<li>Kirchdorf, B12 H\u00f6he Br\u00fccke Waldseestra\u00dfe: PKW in Graben<\/li>\n<li>Kirchdorf, Waldseestra\u00dfe: mehrere B\u00e4ume auf Fahrbahn<\/li>\n<li>Braunau, Aventinstra\u00dfe: mehrere besch\u00e4digte D\u00e4cher<\/li>\n<li>Braunau, N\u00e4he Bahnhof: abgedecktes Dach<\/li>\n<li>&#8230;[\/vc_column_text][\/vc_column][\/vc_row][vc_row][vc_column][vc_column_text]<\/li>\n<\/ul>\n<p>&nbsp;<\/p>\n<div id=\"su_carousel_69f095c415847\" class=\"su-carousel su-carousel-centered su-carousel-pages-no su-carousel-responsive-yes JLqJ4b ChMk0b su-lightbox-gallery\" style=\"width:100%\" data-autoplay=\"3000\" data-speed=\"2000\" data-mousewheel=\"true\" data-items=\"3\" data-scroll=\"1\"><div class=\"su-carousel-slides\"><div class=\"su-carousel-slide\"><a href=\"https:\/\/feuerwehr-simbach.de\/wp-content\/uploads\/2021\/08\/Unwetter-07.08.2021-1-e1628503229517.jpg\" title=\"2021.08.07 Unwetter (1)\"><img decoding=\"async\" src=\"https:\/\/feuerwehr-simbach.de\/wp-content\/uploads\/2021\/08\/Unwetter-07.08.2021-1-e1628503229517.jpg\" alt=\"2021.08.07 Unwetter (1)\" \/><\/a><\/div><div class=\"su-carousel-slide\"><a href=\"https:\/\/feuerwehr-simbach.de\/wp-content\/uploads\/2021\/08\/Unwetter-07.08.2021-2-e1628503239655.jpg\" title=\"2021.08.07 Unwetter (2)\"><img decoding=\"async\" src=\"https:\/\/feuerwehr-simbach.de\/wp-content\/uploads\/2021\/08\/Unwetter-07.08.2021-2-e1628503239655.jpg\" alt=\"2021.08.07 Unwetter (2)\" \/><\/a><\/div><div class=\"su-carousel-slide\"><a href=\"https:\/\/feuerwehr-simbach.de\/wp-content\/uploads\/2021\/08\/Unwetter-07.08.2021-3-e1628503249159.jpg\" title=\"2021.08.07 Unwetter (3)\"><img decoding=\"async\" src=\"https:\/\/feuerwehr-simbach.de\/wp-content\/uploads\/2021\/08\/Unwetter-07.08.2021-3-e1628503249159.jpg\" alt=\"2021.08.07 Unwetter (3)\" \/><\/a><\/div><div class=\"su-carousel-slide\"><a href=\"https:\/\/feuerwehr-simbach.de\/wp-content\/uploads\/2021\/08\/Unwetter-07.08.2021-4-e1628503261768.jpg\" title=\"2021.08.07 Unwetter (4)\"><img decoding=\"async\" src=\"https:\/\/feuerwehr-simbach.de\/wp-content\/uploads\/2021\/08\/Unwetter-07.08.2021-4-e1628503261768.jpg\" alt=\"2021.08.07 Unwetter (4)\" \/><\/a><\/div><div class=\"su-carousel-slide\"><a href=\"https:\/\/feuerwehr-simbach.de\/wp-content\/uploads\/2021\/08\/Unwetter-07.08.2021-5-e1628503272869.jpg\" title=\"2021.08.07 Unwetter (5)\"><img decoding=\"async\" src=\"https:\/\/feuerwehr-simbach.de\/wp-content\/uploads\/2021\/08\/Unwetter-07.08.2021-5-e1628503272869.jpg\" alt=\"2021.08.07 Unwetter (5)\" \/><\/a><\/div><div class=\"su-carousel-slide\"><a href=\"https:\/\/feuerwehr-simbach.de\/wp-content\/uploads\/2021\/08\/Unwetter-07.08.2021-6-e1628503282366.jpg\" title=\"2021.08.07 Unwetter (6)\"><img decoding=\"async\" src=\"https:\/\/feuerwehr-simbach.de\/wp-content\/uploads\/2021\/08\/Unwetter-07.08.2021-6-e1628503282366.jpg\" alt=\"2021.08.07 Unwetter (6)\" \/><\/a><\/div><div class=\"su-carousel-slide\"><a href=\"https:\/\/feuerwehr-simbach.de\/wp-content\/uploads\/2021\/08\/Unwetter-07.08.2021-7-e1628503292342.jpg\" title=\"2021.08.07 Unwetter (7)\"><img decoding=\"async\" src=\"https:\/\/feuerwehr-simbach.de\/wp-content\/uploads\/2021\/08\/Unwetter-07.08.2021-7-e1628503292342.jpg\" alt=\"2021.08.07 Unwetter (7)\" \/><\/a><\/div><div class=\"su-carousel-slide\"><a href=\"https:\/\/feuerwehr-simbach.de\/wp-content\/uploads\/2021\/08\/Unwetter-07.08.2021-8-e1628503304209.jpg\" title=\"2021.08.07 Unwetter (8)\"><img decoding=\"async\" src=\"https:\/\/feuerwehr-simbach.de\/wp-content\/uploads\/2021\/08\/Unwetter-07.08.2021-8-e1628503304209.jpg\" alt=\"2021.08.07 Unwetter (8)\" \/><\/a><\/div><div class=\"su-carousel-slide\"><a href=\"https:\/\/feuerwehr-simbach.de\/wp-content\/uploads\/2021\/08\/Unwetter-07.08.2021-9-e1628503316697.jpg\" title=\"2021.08.07 Unwetter (9)\"><img decoding=\"async\" src=\"https:\/\/feuerwehr-simbach.de\/wp-content\/uploads\/2021\/08\/Unwetter-07.08.2021-9-e1628503316697.jpg\" alt=\"2021.08.07 Unwetter (9)\" \/><\/a><\/div><div class=\"su-carousel-slide\"><a href=\"https:\/\/feuerwehr-simbach.de\/wp-content\/uploads\/2021\/08\/Unwetter-07.08.2021-10-e1628503327832.jpg\" title=\"2021.08.07 Unwetter (10)\"><img decoding=\"async\" src=\"https:\/\/feuerwehr-simbach.de\/wp-content\/uploads\/2021\/08\/Unwetter-07.08.2021-10-e1628503327832.jpg\" alt=\"2021.08.07 Unwetter (10)\" \/><\/a><\/div><div class=\"su-carousel-slide\"><a href=\"https:\/\/feuerwehr-simbach.de\/wp-content\/uploads\/2021\/08\/Unwetter-07.08.2021-11-e1628503340405.jpg\" title=\"2021.08.07 Unwetter (11)\"><img decoding=\"async\" src=\"https:\/\/feuerwehr-simbach.de\/wp-content\/uploads\/2021\/08\/Unwetter-07.08.2021-11-e1628503340405.jpg\" alt=\"2021.08.07 Unwetter (11)\" \/><\/a><\/div><div class=\"su-carousel-slide\"><a href=\"https:\/\/feuerwehr-simbach.de\/wp-content\/uploads\/2021\/08\/Unwetter-07.08.2021-12-e1628503350329.jpg\" title=\"2021.08.07 Unwetter (12)\"><img decoding=\"async\" src=\"https:\/\/feuerwehr-simbach.de\/wp-content\/uploads\/2021\/08\/Unwetter-07.08.2021-12-e1628503350329.jpg\" alt=\"2021.08.07 Unwetter (12)\" \/><\/a><\/div><div class=\"su-carousel-slide\"><a href=\"https:\/\/feuerwehr-simbach.de\/wp-content\/uploads\/2021\/08\/Unwetter-07.08.2021-13-e1628503360393.jpg\" title=\"2021.08.07 Unwetter (13)\"><img decoding=\"async\" src=\"https:\/\/feuerwehr-simbach.de\/wp-content\/uploads\/2021\/08\/Unwetter-07.08.2021-13-e1628503360393.jpg\" alt=\"2021.08.07 Unwetter (13)\" \/><\/a><\/div><div class=\"su-carousel-slide\"><a href=\"https:\/\/feuerwehr-simbach.de\/wp-content\/uploads\/2021\/08\/Unwetter-07.08.2021-14-e1628503373968.jpg\" title=\"2021.08.07 Unwetter (14)\"><img decoding=\"async\" src=\"https:\/\/feuerwehr-simbach.de\/wp-content\/uploads\/2021\/08\/Unwetter-07.08.2021-14-e1628503373968.jpg\" alt=\"2021.08.07 Unwetter (14)\" \/><\/a><\/div><div class=\"su-carousel-slide\"><a href=\"https:\/\/feuerwehr-simbach.de\/wp-content\/uploads\/2021\/08\/Unwetter-07.08.2021-15-e1628503384939.jpg\" title=\"2021.08.07 Unwetter (15)\"><img decoding=\"async\" src=\"https:\/\/feuerwehr-simbach.de\/wp-content\/uploads\/2021\/08\/Unwetter-07.08.2021-15-e1628503384939.jpg\" alt=\"2021.08.07 Unwetter (15)\" \/><\/a><\/div><div class=\"su-carousel-slide\"><a href=\"https:\/\/feuerwehr-simbach.de\/wp-content\/uploads\/2021\/08\/Unwetter-07.08.2021-16-e1628503396117.jpg\" title=\"2021.08.07 Unwetter (16)\"><img decoding=\"async\" src=\"https:\/\/feuerwehr-simbach.de\/wp-content\/uploads\/2021\/08\/Unwetter-07.08.2021-16-e1628503396117.jpg\" alt=\"2021.08.07 Unwetter (16)\" \/><\/a><\/div><div class=\"su-carousel-slide\"><a href=\"https:\/\/feuerwehr-simbach.de\/wp-content\/uploads\/2021\/08\/Unwetter-07.08.2021-17-e1628503411790.jpg\" title=\"2021.08.07 Unwetter (17)\"><img decoding=\"async\" src=\"https:\/\/feuerwehr-simbach.de\/wp-content\/uploads\/2021\/08\/Unwetter-07.08.2021-17-e1628503411790.jpg\" alt=\"2021.08.07 Unwetter (17)\" \/><\/a><\/div><div class=\"su-carousel-slide\"><a href=\"https:\/\/feuerwehr-simbach.de\/wp-content\/uploads\/2021\/08\/Unwetter-07.08.2021-18-e1628503424729.jpg\" title=\"2021.08.07 Unwetter (18)\"><img decoding=\"async\" src=\"https:\/\/feuerwehr-simbach.de\/wp-content\/uploads\/2021\/08\/Unwetter-07.08.2021-18-e1628503424729.jpg\" alt=\"2021.08.07 Unwetter (18)\" \/><\/a><\/div><div class=\"su-carousel-slide\"><a href=\"https:\/\/feuerwehr-simbach.de\/wp-content\/uploads\/2021\/08\/Unwetter-07.08.2021-19-e1628503435239.jpg\" title=\"2021.08.07 Unwetter (19)\"><img decoding=\"async\" src=\"https:\/\/feuerwehr-simbach.de\/wp-content\/uploads\/2021\/08\/Unwetter-07.08.2021-19-e1628503435239.jpg\" alt=\"2021.08.07 Unwetter (19)\" \/><\/a><\/div><div class=\"su-carousel-slide\"><a href=\"https:\/\/feuerwehr-simbach.de\/wp-content\/uploads\/2021\/08\/Unwetter-07.08.2021-20-e1628503456809.jpg\" title=\"2021.08.07 Unwetter (20)\"><img decoding=\"async\" src=\"https:\/\/feuerwehr-simbach.de\/wp-content\/uploads\/2021\/08\/Unwetter-07.08.2021-20-e1628503456809.jpg\" alt=\"2021.08.07 Unwetter (20)\" \/><\/a><\/div><div class=\"su-carousel-slide\"><a href=\"https:\/\/feuerwehr-simbach.de\/wp-content\/uploads\/2021\/08\/Unwetter-07.08.2021-21-e1628503469999.jpg\" title=\"2021.08.07 Unwetter (21)\"><img decoding=\"async\" src=\"https:\/\/feuerwehr-simbach.de\/wp-content\/uploads\/2021\/08\/Unwetter-07.08.2021-21-e1628503469999.jpg\" alt=\"2021.08.07 Unwetter (21)\" \/><\/a><\/div><div class=\"su-carousel-slide\"><a href=\"https:\/\/feuerwehr-simbach.de\/wp-content\/uploads\/2021\/08\/Unwetter-07.08.2021-22-e1628503495707.jpg\" title=\"2021.08.07 Unwetter (22)\"><img decoding=\"async\" src=\"https:\/\/feuerwehr-simbach.de\/wp-content\/uploads\/2021\/08\/Unwetter-07.08.2021-22-e1628503495707.jpg\" alt=\"2021.08.07 Unwetter (22)\" \/><\/a><\/div><div class=\"su-carousel-slide\"><a href=\"https:\/\/feuerwehr-simbach.de\/wp-content\/uploads\/2021\/08\/Unwetter-07.08.2021-23-e1628503506740.jpg\" title=\"2021.08.07 Unwetter (23)\"><img decoding=\"async\" src=\"https:\/\/feuerwehr-simbach.de\/wp-content\/uploads\/2021\/08\/Unwetter-07.08.2021-23-e1628503506740.jpg\" alt=\"2021.08.07 Unwetter (23)\" \/><\/a><\/div><div class=\"su-carousel-slide\"><a href=\"https:\/\/feuerwehr-simbach.de\/wp-content\/uploads\/2021\/08\/Unwetter-07.08.2021-24-e1628503516575.jpg\" title=\"2021.08.07 Unwetter (24)\"><img decoding=\"async\" src=\"https:\/\/feuerwehr-simbach.de\/wp-content\/uploads\/2021\/08\/Unwetter-07.08.2021-24-e1628503516575.jpg\" alt=\"2021.08.07 Unwetter (24)\" \/><\/a><\/div><div class=\"su-carousel-slide\"><a href=\"https:\/\/feuerwehr-simbach.de\/wp-content\/uploads\/2021\/08\/Unwetter-07.08.2021-25-e1628503527372.jpg\" title=\"2021.08.07 Unwetter (25)\"><img decoding=\"async\" src=\"https:\/\/feuerwehr-simbach.de\/wp-content\/uploads\/2021\/08\/Unwetter-07.08.2021-25-e1628503527372.jpg\" alt=\"2021.08.07 Unwetter (25)\" \/><\/a><\/div><div class=\"su-carousel-slide\"><a href=\"https:\/\/feuerwehr-simbach.de\/wp-content\/uploads\/2021\/08\/Unwetter-07.08.2021-26-e1628503538650.jpg\" title=\"2021.08.07 Unwetter (26)\"><img decoding=\"async\" src=\"https:\/\/feuerwehr-simbach.de\/wp-content\/uploads\/2021\/08\/Unwetter-07.08.2021-26-e1628503538650.jpg\" alt=\"2021.08.07 Unwetter (26)\" \/><\/a><\/div><div class=\"su-carousel-slide\"><a href=\"https:\/\/feuerwehr-simbach.de\/wp-content\/uploads\/2021\/08\/Unwetter-07.08.2021-27-e1628503549140.jpg\" title=\"2021.08.07 Unwetter (27)\"><img decoding=\"async\" src=\"https:\/\/feuerwehr-simbach.de\/wp-content\/uploads\/2021\/08\/Unwetter-07.08.2021-27-e1628503549140.jpg\" alt=\"2021.08.07 Unwetter (27)\" \/><\/a><\/div><div class=\"su-carousel-slide\"><a href=\"https:\/\/feuerwehr-simbach.de\/wp-content\/uploads\/2021\/08\/Unwetter-07.08.2021-28-e1628503559293.jpg\" title=\"2021.08.07 Unwetter (28)\"><img decoding=\"async\" src=\"https:\/\/feuerwehr-simbach.de\/wp-content\/uploads\/2021\/08\/Unwetter-07.08.2021-28-e1628503559293.jpg\" alt=\"2021.08.07 Unwetter (28)\" \/><\/a><\/div><div class=\"su-carousel-slide\"><a href=\"https:\/\/feuerwehr-simbach.de\/wp-content\/uploads\/2021\/08\/Unwetter-07.08.2021-29-e1628503569318.jpg\" title=\"2021.08.07 Unwetter (29)\"><img decoding=\"async\" src=\"https:\/\/feuerwehr-simbach.de\/wp-content\/uploads\/2021\/08\/Unwetter-07.08.2021-29-e1628503569318.jpg\" alt=\"2021.08.07 Unwetter (29)\" \/><\/a><\/div><div class=\"su-carousel-slide\"><a href=\"https:\/\/feuerwehr-simbach.de\/wp-content\/uploads\/2021\/08\/Unwetter-07.08.2021-30-e1628503579298.jpg\" title=\"2021.08.07 Unwetter (30)\"><img decoding=\"async\" src=\"https:\/\/feuerwehr-simbach.de\/wp-content\/uploads\/2021\/08\/Unwetter-07.08.2021-30-e1628503579298.jpg\" alt=\"2021.08.07 Unwetter (30)\" \/><\/a><\/div><div class=\"su-carousel-slide\"><a href=\"https:\/\/feuerwehr-simbach.de\/wp-content\/uploads\/2021\/08\/Unwetter-07.08.2021-31-e1628503589591.jpg\" title=\"2021.08.07 Unwetter (31)\"><img decoding=\"async\" src=\"https:\/\/feuerwehr-simbach.de\/wp-content\/uploads\/2021\/08\/Unwetter-07.08.2021-31-e1628503589591.jpg\" alt=\"2021.08.07 Unwetter (31)\" \/><\/a><\/div><div class=\"su-carousel-slide\"><a href=\"https:\/\/feuerwehr-simbach.de\/wp-content\/uploads\/2021\/08\/Unwetter-07.08.2021-32-e1628503602795.jpg\" title=\"2021.08.07 Unwetter (32)\"><img decoding=\"async\" src=\"https:\/\/feuerwehr-simbach.de\/wp-content\/uploads\/2021\/08\/Unwetter-07.08.2021-32-e1628503602795.jpg\" alt=\"2021.08.07 Unwetter (32)\" \/><\/a><\/div><div class=\"su-carousel-slide\"><a href=\"https:\/\/feuerwehr-simbach.de\/wp-content\/uploads\/2021\/08\/Unwetter-07.08.2021-33-e1628503612376.jpg\" title=\"2021.08.07 Unwetter (33)\"><img decoding=\"async\" src=\"https:\/\/feuerwehr-simbach.de\/wp-content\/uploads\/2021\/08\/Unwetter-07.08.2021-33-e1628503612376.jpg\" alt=\"2021.08.07 Unwetter (33)\" \/><\/a><\/div><div class=\"su-carousel-slide\"><a href=\"https:\/\/feuerwehr-simbach.de\/wp-content\/uploads\/2021\/08\/Unwetter-07.08.2021-34-e1628503625863.jpg\" title=\"2021.08.07 Unwetter (34)\"><img decoding=\"async\" src=\"https:\/\/feuerwehr-simbach.de\/wp-content\/uploads\/2021\/08\/Unwetter-07.08.2021-34-e1628503625863.jpg\" alt=\"2021.08.07 Unwetter (34)\" \/><\/a><\/div><div class=\"su-carousel-slide\"><a href=\"https:\/\/feuerwehr-simbach.de\/wp-content\/uploads\/2021\/08\/Unwetter-07.08.2021-35-e1628503638524.jpg\" title=\"2021.08.07 Unwetter (35)\"><img decoding=\"async\" src=\"https:\/\/feuerwehr-simbach.de\/wp-content\/uploads\/2021\/08\/Unwetter-07.08.2021-35-e1628503638524.jpg\" alt=\"2021.08.07 Unwetter (35)\" \/><\/a><\/div><div class=\"su-carousel-slide\"><a href=\"https:\/\/feuerwehr-simbach.de\/wp-content\/uploads\/2021\/08\/Unwetter-07.08.2021-36-e1628503650133.jpg\" title=\"2021.08.07 Unwetter (36)\"><img decoding=\"async\" src=\"https:\/\/feuerwehr-simbach.de\/wp-content\/uploads\/2021\/08\/Unwetter-07.08.2021-36-e1628503650133.jpg\" alt=\"2021.08.07 Unwetter (36)\" \/><\/a><\/div><div class=\"su-carousel-slide\"><a href=\"https:\/\/feuerwehr-simbach.de\/wp-content\/uploads\/2021\/08\/Unwetter-07.08.2021-37-e1628503660409.jpg\" title=\"2021.08.07 Unwetter (37)\"><img decoding=\"async\" src=\"https:\/\/feuerwehr-simbach.de\/wp-content\/uploads\/2021\/08\/Unwetter-07.08.2021-37-e1628503660409.jpg\" alt=\"2021.08.07 Unwetter (37)\" \/><\/a><\/div><div class=\"su-carousel-slide\"><a href=\"https:\/\/feuerwehr-simbach.de\/wp-content\/uploads\/2021\/08\/Unwetter-07.08.2021-38-e1628503670711.jpg\" title=\"2021.08.07 Unwetter (38)\"><img decoding=\"async\" src=\"https:\/\/feuerwehr-simbach.de\/wp-content\/uploads\/2021\/08\/Unwetter-07.08.2021-38-e1628503670711.jpg\" alt=\"2021.08.07 Unwetter (38)\" \/><\/a><\/div><div class=\"su-carousel-slide\"><a href=\"https:\/\/feuerwehr-simbach.de\/wp-content\/uploads\/2021\/08\/Unwetter-07.08.2021-39-e1628503680803.jpg\" title=\"2021.08.07 Unwetter (39)\"><img decoding=\"async\" src=\"https:\/\/feuerwehr-simbach.de\/wp-content\/uploads\/2021\/08\/Unwetter-07.08.2021-39-e1628503680803.jpg\" alt=\"2021.08.07 Unwetter (39)\" \/><\/a><\/div><div class=\"su-carousel-slide\"><a href=\"https:\/\/feuerwehr-simbach.de\/wp-content\/uploads\/2021\/08\/Unwetter-07.08.2021-40-e1628503694183.jpg\" title=\"2021.08.07 Unwetter (40)\"><img decoding=\"async\" src=\"https:\/\/feuerwehr-simbach.de\/wp-content\/uploads\/2021\/08\/Unwetter-07.08.2021-40-e1628503694183.jpg\" alt=\"2021.08.07 Unwetter (40)\" \/><\/a><\/div><\/div><div class=\"su-carousel-nav\"><div class=\"su-carousel-direction\"><span class=\"su-carousel-prev\"><\/span><span class=\"su-carousel-next\"><\/span><\/div><div class=\"su-carousel-pagination\"><\/div><\/div><\/div>\n<\/div>","protected":false},"author":11,"featured_media":15074,"template":"","meta":{"einsatz_weight":1,"footnotes":""},"categories":[162],"tags":[],"einsatzart":[],"fahrzeug":[],"exteinsatzmittel":[],"alarmierungsart":[],"evw_unit":[],"class_list":["post-15045","einsatz","type-einsatz","status-publish","has-post-thumbnail","hentry","category-einsaetze-2021"],"_links":{"self":[{"href":"https:\/\/feuerwehr-simbach.de\/index.php?rest_route=\/wp\/v2\/einsatz\/15045","targetHints":{"allow":["GET"]}}],"collection":[{"href":"https:\/\/feuerwehr-simbach.de\/index.php?rest_route=\/wp\/v2\/einsatz"}],"about":[{"href":"https:\/\/feuerwehr-simbach.de\/index.php?rest_route=\/wp\/v2\/types\/einsatz"}],"author":[{"embeddable":true,"href":"https:\/\/feuerwehr-simbach.de\/index.php?rest_route=\/wp\/v2\/users\/11"}],"version-history":[{"count":9,"href":"https:\/\/feuerwehr-simbach.de\/index.php?rest_route=\/wp\/v2\/einsatz\/15045\/revisions"}],"predecessor-version":[{"id":19928,"href":"https:\/\/feuerwehr-simbach.de\/index.php?rest_route=\/wp\/v2\/einsatz\/15045\/revisions\/19928"}],"wp:featuredmedia":[{"embeddable":true,"href":"https:\/\/feuerwehr-simbach.de\/index.php?rest_route=\/wp\/v2\/media\/15074"}],"wp:attachment":[{"href":"https:\/\/feuerwehr-simbach.de\/index.php?rest_route=%2Fwp%2Fv2%2Fmedia&parent=15045"}],"wp:term":[{"taxonomy":"category","embeddable":true,"href":"https:\/\/feuerwehr-simbach.de\/index.php?rest_route=%2Fwp%2Fv2%2Fcategories&post=15045"},{"taxonomy":"post_tag","embeddable":true,"href":"https:\/\/feuerwehr-simbach.de\/index.php?rest_route=%2Fwp%2Fv2%2Ftags&post=15045"},{"taxonomy":"einsatzart","embeddable":true,"href":"https:\/\/feuerwehr-simbach.de\/index.php?rest_route=%2Fwp%2Fv2%2Feinsatzart&post=15045"},{"taxonomy":"fahrzeug","embeddable":true,"href":"https:\/\/feuerwehr-simbach.de\/index.php?rest_route=%2Fwp%2Fv2%2Ffahrzeug&post=15045"},{"taxonomy":"exteinsatzmittel","embeddable":true,"href":"https:\/\/feuerwehr-simbach.de\/index.php?rest_route=%2Fwp%2Fv2%2Fexteinsatzmittel&post=15045"},{"taxonomy":"alarmierungsart","embeddable":true,"href":"https:\/\/feuerwehr-simbach.de\/index.php?rest_route=%2Fwp%2Fv2%2Falarmierungsart&post=15045"},{"taxonomy":"evw_unit","embeddable":true,"href":"https:\/\/feuerwehr-simbach.de\/index.php?rest_route=%2Fwp%2Fv2%2Fevw_unit&post=15045"}],"curies":[{"name":"wp","href":"https:\/\/api.w.org\/{rel}","templated":true}]}}