{"id":15656,"date":"2021-11-06T17:12:00","date_gmt":"2021-11-06T16:12:00","guid":{"rendered":"https:\/\/feuerwehr-simbach.de\/?post_type=einsatz&#038;p=15656"},"modified":"2021-11-06T18:16:32","modified_gmt":"2021-11-06T17:16:32","slug":"06-11-2021-zimmerbrand-mit-person-in-gefahr","status":"publish","type":"einsatz","link":"https:\/\/feuerwehr-simbach.de\/?einsatz=06-11-2021-zimmerbrand-mit-person-in-gefahr","title":{"rendered":"06.11.2021 &#8211; Zimmerbrand mit Person in Gefahr"},"content":{"rendered":"<div class=\"wpb-content-wrapper\">[vc_row][vc_column][vc_empty_space height=&#8220;1&#8243;][\/vc_column][\/vc_row][vc_row equal_height=&#8220;yes&#8220; inverse=&#8220;&#8220; css=&#8220;.vc_custom_1545579889091{padding-bottom: 25px !important;background-color: #edf2ef !important;}&#8220;][vc_column width=&#8220;1\/4&#8243;][vc_column_text]\n<p><strong>Einsatzart:<\/strong><\/p>\n[\/vc_column_text][\/vc_column][vc_column width=&#8220;3\/4&#8243;][vc_column_text]Brandeinsatz[\/vc_column_text][\/vc_column][\/vc_row][vc_row equal_height=&#8220;yes&#8220; inverse=&#8220;&#8220; css=&#8220;.vc_custom_1545579201718{padding-bottom: 25px !important;}&#8220;][vc_column width=&#8220;1\/4&#8243;][vc_column_text]\n<p><strong>Schlagwort:<\/strong><\/p>\n[\/vc_column_text][\/vc_column][vc_column width=&#8220;3\/4&#8243;][vc_column_text]Zimmerbrand mit Person in Gefahr[\/vc_column_text][\/vc_column][\/vc_row][vc_row equal_height=&#8220;yes&#8220; inverse=&#8220;&#8220; css=&#8220;.vc_custom_1545579190843{padding-bottom: 25px !important;background-color: #edf2ef !important;}&#8220;][vc_column width=&#8220;1\/4&#8243;][vc_column_text]\n<p><strong>Stichwort:<\/strong><\/p>\n[\/vc_column_text][\/vc_column][vc_column width=&#8220;3\/4&#8243;][vc_column_text]B 3 Person[\/vc_column_text][\/vc_column][\/vc_row][vc_row equal_height=&#8220;yes&#8220; inverse=&#8220;&#8220; css=&#8220;.vc_custom_1545579201718{padding-bottom: 25px !important;}&#8220;][vc_column width=&#8220;1\/4&#8243;][vc_column_text]\n<p><strong>Einsatzort:<\/strong><\/p>\n[\/vc_column_text][\/vc_column][vc_column width=&#8220;3\/4&#8243;][vc_column_text]Simbach, Stegh\u00e4user[\/vc_column_text][\/vc_column][\/vc_row][vc_row equal_height=&#8220;yes&#8220; inverse=&#8220;&#8220; css=&#8220;.vc_custom_1545579210044{padding-bottom: 25px !important;background-color: #edf2ef !important;}&#8220;][vc_column width=&#8220;1\/4&#8243;][vc_column_text]\n<p><strong>Datum:<\/strong><\/p>\n[\/vc_column_text][\/vc_column][vc_column width=&#8220;3\/4&#8243;][vc_column_text]Samstag, 06. November 2021[\/vc_column_text][\/vc_column][\/vc_row][vc_row equal_height=&#8220;yes&#8220; inverse=&#8220;&#8220; css=&#8220;.vc_custom_1545579217081{padding-bottom: 25px !important;}&#8220;][vc_column width=&#8220;1\/4&#8243;][vc_column_text]\n<p><strong>Alarmierung (Schleife):<\/strong><\/p>\n[\/vc_column_text][\/vc_column][vc_column width=&#8220;3\/4&#8243;][vc_column_text]Vollalarm[\/vc_column_text][\/vc_column][\/vc_row][vc_row equal_height=&#8220;yes&#8220; inverse=&#8220;&#8220; css=&#8220;.vc_custom_1545579225595{padding-bottom: 25px !important;background-color: #edf2ef !important;}&#8220;][vc_column width=&#8220;1\/4&#8243;][vc_column_text]\n<p><strong>E<\/strong><strong>ingesetzte<\/strong><strong> Kr\u00e4fte:<\/strong><\/p>\n[\/vc_column_text][\/vc_column][vc_column width=&#8220;3\/4&#8243;][vc_column_text]FF Simbach a. Inn, FF Erlach, FF Kirchberg a. Inn, KBI 2, KBM 2\/2, Rettungsdienst, Einsatzleiter Rettungsdienst, Polizei[\/vc_column_text][\/vc_column][\/vc_row][vc_row][vc_column][vc_empty_space height=&#8220;30&#8243;][\/vc_column][\/vc_row][vc_row][vc_column][vc_separator border_width=&#8220;4&#8243;][\/vc_column][\/vc_row][vc_row][vc_column][vc_empty_space height=&#8220;30&#8243;][\/vc_column][\/vc_row][vc_row equal_height=&#8220;yes&#8220; inverse=&#8220;&#8220; css=&#8220;.vc_custom_1534176358862{padding-bottom: 25px !important;}&#8220;][vc_column width=&#8220;1\/4&#8243;][vc_column_text]\n<p><strong>Einsatzbericht:<\/strong><\/p>\n<p class=\"p1\">[\/vc_column_text][\/vc_column][vc_column width=&#8220;3\/4&#8243;][vc_column_text]Am Samstag gegen 14.15 Uhr alarmierte uns die ILS Passau gemeinsam mit den Feuerwehren aus Kirchberg und Erlach nach dem Stichwort B3 Person zu einem Zimmerbrand mit Person in Gefahr in den Ortsteil Stegh\u00e4user. Als wir an der Einsatzstelle eintrafen, befand sich die Person gl\u00fccklicherweise bereits im Freien und wurde vom Rettungsdienst betreut. Sie wurde anschlie\u00dfend in ein Krankenhaus abtransportiert. Zudem konnte der Brand von einem Bewohner des Mehrparteienhauses bereits teilweise mit einem Feuerl\u00f6scher gel\u00f6scht werden.<br \/>\nZur weiteren Personensuche sowie zum endg\u00fcltigen L\u00f6schen des Brandes gingen trotzdem unverz\u00fcglich nach Eintreffen zwei Trupps unter Atemschutz ins Geb\u00e4ude vor. Der Sicherheitstrupp wurde von der Feuerwehr Erlach gestellt. Nachdem dieser jedoch im weiteren Einsatzverlauf ebenfalls ins Geb\u00e4ude vorging, wurden der Sicherheitstrupp von den Kirchberger Kameraden gestellt. Der erste Angriffstrupp konnte w\u00e4hrenddessen den Brandherd l\u00f6schen und das Brandgut ins Freie bef\u00f6rdern. Gl\u00fccklicherweise konnten die eingesetzten Trupps bei der weiteren Durchsuchung der Wohnung keine Personen mehr finden. Gleichzeitig zum Vorgehen der Trupps unter Atemschutz wurde eine Anleiterbereitschaft sichergestellt, die Bel\u00fcftung der Wohnung vorbereitet sowie die F\u00fchrungsunterst\u00fctzung aufgebaut.<br \/>\nNachdem die Trupps unter Atemschutz die Wohnung nochmals komplett kontrollierten und keine Brandgefahr mehr feststellen konnten, r\u00fcckten sowohl wir als auch alle weiteren Kr\u00e4fte wieder in ihre Ger\u00e4teh\u00e4user ein.[\/vc_column_text][\/vc_column][\/vc_row][vc_row][vc_column][vc_column_text]\n<p>&nbsp;<\/p>\n<div id=\"su_carousel_69f0925f242fc\" class=\"su-carousel su-carousel-centered su-carousel-pages-no su-carousel-responsive-yes JLqJ4b ChMk0b su-lightbox-gallery\" style=\"width:100%\" data-autoplay=\"3000\" data-speed=\"2000\" data-mousewheel=\"true\" data-items=\"3\" data-scroll=\"1\"><div class=\"su-carousel-slides\"><div class=\"su-carousel-slide\"><a href=\"https:\/\/feuerwehr-simbach.de\/wp-content\/uploads\/2021\/11\/Zimmerbrand-mit-Person-in-Gefahr-06.11.2021-1-e1636215830907.jpg\" title=\"2021.11.06 Zimmerbrand mit Person in Gefahr (1)\"><img decoding=\"async\" src=\"https:\/\/feuerwehr-simbach.de\/wp-content\/uploads\/2021\/11\/Zimmerbrand-mit-Person-in-Gefahr-06.11.2021-1-e1636215830907.jpg\" alt=\"2021.11.06 Zimmerbrand mit Person in Gefahr (1)\" \/><\/a><\/div><div class=\"su-carousel-slide\"><a href=\"https:\/\/feuerwehr-simbach.de\/wp-content\/uploads\/2021\/11\/Zimmerbrand-mit-Person-in-Gefahr-06.11.2021-2-e1636215840536.jpg\" title=\"2021.11.06 Zimmerbrand mit Person in Gefahr (2)\"><img decoding=\"async\" src=\"https:\/\/feuerwehr-simbach.de\/wp-content\/uploads\/2021\/11\/Zimmerbrand-mit-Person-in-Gefahr-06.11.2021-2-e1636215840536.jpg\" alt=\"2021.11.06 Zimmerbrand mit Person in Gefahr (2)\" \/><\/a><\/div><div class=\"su-carousel-slide\"><a href=\"https:\/\/feuerwehr-simbach.de\/wp-content\/uploads\/2021\/11\/Zimmerbrand-mit-Person-in-Gefahr-06.11.2021-3-e1636215851586.jpg\" title=\"2021.11.06 Zimmerbrand mit Person in Gefahr (3)\"><img decoding=\"async\" src=\"https:\/\/feuerwehr-simbach.de\/wp-content\/uploads\/2021\/11\/Zimmerbrand-mit-Person-in-Gefahr-06.11.2021-3-e1636215851586.jpg\" alt=\"2021.11.06 Zimmerbrand mit Person in Gefahr (3)\" \/><\/a><\/div><div class=\"su-carousel-slide\"><a href=\"https:\/\/feuerwehr-simbach.de\/wp-content\/uploads\/2021\/11\/Zimmerbrand-mit-Person-in-Gefahr-06.11.2021-4-e1636215862184.jpg\" title=\"2021.11.06 Zimmerbrand mit Person in Gefahr (4)\"><img decoding=\"async\" src=\"https:\/\/feuerwehr-simbach.de\/wp-content\/uploads\/2021\/11\/Zimmerbrand-mit-Person-in-Gefahr-06.11.2021-4-e1636215862184.jpg\" alt=\"2021.11.06 Zimmerbrand mit Person in Gefahr (4)\" \/><\/a><\/div><div class=\"su-carousel-slide\"><a href=\"https:\/\/feuerwehr-simbach.de\/wp-content\/uploads\/2021\/11\/Zimmerbrand-mit-Person-in-Gefahr-06.11.2021-5-e1636215874846.jpg\" title=\"2021.11.06 Zimmerbrand mit Person in Gefahr (5)\"><img decoding=\"async\" src=\"https:\/\/feuerwehr-simbach.de\/wp-content\/uploads\/2021\/11\/Zimmerbrand-mit-Person-in-Gefahr-06.11.2021-5-e1636215874846.jpg\" alt=\"2021.11.06 Zimmerbrand mit Person in Gefahr (5)\" \/><\/a><\/div><div class=\"su-carousel-slide\"><a href=\"https:\/\/feuerwehr-simbach.de\/wp-content\/uploads\/2021\/11\/Zimmerbrand-mit-Person-in-Gefahr-06.11.2021-6-e1636215885109.jpg\" title=\"2021.11.06 Zimmerbrand mit Person in Gefahr (6)\"><img decoding=\"async\" src=\"https:\/\/feuerwehr-simbach.de\/wp-content\/uploads\/2021\/11\/Zimmerbrand-mit-Person-in-Gefahr-06.11.2021-6-e1636215885109.jpg\" alt=\"2021.11.06 Zimmerbrand mit Person in Gefahr (6)\" \/><\/a><\/div><div class=\"su-carousel-slide\"><a href=\"https:\/\/feuerwehr-simbach.de\/wp-content\/uploads\/2021\/11\/Zimmerbrand-mit-Person-in-Gefahr-06.11.2021-7-e1636215896826.jpg\" title=\"2021.11.06 Zimmerbrand mit Person in Gefahr (7)\"><img decoding=\"async\" src=\"https:\/\/feuerwehr-simbach.de\/wp-content\/uploads\/2021\/11\/Zimmerbrand-mit-Person-in-Gefahr-06.11.2021-7-e1636215896826.jpg\" alt=\"2021.11.06 Zimmerbrand mit Person in Gefahr (7)\" \/><\/a><\/div><div class=\"su-carousel-slide\"><a href=\"https:\/\/feuerwehr-simbach.de\/wp-content\/uploads\/2021\/11\/Zimmerbrand-mit-Person-in-Gefahr-06.11.2021-8-e1636216000607.jpg\" title=\"2021.11.06 Zimmerbrand mit Person in Gefahr (8)\"><img decoding=\"async\" src=\"https:\/\/feuerwehr-simbach.de\/wp-content\/uploads\/2021\/11\/Zimmerbrand-mit-Person-in-Gefahr-06.11.2021-8-e1636216000607.jpg\" alt=\"2021.11.06 Zimmerbrand mit Person in Gefahr (8)\" \/><\/a><\/div><div class=\"su-carousel-slide\"><a href=\"https:\/\/feuerwehr-simbach.de\/wp-content\/uploads\/2021\/11\/Zimmerbrand-mit-Person-in-Gefahr-06.11.2021-9-e1636216011266.jpg\" title=\"2021.11.06 Zimmerbrand mit Person in Gefahr (9)\"><img decoding=\"async\" src=\"https:\/\/feuerwehr-simbach.de\/wp-content\/uploads\/2021\/11\/Zimmerbrand-mit-Person-in-Gefahr-06.11.2021-9-e1636216011266.jpg\" alt=\"2021.11.06 Zimmerbrand mit Person in Gefahr (9)\" \/><\/a><\/div><div class=\"su-carousel-slide\"><a href=\"https:\/\/feuerwehr-simbach.de\/wp-content\/uploads\/2021\/11\/Zimmerbrand-mit-Person-in-Gefahr-06.11.2021-10-e1636216021213.jpg\" title=\"2021.11.06 Zimmerbrand mit Person in Gefahr (10)\"><img decoding=\"async\" src=\"https:\/\/feuerwehr-simbach.de\/wp-content\/uploads\/2021\/11\/Zimmerbrand-mit-Person-in-Gefahr-06.11.2021-10-e1636216021213.jpg\" alt=\"2021.11.06 Zimmerbrand mit Person in Gefahr (10)\" \/><\/a><\/div><div class=\"su-carousel-slide\"><a href=\"https:\/\/feuerwehr-simbach.de\/wp-content\/uploads\/2021\/11\/Zimmerbrand-mit-Person-in-Gefahr-06.11.2021-11-e1636216031235.jpg\" title=\"2021.11.06 Zimmerbrand mit Person in Gefahr (11)\"><img decoding=\"async\" src=\"https:\/\/feuerwehr-simbach.de\/wp-content\/uploads\/2021\/11\/Zimmerbrand-mit-Person-in-Gefahr-06.11.2021-11-e1636216031235.jpg\" alt=\"2021.11.06 Zimmerbrand mit Person in Gefahr (11)\" \/><\/a><\/div><div class=\"su-carousel-slide\"><a href=\"https:\/\/feuerwehr-simbach.de\/wp-content\/uploads\/2021\/11\/Zimmerbrand-mit-Person-in-Gefahr-06.11.2021-12-e1636216043128.jpg\" title=\"2021.11.06 Zimmerbrand mit Person in Gefahr (12)\"><img decoding=\"async\" src=\"https:\/\/feuerwehr-simbach.de\/wp-content\/uploads\/2021\/11\/Zimmerbrand-mit-Person-in-Gefahr-06.11.2021-12-e1636216043128.jpg\" alt=\"2021.11.06 Zimmerbrand mit Person in Gefahr (12)\" \/><\/a><\/div><div class=\"su-carousel-slide\"><a href=\"https:\/\/feuerwehr-simbach.de\/wp-content\/uploads\/2021\/11\/Zimmerbrand-mit-Person-in-Gefahr-06.11.2021-13-e1636216054550.jpg\" title=\"2021.11.06 Zimmerbrand mit Person in Gefahr (13)\"><img decoding=\"async\" src=\"https:\/\/feuerwehr-simbach.de\/wp-content\/uploads\/2021\/11\/Zimmerbrand-mit-Person-in-Gefahr-06.11.2021-13-e1636216054550.jpg\" alt=\"2021.11.06 Zimmerbrand mit Person in Gefahr (13)\" \/><\/a><\/div><div class=\"su-carousel-slide\"><a href=\"https:\/\/feuerwehr-simbach.de\/wp-content\/uploads\/2021\/11\/Zimmerbrand-mit-Person-in-Gefahr-06.11.2021-14-e1636216065274.jpg\" title=\"2021.11.06 Zimmerbrand mit Person in Gefahr (14)\"><img decoding=\"async\" src=\"https:\/\/feuerwehr-simbach.de\/wp-content\/uploads\/2021\/11\/Zimmerbrand-mit-Person-in-Gefahr-06.11.2021-14-e1636216065274.jpg\" alt=\"2021.11.06 Zimmerbrand mit Person in Gefahr (14)\" \/><\/a><\/div><div class=\"su-carousel-slide\"><a href=\"https:\/\/feuerwehr-simbach.de\/wp-content\/uploads\/2021\/11\/Zimmerbrand-mit-Person-in-Gefahr-06.11.2021-15-e1636216076337.jpg\" title=\"2021.11.06 Zimmerbrand mit Person in Gefahr (15)\"><img decoding=\"async\" src=\"https:\/\/feuerwehr-simbach.de\/wp-content\/uploads\/2021\/11\/Zimmerbrand-mit-Person-in-Gefahr-06.11.2021-15-e1636216076337.jpg\" alt=\"2021.11.06 Zimmerbrand mit Person in Gefahr (15)\" \/><\/a><\/div><\/div><div class=\"su-carousel-nav\"><div class=\"su-carousel-direction\"><span class=\"su-carousel-prev\"><\/span><span class=\"su-carousel-next\"><\/span><\/div><div class=\"su-carousel-pagination\"><\/div><\/div><\/div>\n<p>&nbsp;<\/p>\n<\/div>","protected":false},"author":22,"featured_media":15672,"template":"","meta":{"einsatz_weight":1,"footnotes":""},"categories":[162],"tags":[],"einsatzart":[],"fahrzeug":[],"exteinsatzmittel":[],"alarmierungsart":[],"evw_unit":[],"class_list":["post-15656","einsatz","type-einsatz","status-publish","has-post-thumbnail","hentry","category-einsaetze-2021"],"_links":{"self":[{"href":"https:\/\/feuerwehr-simbach.de\/index.php?rest_route=\/wp\/v2\/einsatz\/15656","targetHints":{"allow":["GET"]}}],"collection":[{"href":"https:\/\/feuerwehr-simbach.de\/index.php?rest_route=\/wp\/v2\/einsatz"}],"about":[{"href":"https:\/\/feuerwehr-simbach.de\/index.php?rest_route=\/wp\/v2\/types\/einsatz"}],"author":[{"embeddable":true,"href":"https:\/\/feuerwehr-simbach.de\/index.php?rest_route=\/wp\/v2\/users\/22"}],"version-history":[{"count":4,"href":"https:\/\/feuerwehr-simbach.de\/index.php?rest_route=\/wp\/v2\/einsatz\/15656\/revisions"}],"predecessor-version":[{"id":15678,"href":"https:\/\/feuerwehr-simbach.de\/index.php?rest_route=\/wp\/v2\/einsatz\/15656\/revisions\/15678"}],"wp:featuredmedia":[{"embeddable":true,"href":"https:\/\/feuerwehr-simbach.de\/index.php?rest_route=\/wp\/v2\/media\/15672"}],"wp:attachment":[{"href":"https:\/\/feuerwehr-simbach.de\/index.php?rest_route=%2Fwp%2Fv2%2Fmedia&parent=15656"}],"wp:term":[{"taxonomy":"category","embeddable":true,"href":"https:\/\/feuerwehr-simbach.de\/index.php?rest_route=%2Fwp%2Fv2%2Fcategories&post=15656"},{"taxonomy":"post_tag","embeddable":true,"href":"https:\/\/feuerwehr-simbach.de\/index.php?rest_route=%2Fwp%2Fv2%2Ftags&post=15656"},{"taxonomy":"einsatzart","embeddable":true,"href":"https:\/\/feuerwehr-simbach.de\/index.php?rest_route=%2Fwp%2Fv2%2Feinsatzart&post=15656"},{"taxonomy":"fahrzeug","embeddable":true,"href":"https:\/\/feuerwehr-simbach.de\/index.php?rest_route=%2Fwp%2Fv2%2Ffahrzeug&post=15656"},{"taxonomy":"exteinsatzmittel","embeddable":true,"href":"https:\/\/feuerwehr-simbach.de\/index.php?rest_route=%2Fwp%2Fv2%2Fexteinsatzmittel&post=15656"},{"taxonomy":"alarmierungsart","embeddable":true,"href":"https:\/\/feuerwehr-simbach.de\/index.php?rest_route=%2Fwp%2Fv2%2Falarmierungsart&post=15656"},{"taxonomy":"evw_unit","embeddable":true,"href":"https:\/\/feuerwehr-simbach.de\/index.php?rest_route=%2Fwp%2Fv2%2Fevw_unit&post=15656"}],"curies":[{"name":"wp","href":"https:\/\/api.w.org\/{rel}","templated":true}]}}