{"id":15734,"date":"2021-11-16T09:44:00","date_gmt":"2021-11-16T08:44:00","guid":{"rendered":"https:\/\/feuerwehr-simbach.de\/?post_type=einsatz&#038;p=15734"},"modified":"2021-11-17T10:02:34","modified_gmt":"2021-11-17T09:02:34","slug":"16-11-2021-verkehrsunfall-mit-eingeklemmter-person","status":"publish","type":"einsatz","link":"https:\/\/feuerwehr-simbach.de\/?einsatz=16-11-2021-verkehrsunfall-mit-eingeklemmter-person","title":{"rendered":"16.11.2021 &#8211; Verkehrsunfall mit eingeklemmter Person"},"content":{"rendered":"<div class=\"wpb-content-wrapper\">[vc_row][vc_column][vc_empty_space height=&#8220;1&#8243;][\/vc_column][\/vc_row][vc_row equal_height=&#8220;yes&#8220; inverse=&#8220;&#8220; css=&#8220;.vc_custom_1545579889091{padding-bottom: 25px !important;background-color: #edf2ef !important;}&#8220;][vc_column width=&#8220;1\/4&#8243;][vc_column_text]\n<p><strong>Einsatzart:<\/strong><\/p>\n[\/vc_column_text][\/vc_column][vc_column width=&#8220;3\/4&#8243;][vc_column_text]Technische Hilfeleistung[\/vc_column_text][\/vc_column][\/vc_row][vc_row equal_height=&#8220;yes&#8220; inverse=&#8220;&#8220; css=&#8220;.vc_custom_1545579201718{padding-bottom: 25px !important;}&#8220;][vc_column width=&#8220;1\/4&#8243;][vc_column_text]\n<p><strong>Schlagwort:<\/strong><\/p>\n[\/vc_column_text][\/vc_column][vc_column width=&#8220;3\/4&#8243;][vc_column_text]Verkehrsunfall mit eingeklemmter Person[\/vc_column_text][\/vc_column][\/vc_row][vc_row equal_height=&#8220;yes&#8220; inverse=&#8220;&#8220; css=&#8220;.vc_custom_1545579190843{padding-bottom: 25px !important;background-color: #edf2ef !important;}&#8220;][vc_column width=&#8220;1\/4&#8243;][vc_column_text]\n<p><strong>Stichwort:<\/strong><\/p>\n[\/vc_column_text][\/vc_column][vc_column width=&#8220;3\/4&#8243;][vc_column_text]THL 3[\/vc_column_text][\/vc_column][\/vc_row][vc_row equal_height=&#8220;yes&#8220; inverse=&#8220;&#8220; css=&#8220;.vc_custom_1545579201718{padding-bottom: 25px !important;}&#8220;][vc_column width=&#8220;1\/4&#8243;][vc_column_text]\n<p><strong>Einsatzort:<\/strong><\/p>\n[\/vc_column_text][\/vc_column][vc_column width=&#8220;3\/4&#8243;][vc_column_text]Simbach, B12 H\u00f6he Lengdorf[\/vc_column_text][\/vc_column][\/vc_row][vc_row equal_height=&#8220;yes&#8220; inverse=&#8220;&#8220; css=&#8220;.vc_custom_1545579210044{padding-bottom: 25px !important;background-color: #edf2ef !important;}&#8220;][vc_column width=&#8220;1\/4&#8243;][vc_column_text]\n<p><strong>Datum:<\/strong><\/p>\n[\/vc_column_text][\/vc_column][vc_column width=&#8220;3\/4&#8243;][vc_column_text]Dienstag, 16. November 2021[\/vc_column_text][\/vc_column][\/vc_row][vc_row equal_height=&#8220;yes&#8220; inverse=&#8220;&#8220; css=&#8220;.vc_custom_1545579217081{padding-bottom: 25px !important;}&#8220;][vc_column width=&#8220;1\/4&#8243;][vc_column_text]\n<p><strong>Alarmierung (Schleife):<\/strong><\/p>\n[\/vc_column_text][\/vc_column][vc_column width=&#8220;3\/4&#8243;][vc_column_text]Vollalarm mit Sirene[\/vc_column_text][\/vc_column][\/vc_row][vc_row equal_height=&#8220;yes&#8220; inverse=&#8220;&#8220; css=&#8220;.vc_custom_1545579225595{padding-bottom: 25px !important;background-color: #edf2ef !important;}&#8220;][vc_column width=&#8220;1\/4&#8243;][vc_column_text]\n<p><strong>E<\/strong><strong>ingesetzte<\/strong><strong> Kr\u00e4fte:<\/strong><\/p>\n[\/vc_column_text][\/vc_column][vc_column width=&#8220;3\/4&#8243;][vc_column_text]FF Simbach a. Inn, FF Kirchdorf a. Inn, KBM 2\/1, Polizei,\u00a0 Rettungsdienst, Einsatzleiter Rettungsdienst[\/vc_column_text][\/vc_column][\/vc_row][vc_row][vc_column][vc_empty_space height=&#8220;30&#8243;][\/vc_column][\/vc_row][vc_row][vc_column][vc_separator border_width=&#8220;4&#8243;][\/vc_column][\/vc_row][vc_row][vc_column][vc_empty_space height=&#8220;30&#8243;][\/vc_column][\/vc_row][vc_row equal_height=&#8220;yes&#8220; inverse=&#8220;&#8220; css=&#8220;.vc_custom_1534176358862{padding-bottom: 25px !important;}&#8220;][vc_column width=&#8220;1\/4&#8243;][vc_column_text]\n<p><strong>Einsatzbericht:<\/strong><\/p>\n<p class=\"p1\">[\/vc_column_text][\/vc_column][vc_column width=&#8220;3\/4&#8243;][vc_column_text]Am Dienstag gegen 8.15 Uhr morgens alarmierte uns die ILS Passau gemeinsam mit der Feuerwehr Kirchdorf sowie zahlreichen Einsatzkr\u00e4ften von Rettungsdienst und Polizei nach dem Stichwort THL 3 zu einem Verkehrsunfall mit einer eingeklemmten Person auf die B12 H\u00f6he Lengdorf. Als wir an der Einsatzstelle eintrafen, stellte sich heraus, dass ein PKW frontal mit einem LKW zusammengesto\u00dfen war und die Person entgegen der Erstmeldung nicht mehr im Fahrzeug eingeklemmt war. Diese wurde bereits vom Rettungsdienst medizinisch versorgt. Jedoch kam f\u00fcr den Patienten jede Hilfe zu sp\u00e4t und er verstarb noch an der Unfallstelle. Unsere Aufgaben beschr\u00e4nkten sich somit auf die Sicherstellung des Brandschutzes sowie das Binden ausgelaufener Betriebsstoffe. Zudem \u00fcbernahmen wir gemeinsam mit den Kameraden aus Kirchdorf die Vollsperrung der B12 zwischen Simbach-Mitte und der Ausfahrt Kirchdorf. Nachdem sowohl die Ermittlungen der Polizei als auch die des Gutachters abgeschlossen werden konnten, wurden die Fahrzeuge von einem \u00f6rtlichen Bergeunternehmen abgeschleppt und wir konnten wieder ins Ger\u00e4tehaus einr\u00fccken. Die Sperre der B12 konnte somit nach etwa vier Stunden ebenfalls wieder aufgehoben werden.<\/p>\n<p class=\"p1\">Hier einige Berichte der \u00f6rtlichen Medien:<br \/>\n&#8211; <a href=\"https:\/\/www.pnp.de\/lokales\/landkreis-rottal-inn\/simbach\/B12-im-Landkreis-Rottal-Inn-nach-schwerem-Unfall-gesperrt-4165197.html\">Passauer Neue Presse<\/a><br \/>\n&#8211; <a href=\"https:\/\/www.innsalzach24.de\/innsalzach\/region-burghausen\/burghausen-ort481637\/simbach-am-inn-schwerer-unfall-auf-b12-bei-mooseck-am-16-november-91118580.html\">Innsalzach 24<\/a><br \/>\n&#8211; <a href=\"https:\/\/passau.niederbayerntv.de\/mediathek\/video\/toedlicher-verkehrsunfall-bei-simbach-am-inn-lkr-rottal-inn\/\">Niederbayern TV Passau<\/a>[\/vc_column_text][\/vc_column][\/vc_row][vc_row][vc_column][vc_column_text]\n<p>&nbsp;<\/p>\n<div id=\"su_carousel_69f09287e5476\" class=\"su-carousel su-carousel-centered su-carousel-pages-no su-carousel-responsive-yes JLqJ4b ChMk0b su-lightbox-gallery\" style=\"width:100%\" data-autoplay=\"3000\" data-speed=\"2000\" data-mousewheel=\"true\" data-items=\"3\" data-scroll=\"1\"><div class=\"su-carousel-slides\"><div class=\"su-carousel-slide\"><a href=\"https:\/\/feuerwehr-simbach.de\/wp-content\/uploads\/2021\/11\/Verkehrsunfall-mit-eingeklemmter-Person-16.11.2021-1-e1637137207623.jpg\" title=\"2021.11.16 Verkehrsunfall mit eingeklemmter Person (1)\"><img decoding=\"async\" src=\"https:\/\/feuerwehr-simbach.de\/wp-content\/uploads\/2021\/11\/Verkehrsunfall-mit-eingeklemmter-Person-16.11.2021-1-e1637137207623.jpg\" alt=\"2021.11.16 Verkehrsunfall mit eingeklemmter Person (1)\" \/><\/a><\/div><div class=\"su-carousel-slide\"><a href=\"https:\/\/feuerwehr-simbach.de\/wp-content\/uploads\/2021\/11\/Verkehrsunfall-mit-eingeklemmter-Person-16.11.2021-2-e1637137218598.jpg\" title=\"2021.11.16 Verkehrsunfall mit eingeklemmter Person (2)\"><img decoding=\"async\" src=\"https:\/\/feuerwehr-simbach.de\/wp-content\/uploads\/2021\/11\/Verkehrsunfall-mit-eingeklemmter-Person-16.11.2021-2-e1637137218598.jpg\" alt=\"2021.11.16 Verkehrsunfall mit eingeklemmter Person (2)\" \/><\/a><\/div><div class=\"su-carousel-slide\"><a href=\"https:\/\/feuerwehr-simbach.de\/wp-content\/uploads\/2021\/11\/Verkehrsunfall-mit-eingeklemmter-Person-16.11.2021-3-e1637137229314.jpg\" title=\"2021.11.16 Verkehrsunfall mit eingeklemmter Person (3)\"><img decoding=\"async\" src=\"https:\/\/feuerwehr-simbach.de\/wp-content\/uploads\/2021\/11\/Verkehrsunfall-mit-eingeklemmter-Person-16.11.2021-3-e1637137229314.jpg\" alt=\"2021.11.16 Verkehrsunfall mit eingeklemmter Person (3)\" \/><\/a><\/div><div class=\"su-carousel-slide\"><a href=\"https:\/\/feuerwehr-simbach.de\/wp-content\/uploads\/2021\/11\/Verkehrsunfall-mit-eingeklemmter-Person-16.11.2021-4-e1637137240493.jpg\" title=\"2021.11.16 Verkehrsunfall mit eingeklemmter Person (4)\"><img decoding=\"async\" src=\"https:\/\/feuerwehr-simbach.de\/wp-content\/uploads\/2021\/11\/Verkehrsunfall-mit-eingeklemmter-Person-16.11.2021-4-e1637137240493.jpg\" alt=\"2021.11.16 Verkehrsunfall mit eingeklemmter Person (4)\" \/><\/a><\/div><div class=\"su-carousel-slide\"><a href=\"https:\/\/feuerwehr-simbach.de\/wp-content\/uploads\/2021\/11\/Verkehrsunfall-mit-eingeklemmter-Person-16.11.2021-5-e1637137251700.jpg\" title=\"2021.11.16 Verkehrsunfall mit eingeklemmter Person (5)\"><img decoding=\"async\" src=\"https:\/\/feuerwehr-simbach.de\/wp-content\/uploads\/2021\/11\/Verkehrsunfall-mit-eingeklemmter-Person-16.11.2021-5-e1637137251700.jpg\" alt=\"2021.11.16 Verkehrsunfall mit eingeklemmter Person (5)\" \/><\/a><\/div><div class=\"su-carousel-slide\"><a href=\"https:\/\/feuerwehr-simbach.de\/wp-content\/uploads\/2021\/11\/Verkehrsunfall-mit-eingeklemmter-Person-16.11.2021-6-e1637137262673.jpg\" title=\"2021.11.16 Verkehrsunfall mit eingeklemmter Person (6)\"><img decoding=\"async\" src=\"https:\/\/feuerwehr-simbach.de\/wp-content\/uploads\/2021\/11\/Verkehrsunfall-mit-eingeklemmter-Person-16.11.2021-6-e1637137262673.jpg\" alt=\"2021.11.16 Verkehrsunfall mit eingeklemmter Person (6)\" \/><\/a><\/div><div class=\"su-carousel-slide\"><a href=\"https:\/\/feuerwehr-simbach.de\/wp-content\/uploads\/2021\/11\/Verkehrsunfall-mit-eingeklemmter-Person-16.11.2021-7-e1637137296942.jpg\" title=\"2021.11.16 Verkehrsunfall mit eingeklemmter Person (7)\"><img decoding=\"async\" src=\"https:\/\/feuerwehr-simbach.de\/wp-content\/uploads\/2021\/11\/Verkehrsunfall-mit-eingeklemmter-Person-16.11.2021-7-e1637137296942.jpg\" alt=\"2021.11.16 Verkehrsunfall mit eingeklemmter Person (7)\" \/><\/a><\/div><div class=\"su-carousel-slide\"><a href=\"https:\/\/feuerwehr-simbach.de\/wp-content\/uploads\/2021\/11\/Verkehrsunfall-mit-eingeklemmter-Person-16.11.2021-8-e1637137306606.jpg\" title=\"2021.11.16 Verkehrsunfall mit eingeklemmter Person (8)\"><img decoding=\"async\" src=\"https:\/\/feuerwehr-simbach.de\/wp-content\/uploads\/2021\/11\/Verkehrsunfall-mit-eingeklemmter-Person-16.11.2021-8-e1637137306606.jpg\" alt=\"2021.11.16 Verkehrsunfall mit eingeklemmter Person (8)\" \/><\/a><\/div><div class=\"su-carousel-slide\"><a href=\"https:\/\/feuerwehr-simbach.de\/wp-content\/uploads\/2021\/11\/Verkehrsunfall-mit-eingeklemmter-Person-16.11.2021-9-e1637137316461.jpg\" title=\"2021.11.16 Verkehrsunfall mit eingeklemmter Person (9)\"><img decoding=\"async\" src=\"https:\/\/feuerwehr-simbach.de\/wp-content\/uploads\/2021\/11\/Verkehrsunfall-mit-eingeklemmter-Person-16.11.2021-9-e1637137316461.jpg\" alt=\"2021.11.16 Verkehrsunfall mit eingeklemmter Person (9)\" \/><\/a><\/div><div class=\"su-carousel-slide\"><a href=\"https:\/\/feuerwehr-simbach.de\/wp-content\/uploads\/2021\/11\/Verkehrsunfall-mit-eingeklemmter-Person-16.11.2021-10-e1637137326108.jpg\" title=\"2021.11.16 Verkehrsunfall mit eingeklemmter Person (10)\"><img decoding=\"async\" src=\"https:\/\/feuerwehr-simbach.de\/wp-content\/uploads\/2021\/11\/Verkehrsunfall-mit-eingeklemmter-Person-16.11.2021-10-e1637137326108.jpg\" alt=\"2021.11.16 Verkehrsunfall mit eingeklemmter Person (10)\" \/><\/a><\/div><div class=\"su-carousel-slide\"><a href=\"https:\/\/feuerwehr-simbach.de\/wp-content\/uploads\/2021\/11\/Verkehrsunfall-mit-eingeklemmter-Person-16.11.2021-11-e1637137337172.jpg\" title=\"2021.11.16 Verkehrsunfall mit eingeklemmter Person (11)\"><img decoding=\"async\" src=\"https:\/\/feuerwehr-simbach.de\/wp-content\/uploads\/2021\/11\/Verkehrsunfall-mit-eingeklemmter-Person-16.11.2021-11-e1637137337172.jpg\" alt=\"2021.11.16 Verkehrsunfall mit eingeklemmter Person (11)\" \/><\/a><\/div><div class=\"su-carousel-slide\"><a href=\"https:\/\/feuerwehr-simbach.de\/wp-content\/uploads\/2021\/11\/Verkehrsunfall-mit-eingeklemmter-Person-16.11.2021-12-e1637137349315.jpg\" title=\"2021.11.16 Verkehrsunfall mit eingeklemmter Person (12)\"><img decoding=\"async\" src=\"https:\/\/feuerwehr-simbach.de\/wp-content\/uploads\/2021\/11\/Verkehrsunfall-mit-eingeklemmter-Person-16.11.2021-12-e1637137349315.jpg\" alt=\"2021.11.16 Verkehrsunfall mit eingeklemmter Person (12)\" \/><\/a><\/div><div class=\"su-carousel-slide\"><a href=\"https:\/\/feuerwehr-simbach.de\/wp-content\/uploads\/2021\/11\/Verkehrsunfall-mit-eingeklemmter-Person-16.11.2021-13-e1637137360921.jpg\" title=\"2021.11.16 Verkehrsunfall mit eingeklemmter Person (13)\"><img decoding=\"async\" src=\"https:\/\/feuerwehr-simbach.de\/wp-content\/uploads\/2021\/11\/Verkehrsunfall-mit-eingeklemmter-Person-16.11.2021-13-e1637137360921.jpg\" alt=\"2021.11.16 Verkehrsunfall mit eingeklemmter Person (13)\" \/><\/a><\/div><div class=\"su-carousel-slide\"><a href=\"https:\/\/feuerwehr-simbach.de\/wp-content\/uploads\/2021\/11\/Verkehrsunfall-mit-eingeklemmter-Person-16.11.2021-14-e1637137371519.jpg\" title=\"2021.11.16 Verkehrsunfall mit eingeklemmter Person (14)\"><img decoding=\"async\" src=\"https:\/\/feuerwehr-simbach.de\/wp-content\/uploads\/2021\/11\/Verkehrsunfall-mit-eingeklemmter-Person-16.11.2021-14-e1637137371519.jpg\" alt=\"2021.11.16 Verkehrsunfall mit eingeklemmter Person (14)\" \/><\/a><\/div><div class=\"su-carousel-slide\"><a href=\"https:\/\/feuerwehr-simbach.de\/wp-content\/uploads\/2021\/11\/Verkehrsunfall-mit-eingeklemmter-Person-16.11.2021-15-e1637137381201.jpg\" title=\"2021.11.16 Verkehrsunfall mit eingeklemmter Person (15)\"><img decoding=\"async\" src=\"https:\/\/feuerwehr-simbach.de\/wp-content\/uploads\/2021\/11\/Verkehrsunfall-mit-eingeklemmter-Person-16.11.2021-15-e1637137381201.jpg\" alt=\"2021.11.16 Verkehrsunfall mit eingeklemmter Person (15)\" \/><\/a><\/div><\/div><div class=\"su-carousel-nav\"><div class=\"su-carousel-direction\"><span class=\"su-carousel-prev\"><\/span><span class=\"su-carousel-next\"><\/span><\/div><div class=\"su-carousel-pagination\"><\/div><\/div><\/div>\n<\/div>","protected":false},"author":11,"featured_media":0,"template":"","meta":{"einsatz_weight":1,"footnotes":""},"categories":[162],"tags":[],"einsatzart":[],"fahrzeug":[],"exteinsatzmittel":[],"alarmierungsart":[],"evw_unit":[],"class_list":["post-15734","einsatz","type-einsatz","status-publish","hentry","category-einsaetze-2021"],"_links":{"self":[{"href":"https:\/\/feuerwehr-simbach.de\/index.php?rest_route=\/wp\/v2\/einsatz\/15734","targetHints":{"allow":["GET"]}}],"collection":[{"href":"https:\/\/feuerwehr-simbach.de\/index.php?rest_route=\/wp\/v2\/einsatz"}],"about":[{"href":"https:\/\/feuerwehr-simbach.de\/index.php?rest_route=\/wp\/v2\/types\/einsatz"}],"author":[{"embeddable":true,"href":"https:\/\/feuerwehr-simbach.de\/index.php?rest_route=\/wp\/v2\/users\/11"}],"version-history":[{"count":7,"href":"https:\/\/feuerwehr-simbach.de\/index.php?rest_route=\/wp\/v2\/einsatz\/15734\/revisions"}],"predecessor-version":[{"id":15780,"href":"https:\/\/feuerwehr-simbach.de\/index.php?rest_route=\/wp\/v2\/einsatz\/15734\/revisions\/15780"}],"wp:attachment":[{"href":"https:\/\/feuerwehr-simbach.de\/index.php?rest_route=%2Fwp%2Fv2%2Fmedia&parent=15734"}],"wp:term":[{"taxonomy":"category","embeddable":true,"href":"https:\/\/feuerwehr-simbach.de\/index.php?rest_route=%2Fwp%2Fv2%2Fcategories&post=15734"},{"taxonomy":"post_tag","embeddable":true,"href":"https:\/\/feuerwehr-simbach.de\/index.php?rest_route=%2Fwp%2Fv2%2Ftags&post=15734"},{"taxonomy":"einsatzart","embeddable":true,"href":"https:\/\/feuerwehr-simbach.de\/index.php?rest_route=%2Fwp%2Fv2%2Feinsatzart&post=15734"},{"taxonomy":"fahrzeug","embeddable":true,"href":"https:\/\/feuerwehr-simbach.de\/index.php?rest_route=%2Fwp%2Fv2%2Ffahrzeug&post=15734"},{"taxonomy":"exteinsatzmittel","embeddable":true,"href":"https:\/\/feuerwehr-simbach.de\/index.php?rest_route=%2Fwp%2Fv2%2Fexteinsatzmittel&post=15734"},{"taxonomy":"alarmierungsart","embeddable":true,"href":"https:\/\/feuerwehr-simbach.de\/index.php?rest_route=%2Fwp%2Fv2%2Falarmierungsart&post=15734"},{"taxonomy":"evw_unit","embeddable":true,"href":"https:\/\/feuerwehr-simbach.de\/index.php?rest_route=%2Fwp%2Fv2%2Fevw_unit&post=15734"}],"curies":[{"name":"wp","href":"https:\/\/api.w.org\/{rel}","templated":true}]}}