{"id":16019,"date":"2021-12-24T11:22:00","date_gmt":"2021-12-24T10:22:00","guid":{"rendered":"https:\/\/feuerwehr-simbach.de\/?post_type=einsatz&#038;p=16019"},"modified":"2021-12-24T12:13:19","modified_gmt":"2021-12-24T11:13:19","slug":"23-12-2021-mehrere-verkehrsunfaelle-durch-glatteis","status":"publish","type":"einsatz","link":"https:\/\/feuerwehr-simbach.de\/?einsatz=23-12-2021-mehrere-verkehrsunfaelle-durch-glatteis","title":{"rendered":"23.12.2021 &#8211; Mehrere Verkehrsunf\u00e4lle durch Glatteis"},"content":{"rendered":"<div class=\"wpb-content-wrapper\">[vc_row][vc_column][vc_empty_space height=&#8220;1&#8243;][\/vc_column][\/vc_row][vc_row equal_height=&#8220;yes&#8220; inverse=&#8220;&#8220; css=&#8220;.vc_custom_1545579889091{padding-bottom: 25px !important;background-color: #edf2ef !important;}&#8220;][vc_column width=&#8220;1\/4&#8243;][vc_column_text]\n<p><strong>Einsatzart:<\/strong><\/p>\n[\/vc_column_text][\/vc_column][vc_column width=&#8220;3\/4&#8243;][vc_column_text]Technische Hilfeleistung[\/vc_column_text][\/vc_column][\/vc_row][vc_row equal_height=&#8220;yes&#8220; inverse=&#8220;&#8220; css=&#8220;.vc_custom_1545579201718{padding-bottom: 25px !important;}&#8220;][vc_column width=&#8220;1\/4&#8243;][vc_column_text]\n<p><strong>Schlagwort:<\/strong><\/p>\n[\/vc_column_text][\/vc_column][vc_column width=&#8220;3\/4&#8243;][vc_column_text]Mehrere Verkehrsunf\u00e4lle durch Glatteis[\/vc_column_text][\/vc_column][\/vc_row][vc_row equal_height=&#8220;yes&#8220; inverse=&#8220;&#8220; css=&#8220;.vc_custom_1545579190843{padding-bottom: 25px !important;background-color: #edf2ef !important;}&#8220;][vc_column width=&#8220;1\/4&#8243;][vc_column_text]\n<p><strong>Stichwort:<\/strong><\/p>\n[\/vc_column_text][\/vc_column][vc_column width=&#8220;3\/4&#8243;][vc_column_text]THL 1[\/vc_column_text][\/vc_column][\/vc_row][vc_row equal_height=&#8220;yes&#8220; inverse=&#8220;&#8220; css=&#8220;.vc_custom_1545579201718{padding-bottom: 25px !important;}&#8220;][vc_column width=&#8220;1\/4&#8243;][vc_column_text]\n<p><strong>Einsatzort:<\/strong><\/p>\n[\/vc_column_text][\/vc_column][vc_column width=&#8220;3\/4&#8243;][vc_column_text]Simbach, B12[\/vc_column_text][\/vc_column][\/vc_row][vc_row equal_height=&#8220;yes&#8220; inverse=&#8220;&#8220; css=&#8220;.vc_custom_1545579210044{padding-bottom: 25px !important;background-color: #edf2ef !important;}&#8220;][vc_column width=&#8220;1\/4&#8243;][vc_column_text]\n<p><strong>Datum:<\/strong><\/p>\n[\/vc_column_text][\/vc_column][vc_column width=&#8220;3\/4&#8243;][vc_column_text]Donnerstag, 23. Dezember 2021[\/vc_column_text][\/vc_column][\/vc_row][vc_row equal_height=&#8220;yes&#8220; inverse=&#8220;&#8220; css=&#8220;.vc_custom_1545579217081{padding-bottom: 25px !important;}&#8220;][vc_column width=&#8220;1\/4&#8243;][vc_column_text]\n<p><strong>Alarmierung (Schleife):<\/strong><\/p>\n[\/vc_column_text][\/vc_column][vc_column width=&#8220;3\/4&#8243;][vc_column_text]Vollalarm[\/vc_column_text][\/vc_column][\/vc_row][vc_row equal_height=&#8220;yes&#8220; inverse=&#8220;&#8220; css=&#8220;.vc_custom_1545579225595{padding-bottom: 25px !important;background-color: #edf2ef !important;}&#8220;][vc_column width=&#8220;1\/4&#8243;][vc_column_text]\n<p><strong>E<\/strong><strong>ingesetzte<\/strong><strong> Kr\u00e4fte:<\/strong><\/p>\n[\/vc_column_text][\/vc_column][vc_column width=&#8220;3\/4&#8243;][vc_column_text]FF Simbach a. Inn, FF Kirchdorf a. Inn, KBM 2\/1, Polizei, Rettungsdienst[\/vc_column_text][\/vc_column][\/vc_row][vc_row][vc_column][vc_empty_space height=&#8220;30&#8243;][\/vc_column][\/vc_row][vc_row][vc_column][vc_separator border_width=&#8220;4&#8243;][\/vc_column][\/vc_row][vc_row][vc_column][vc_empty_space height=&#8220;30&#8243;][\/vc_column][\/vc_row][vc_row equal_height=&#8220;yes&#8220; inverse=&#8220;&#8220; css=&#8220;.vc_custom_1534176358862{padding-bottom: 25px !important;}&#8220;][vc_column width=&#8220;1\/4&#8243;][vc_column_text]\n<p><strong>Einsatzbericht:<\/strong><\/p>\n<p class=\"p1\">[\/vc_column_text][\/vc_column][vc_column width=&#8220;3\/4&#8243;][vc_column_text]<span class=\"s1\">Am Donnerstag gegen 20.30 Uhr wurde die Feuerwehr Kirchdorf zu einem Verkehrsunfall auf die B12 gerufen. Noch auf der Anfahrt der Einsatzkr\u00e4fte stellte sich heraus, dass sich durch Glatteis auf dem Abschnitt von Simbach-Mitte bis zur Ausschleifung Kirchdorf mehrere Verkehrsunf\u00e4lle ereigneten, weshalb wir nachalarmiert wurden. Nach unserem Eintreffen k\u00fcmmerten wir uns um die Sperre der Bundesstra\u00dfe im Bereich Simbach-Mitte. Zudem erfolgte eine Erkundung der Bundesstra\u00dfe von Simbach-Mitte bis Ering, ob sich auch hier Unf\u00e4lle ereigneten, was gl\u00fccklicherweise nicht der Fall war. Da keine Betriebsstoffe aus den verunfallten Fahrzeugen austraten, waren f\u00fcr uns keine weiteren Ma\u00dfnahmen erforderlich. Nachdem der Abschleppdienst die Fahrzeuge bergen konnte und das Glatteis durch ein Fahrzeug des Winterdienstes beseitigt <\/span><span class=\"s1\">wurde, kehrten wir nach etwa drei Stunden wieder ins Ger\u00e4tehaus zur\u00fcck.<\/span>[\/vc_column_text][\/vc_column][\/vc_row][vc_row][vc_column][vc_column_text]\n<p>&nbsp;<\/p>\n<div id=\"su_carousel_69f0927770102\" class=\"su-carousel su-carousel-centered su-carousel-pages-no su-carousel-responsive-yes JLqJ4b ChMk0b su-lightbox-gallery\" style=\"width:100%\" data-autoplay=\"3000\" data-speed=\"2000\" data-mousewheel=\"true\" data-items=\"3\" data-scroll=\"1\"><div class=\"su-carousel-slides\"><div class=\"su-carousel-slide\"><a href=\"https:\/\/feuerwehr-simbach.de\/wp-content\/uploads\/2021\/12\/Mehrere-Verkehrsunfaelle-durch-Glatteis-23.12.2021-1-e1640342534869.jpg\" title=\"2021.12.23 Mehrere Verkehrsunf\u00e4lle durch Glatteis (1)\"><img decoding=\"async\" src=\"https:\/\/feuerwehr-simbach.de\/wp-content\/uploads\/2021\/12\/Mehrere-Verkehrsunfaelle-durch-Glatteis-23.12.2021-1-e1640342534869.jpg\" alt=\"2021.12.23 Mehrere Verkehrsunf\u00e4lle durch Glatteis (1)\" \/><\/a><\/div><div class=\"su-carousel-slide\"><a href=\"https:\/\/feuerwehr-simbach.de\/wp-content\/uploads\/2021\/12\/Mehrere-Verkehrsunfaelle-durch-Glatteis-23.12.2021-2-e1640342544126.jpg\" title=\"2021.12.23 Mehrere Verkehrsunf\u00e4lle durch Glatteis (2)\"><img decoding=\"async\" src=\"https:\/\/feuerwehr-simbach.de\/wp-content\/uploads\/2021\/12\/Mehrere-Verkehrsunfaelle-durch-Glatteis-23.12.2021-2-e1640342544126.jpg\" alt=\"2021.12.23 Mehrere Verkehrsunf\u00e4lle durch Glatteis (2)\" \/><\/a><\/div><div class=\"su-carousel-slide\"><a href=\"https:\/\/feuerwehr-simbach.de\/wp-content\/uploads\/2021\/12\/Mehrere-Verkehrsunfaelle-durch-Glatteis-23.12.2021-3-e1640342554871.jpg\" title=\"2021.12.23 Mehrere Verkehrsunf\u00e4lle durch Glatteis (3)\"><img decoding=\"async\" src=\"https:\/\/feuerwehr-simbach.de\/wp-content\/uploads\/2021\/12\/Mehrere-Verkehrsunfaelle-durch-Glatteis-23.12.2021-3-e1640342554871.jpg\" alt=\"2021.12.23 Mehrere Verkehrsunf\u00e4lle durch Glatteis (3)\" \/><\/a><\/div><div class=\"su-carousel-slide\"><a href=\"https:\/\/feuerwehr-simbach.de\/wp-content\/uploads\/2021\/12\/Mehrere-Verkehrsunfaelle-durch-Glatteis-23.12.2021-4-e1640342563319.jpg\" title=\"2021.12.23 Mehrere Verkehrsunf\u00e4lle durch Glatteis (4)\"><img decoding=\"async\" src=\"https:\/\/feuerwehr-simbach.de\/wp-content\/uploads\/2021\/12\/Mehrere-Verkehrsunfaelle-durch-Glatteis-23.12.2021-4-e1640342563319.jpg\" alt=\"2021.12.23 Mehrere Verkehrsunf\u00e4lle durch Glatteis (4)\" \/><\/a><\/div><div class=\"su-carousel-slide\"><a href=\"https:\/\/feuerwehr-simbach.de\/wp-content\/uploads\/2021\/12\/Mehrere-Verkehrsunfaelle-durch-Glatteis-23.12.2021-5-e1640342573425.jpg\" title=\"2021.12.23 Mehrere Verkehrsunf\u00e4lle durch Glatteis (5)\"><img decoding=\"async\" src=\"https:\/\/feuerwehr-simbach.de\/wp-content\/uploads\/2021\/12\/Mehrere-Verkehrsunfaelle-durch-Glatteis-23.12.2021-5-e1640342573425.jpg\" alt=\"2021.12.23 Mehrere Verkehrsunf\u00e4lle durch Glatteis (5)\" \/><\/a><\/div><div class=\"su-carousel-slide\"><a href=\"https:\/\/feuerwehr-simbach.de\/wp-content\/uploads\/2021\/12\/Mehrere-Verkehrsunfaelle-durch-Glatteis-23.12.2021-6-e1640342583500.jpg\" title=\"2021.12.23 Mehrere Verkehrsunf\u00e4lle durch Glatteis (6)\"><img decoding=\"async\" src=\"https:\/\/feuerwehr-simbach.de\/wp-content\/uploads\/2021\/12\/Mehrere-Verkehrsunfaelle-durch-Glatteis-23.12.2021-6-e1640342583500.jpg\" alt=\"2021.12.23 Mehrere Verkehrsunf\u00e4lle durch Glatteis (6)\" \/><\/a><\/div><div class=\"su-carousel-slide\"><a href=\"https:\/\/feuerwehr-simbach.de\/wp-content\/uploads\/2021\/12\/Mehrere-Verkehrsunfaelle-durch-Glatteis-23.12.2021-7-e1640342593826.jpg\" title=\"2021.12.23 Mehrere Verkehrsunf\u00e4lle durch Glatteis (7)\"><img decoding=\"async\" src=\"https:\/\/feuerwehr-simbach.de\/wp-content\/uploads\/2021\/12\/Mehrere-Verkehrsunfaelle-durch-Glatteis-23.12.2021-7-e1640342593826.jpg\" alt=\"2021.12.23 Mehrere Verkehrsunf\u00e4lle durch Glatteis (7)\" \/><\/a><\/div><div class=\"su-carousel-slide\"><a href=\"https:\/\/feuerwehr-simbach.de\/wp-content\/uploads\/2021\/12\/Mehrere-Verkehrsunfaelle-durch-Glatteis-23.12.2021-8-e1640342603519.jpg\" title=\"2021.12.23 Mehrere Verkehrsunf\u00e4lle durch Glatteis (8)\"><img decoding=\"async\" src=\"https:\/\/feuerwehr-simbach.de\/wp-content\/uploads\/2021\/12\/Mehrere-Verkehrsunfaelle-durch-Glatteis-23.12.2021-8-e1640342603519.jpg\" alt=\"2021.12.23 Mehrere Verkehrsunf\u00e4lle durch Glatteis (8)\" \/><\/a><\/div><div class=\"su-carousel-slide\"><a href=\"https:\/\/feuerwehr-simbach.de\/wp-content\/uploads\/2021\/12\/Mehrere-Verkehrsunfaelle-durch-Glatteis-23.12.2021-9-e1640342613682.jpg\" title=\"2021.12.23 Mehrere Verkehrsunf\u00e4lle durch Glatteis (9)\"><img decoding=\"async\" src=\"https:\/\/feuerwehr-simbach.de\/wp-content\/uploads\/2021\/12\/Mehrere-Verkehrsunfaelle-durch-Glatteis-23.12.2021-9-e1640342613682.jpg\" alt=\"2021.12.23 Mehrere Verkehrsunf\u00e4lle durch Glatteis (9)\" \/><\/a><\/div><div class=\"su-carousel-slide\"><a href=\"https:\/\/feuerwehr-simbach.de\/wp-content\/uploads\/2021\/12\/Mehrere-Verkehrsunfaelle-durch-Glatteis-23.12.2021-10-e1640342623253.jpg\" title=\"2021.12.23 Mehrere Verkehrsunf\u00e4lle durch Glatteis (10)\"><img decoding=\"async\" src=\"https:\/\/feuerwehr-simbach.de\/wp-content\/uploads\/2021\/12\/Mehrere-Verkehrsunfaelle-durch-Glatteis-23.12.2021-10-e1640342623253.jpg\" alt=\"2021.12.23 Mehrere Verkehrsunf\u00e4lle durch Glatteis (10)\" \/><\/a><\/div><div class=\"su-carousel-slide\"><a href=\"https:\/\/feuerwehr-simbach.de\/wp-content\/uploads\/2021\/12\/Mehrere-Verkehrsunfaelle-durch-Glatteis-23.12.2021-11-e1640342631839.jpg\" title=\"2021.12.23 Mehrere Verkehrsunf\u00e4lle durch Glatteis (11)\"><img decoding=\"async\" src=\"https:\/\/feuerwehr-simbach.de\/wp-content\/uploads\/2021\/12\/Mehrere-Verkehrsunfaelle-durch-Glatteis-23.12.2021-11-e1640342631839.jpg\" alt=\"2021.12.23 Mehrere Verkehrsunf\u00e4lle durch Glatteis (11)\" \/><\/a><\/div><div class=\"su-carousel-slide\"><a href=\"https:\/\/feuerwehr-simbach.de\/wp-content\/uploads\/2021\/12\/Mehrere-Verkehrsunfaelle-durch-Glatteis-23.12.2021-12-e1640342641906.jpg\" title=\"2021.12.23 Mehrere Verkehrsunf\u00e4lle durch Glatteis (12)\"><img decoding=\"async\" src=\"https:\/\/feuerwehr-simbach.de\/wp-content\/uploads\/2021\/12\/Mehrere-Verkehrsunfaelle-durch-Glatteis-23.12.2021-12-e1640342641906.jpg\" alt=\"2021.12.23 Mehrere Verkehrsunf\u00e4lle durch Glatteis (12)\" \/><\/a><\/div><div class=\"su-carousel-slide\"><a href=\"https:\/\/feuerwehr-simbach.de\/wp-content\/uploads\/2021\/12\/Mehrere-Verkehrsunfaelle-durch-Glatteis-23.12.2021-13-e1640342653291.jpg\" title=\"2021.12.23 Mehrere Verkehrsunf\u00e4lle durch Glatteis (13)\"><img decoding=\"async\" src=\"https:\/\/feuerwehr-simbach.de\/wp-content\/uploads\/2021\/12\/Mehrere-Verkehrsunfaelle-durch-Glatteis-23.12.2021-13-e1640342653291.jpg\" alt=\"2021.12.23 Mehrere Verkehrsunf\u00e4lle durch Glatteis (13)\" \/><\/a><\/div><div class=\"su-carousel-slide\"><a href=\"https:\/\/feuerwehr-simbach.de\/wp-content\/uploads\/2021\/12\/Mehrere-Verkehrsunfaelle-durch-Glatteis-23.12.2021-14-e1640342664264.jpg\" title=\"2021.12.23 Mehrere Verkehrsunf\u00e4lle durch Glatteis (14)\"><img decoding=\"async\" src=\"https:\/\/feuerwehr-simbach.de\/wp-content\/uploads\/2021\/12\/Mehrere-Verkehrsunfaelle-durch-Glatteis-23.12.2021-14-e1640342664264.jpg\" alt=\"2021.12.23 Mehrere Verkehrsunf\u00e4lle durch Glatteis (14)\" \/><\/a><\/div><\/div><div class=\"su-carousel-nav\"><div class=\"su-carousel-direction\"><span class=\"su-carousel-prev\"><\/span><span class=\"su-carousel-next\"><\/span><\/div><div class=\"su-carousel-pagination\"><\/div><\/div><\/div>\n<\/div>","protected":false},"author":22,"featured_media":16029,"template":"","meta":{"einsatz_weight":1,"footnotes":""},"categories":[162],"tags":[],"einsatzart":[],"fahrzeug":[],"exteinsatzmittel":[],"alarmierungsart":[],"evw_unit":[],"class_list":["post-16019","einsatz","type-einsatz","status-publish","has-post-thumbnail","hentry","category-einsaetze-2021"],"_links":{"self":[{"href":"https:\/\/feuerwehr-simbach.de\/index.php?rest_route=\/wp\/v2\/einsatz\/16019","targetHints":{"allow":["GET"]}}],"collection":[{"href":"https:\/\/feuerwehr-simbach.de\/index.php?rest_route=\/wp\/v2\/einsatz"}],"about":[{"href":"https:\/\/feuerwehr-simbach.de\/index.php?rest_route=\/wp\/v2\/types\/einsatz"}],"author":[{"embeddable":true,"href":"https:\/\/feuerwehr-simbach.de\/index.php?rest_route=\/wp\/v2\/users\/22"}],"version-history":[{"count":4,"href":"https:\/\/feuerwehr-simbach.de\/index.php?rest_route=\/wp\/v2\/einsatz\/16019\/revisions"}],"predecessor-version":[{"id":16041,"href":"https:\/\/feuerwehr-simbach.de\/index.php?rest_route=\/wp\/v2\/einsatz\/16019\/revisions\/16041"}],"wp:featuredmedia":[{"embeddable":true,"href":"https:\/\/feuerwehr-simbach.de\/index.php?rest_route=\/wp\/v2\/media\/16029"}],"wp:attachment":[{"href":"https:\/\/feuerwehr-simbach.de\/index.php?rest_route=%2Fwp%2Fv2%2Fmedia&parent=16019"}],"wp:term":[{"taxonomy":"category","embeddable":true,"href":"https:\/\/feuerwehr-simbach.de\/index.php?rest_route=%2Fwp%2Fv2%2Fcategories&post=16019"},{"taxonomy":"post_tag","embeddable":true,"href":"https:\/\/feuerwehr-simbach.de\/index.php?rest_route=%2Fwp%2Fv2%2Ftags&post=16019"},{"taxonomy":"einsatzart","embeddable":true,"href":"https:\/\/feuerwehr-simbach.de\/index.php?rest_route=%2Fwp%2Fv2%2Feinsatzart&post=16019"},{"taxonomy":"fahrzeug","embeddable":true,"href":"https:\/\/feuerwehr-simbach.de\/index.php?rest_route=%2Fwp%2Fv2%2Ffahrzeug&post=16019"},{"taxonomy":"exteinsatzmittel","embeddable":true,"href":"https:\/\/feuerwehr-simbach.de\/index.php?rest_route=%2Fwp%2Fv2%2Fexteinsatzmittel&post=16019"},{"taxonomy":"alarmierungsart","embeddable":true,"href":"https:\/\/feuerwehr-simbach.de\/index.php?rest_route=%2Fwp%2Fv2%2Falarmierungsart&post=16019"},{"taxonomy":"evw_unit","embeddable":true,"href":"https:\/\/feuerwehr-simbach.de\/index.php?rest_route=%2Fwp%2Fv2%2Fevw_unit&post=16019"}],"curies":[{"name":"wp","href":"https:\/\/api.w.org\/{rel}","templated":true}]}}