{"id":20341,"date":"2023-11-09T18:24:00","date_gmt":"2023-11-09T17:24:00","guid":{"rendered":"https:\/\/feuerwehr-simbach.de\/?post_type=einsatz&#038;p=20341"},"modified":"2026-02-08T13:50:02","modified_gmt":"2026-02-08T12:50:02","slug":"09-11-2023-wasserrettung-personensuche","status":"publish","type":"einsatz","link":"https:\/\/feuerwehr-simbach.de\/?einsatz=09-11-2023-wasserrettung-personensuche","title":{"rendered":"09.11.2023 &#8211; Wasserrettung &#8211; Personensuche"},"content":{"rendered":"<div class=\"wpb-content-wrapper\">[vc_row][vc_column][vc_empty_space height=&#8220;1&#8243;][\/vc_column][\/vc_row][vc_row equal_height=&#8220;yes&#8220; inverse=&#8220;&#8220; css=&#8220;.vc_custom_1545579889091{padding-bottom: 25px !important;background-color: #edf2ef !important;}&#8220;][vc_column width=&#8220;1\/4&#8243;][vc_column_text]\n<p><strong>Einsatzart:<\/strong><\/p>\n[\/vc_column_text][\/vc_column][vc_column width=&#8220;3\/4&#8243;][vc_column_text]Technische Hilfeleistung[\/vc_column_text][\/vc_column][\/vc_row][vc_row equal_height=&#8220;yes&#8220; inverse=&#8220;&#8220; css=&#8220;.vc_custom_1545579201718{padding-bottom: 25px !important;}&#8220;][vc_column width=&#8220;1\/4&#8243;][vc_column_text]\n<p><strong>Schlagwort:<\/strong><\/p>\n[\/vc_column_text][\/vc_column][vc_column width=&#8220;3\/4&#8243;][vc_column_text]Wasserrettung &#8211; Personensuche[\/vc_column_text][\/vc_column][\/vc_row][vc_row equal_height=&#8220;yes&#8220; inverse=&#8220;&#8220; css=&#8220;.vc_custom_1545579190843{padding-bottom: 25px !important;background-color: #edf2ef !important;}&#8220;][vc_column width=&#8220;1\/4&#8243;][vc_column_text]\n<p><strong>Stichwort:<\/strong><\/p>\n[\/vc_column_text][\/vc_column][vc_column width=&#8220;3\/4&#8243;][vc_column_text]THL Wasser[\/vc_column_text][\/vc_column][\/vc_row][vc_row equal_height=&#8220;yes&#8220; inverse=&#8220;&#8220; css=&#8220;.vc_custom_1545579201718{padding-bottom: 25px !important;}&#8220;][vc_column width=&#8220;1\/4&#8243;][vc_column_text]\n<p><strong>Einsatzort:<\/strong><\/p>\n[\/vc_column_text][\/vc_column][vc_column width=&#8220;3\/4&#8243;][vc_column_text]Simbach, Inn &#8211; Unterstau[\/vc_column_text][\/vc_column][\/vc_row][vc_row equal_height=&#8220;yes&#8220; inverse=&#8220;&#8220; css=&#8220;.vc_custom_1545579210044{padding-bottom: 25px !important;background-color: #edf2ef !important;}&#8220;][vc_column width=&#8220;1\/4&#8243;][vc_column_text]\n<p><strong>Datum:<\/strong><\/p>\n[\/vc_column_text][\/vc_column][vc_column width=&#8220;3\/4&#8243;][vc_column_text]Donnerstag, 09. November 2023[\/vc_column_text][\/vc_column][\/vc_row][vc_row equal_height=&#8220;yes&#8220; inverse=&#8220;&#8220; css=&#8220;.vc_custom_1545579217081{padding-bottom: 25px !important;}&#8220;][vc_column width=&#8220;1\/4&#8243;][vc_column_text]\n<p><strong>Alarmierung (Schleife):<\/strong><\/p>\n[\/vc_column_text][\/vc_column][vc_column width=&#8220;3\/4&#8243;][vc_column_text]Vollalarm[\/vc_column_text][\/vc_column][\/vc_row][vc_row equal_height=&#8220;yes&#8220; inverse=&#8220;&#8220; css=&#8220;.vc_custom_1545579225595{padding-bottom: 25px !important;background-color: #edf2ef !important;}&#8220;][vc_column width=&#8220;1\/4&#8243;][vc_column_text]\n<p><strong>E<\/strong><strong>ingesetzte<\/strong><strong> Kr\u00e4fte:<\/strong><\/p>\n[\/vc_column_text][\/vc_column][vc_column width=&#8220;3\/4&#8243;][vc_column_text]FF Simbach a. Inn, FF Kirchdorf a. Inn, FF Erlach, FF Pfarrkirchen, FF Braunau a. Inn, FF Ranshofen, FF Schalchen, KBM 2\/3, KBM 1\/3, Rettungsdienst, Einsatzleiter Rettungsdienst, Wasserwacht OG Simbach a. Inn, Einsatzleiter Wasserrettung, Polizei, Polizeihubschrauber Edelwei\u00df[\/vc_column_text][\/vc_column][\/vc_row][vc_row][vc_column][vc_empty_space height=&#8220;30&#8243;][\/vc_column][\/vc_row][vc_row][vc_column][vc_separator border_width=&#8220;4&#8243;][\/vc_column][\/vc_row][vc_row][vc_column][vc_empty_space height=&#8220;30&#8243;][\/vc_column][\/vc_row][vc_row equal_height=&#8220;yes&#8220; inverse=&#8220;&#8220; css=&#8220;.vc_custom_1534176358862{padding-bottom: 25px !important;}&#8220;][vc_column width=&#8220;1\/4&#8243;][vc_column_text]\n<p><strong>Einsatzbericht:<\/strong><\/p>\n<p class=\"p1\">[\/vc_column_text][\/vc_column][vc_column width=&#8220;3\/4&#8243;][vc_column_text]Am Donnerstag gegen 9.45 Uhr wurden die Feuerwehren Kirchdorf und <span class=\"hiddenSpellError\">Ranshofen<\/span> auf den Inn oberhalb des Kraftwerkes Braunau-Simbach alarmiert, da ein \u00e4lteres Ehepaar seit einem Tag als vermisst gemeldet wurde. Jedoch deutete bereits kurz nach Einsatzbeginn vieles darauf hin, dass sich das Ehepaar im Bereich Simbach befinden k\u00f6nnte, weshalb der Einsatz nach Simbach verlegt wurde und wir gegen 10.30 Uhr nachalarmiert wurden. Wir machten uns mit unserem <a href=\"https:\/\/feuerwehr-simbach.de\/?p=3540\">Mehrzweckboot (MZB)<\/a> auf den Weg zur Bootseinsatzstelle und lie\u00dfen unser Boot und das der Wasserwacht zu Wasser. Gleichzeitig dazu wurde das Boot der <span class=\"hiddenSpellError\">Kirchdorfer<\/span> Kameraden gewassert und wir begannen gemeinsam mit der Suche nach den beiden Personen. Zudem richteten wir in Zusammenarbeit mit den <span class=\"hiddenSpellError\">Kirchdorfer<\/span> Kameraden eine F\u00fchrungsunterst\u00fctzung ein und ein Polizist \u00fcbernahm mit seinem Mantrailer (ein speziell zur Personensuche ausgebildeter Hund) die F\u00e4hrte auf. Ein eingesetzter Polizeihubschrauber brach die Suche zu diesem Zeitpunkt ergebnislos ab. Jedoch stellte sich heraus, dass das Ehepaar am Vortag im Bereich der Mastbaustelle f\u00fcr die H\u00f6chstspannungsleitung gesichtet wurde, weshalb in diesem Bereich die Suche verst\u00e4rkt wurde und der Einsatzschwerpunkt in den Bereich <span class=\"hiddenSpellError\">Erlach-Waltersdorf<\/span> verlegt wurde. Im Zuge dessen wurden die <span class=\"hiddenSpellError\">Erlacher<\/span> Kameraden \u00fcber den Einsatz informiert und auch die Drohneneinheiten aus Pfarrkirchen und Schalchen zur Unterst\u00fctzung angefordert. W\u00e4hrend einer Lagebesprechung, bei der weitere Ma\u00dfnahmen besprochen wurden und auch zwei Zillen aus Braunau nachalarmiert wurden, bekamen wir vom Polizisten mit dem Personensp\u00fcrhund die Meldung, dass Kontakt zum vermissten Ehepaar, welches sich auf einer Insel zwischen der <span class=\"hiddenSpellError\">M\u00fchlauer<\/span> Bucht und dem Inn befand, aufgenommen werden konnte. Die Rettung aus dem dicht bewachsenen Gebiet f\u00fchrten wir anschlie\u00dfend in Zusammenarbeit mit dem Boot der Feuerwehr Kirchdorf, den Zillen aus Braunau und den Einsatzkr\u00e4ften der Polizei durch. Anschlie\u00dfend konnte das Ehepaar, welches die Nacht bei Temparaturen um den Gefrierpunkt im Freien ausharren musste, in den Umst\u00e4nden entprechender guter Verfassung an den Rettungsdienst \u00fcbergeben werden. Gegen 15.15 Uhr konnten wir schlie\u00dflich wieder ins Ger\u00e4tehaus einr\u00fccken.<\/p>\n<p class=\"p1\">Wir m\u00f6chten uns an dieser Stelle bei allen eingesetzten Kr\u00e4ften bedanken. Denn nur in einer Gemeinschaftsleistung aller Hilfsorganisationen war es m\u00f6glich, dass der Einsatz letztendlich zu einem positiven Ende f\u00fchrte.[\/vc_column_text][\/vc_column][\/vc_row][vc_row][vc_column][vc_column_text]\n<p>&nbsp;<\/p>\n<p>&nbsp;<\/p>\n<div id=\"su_carousel_69f41b3c165a9\" class=\"su-carousel su-carousel-centered su-carousel-pages-no su-carousel-responsive-yes JLqJ4b ChMk0b su-lightbox-gallery\" style=\"width:100%\" data-autoplay=\"3000\" data-speed=\"2000\" data-mousewheel=\"true\" data-items=\"3\" data-scroll=\"1\"><div class=\"su-carousel-slides\"><div class=\"su-carousel-slide\"><a href=\"https:\/\/feuerwehr-simbach.de\/wp-content\/uploads\/2023\/11\/2023.11.09-Wasserrettung-Personensuche-1-e1699621577440.jpg\" title=\"2023.11.09 Wasserrettung &#8211; Personensuche (1)\"><img decoding=\"async\" src=\"https:\/\/feuerwehr-simbach.de\/wp-content\/uploads\/2023\/11\/2023.11.09-Wasserrettung-Personensuche-1-e1699621577440.jpg\" alt=\"2023.11.09 Wasserrettung &#8211; Personensuche (1)\" \/><\/a><\/div><div class=\"su-carousel-slide\"><a href=\"https:\/\/feuerwehr-simbach.de\/wp-content\/uploads\/2023\/11\/2023.11.09-Wasserrettung-Personensuche-2-e1699621586197.jpg\" title=\"2023.11.09 Wasserrettung &#8211; Personensuche (2)\"><img decoding=\"async\" src=\"https:\/\/feuerwehr-simbach.de\/wp-content\/uploads\/2023\/11\/2023.11.09-Wasserrettung-Personensuche-2-e1699621586197.jpg\" alt=\"2023.11.09 Wasserrettung &#8211; Personensuche (2)\" \/><\/a><\/div><div class=\"su-carousel-slide\"><a href=\"https:\/\/feuerwehr-simbach.de\/wp-content\/uploads\/2023\/11\/2023.11.09-Wasserrettung-Personensuche-3-e1699621593139.jpg\" title=\"2023.11.09 Wasserrettung &#8211; Personensuche (3)\"><img decoding=\"async\" src=\"https:\/\/feuerwehr-simbach.de\/wp-content\/uploads\/2023\/11\/2023.11.09-Wasserrettung-Personensuche-3-e1699621593139.jpg\" alt=\"2023.11.09 Wasserrettung &#8211; Personensuche (3)\" \/><\/a><\/div><div class=\"su-carousel-slide\"><a href=\"https:\/\/feuerwehr-simbach.de\/wp-content\/uploads\/2023\/11\/2023.11.09-Wasserrettung-Personensuche-4-e1699621605293.jpg\" title=\"2023.11.09 Wasserrettung &#8211; Personensuche (4)\"><img decoding=\"async\" src=\"https:\/\/feuerwehr-simbach.de\/wp-content\/uploads\/2023\/11\/2023.11.09-Wasserrettung-Personensuche-4-e1699621605293.jpg\" alt=\"2023.11.09 Wasserrettung &#8211; Personensuche (4)\" \/><\/a><\/div><div class=\"su-carousel-slide\"><a href=\"https:\/\/feuerwehr-simbach.de\/wp-content\/uploads\/2023\/11\/2023.11.09-Wasserrettung-Personensuche-5-e1699621613183.jpg\" title=\"2023.11.09 Wasserrettung &#8211; Personensuche (5)\"><img decoding=\"async\" src=\"https:\/\/feuerwehr-simbach.de\/wp-content\/uploads\/2023\/11\/2023.11.09-Wasserrettung-Personensuche-5-e1699621613183.jpg\" alt=\"2023.11.09 Wasserrettung &#8211; Personensuche (5)\" \/><\/a><\/div><div class=\"su-carousel-slide\"><a href=\"https:\/\/feuerwehr-simbach.de\/wp-content\/uploads\/2023\/11\/2023.11.09-Wasserrettung-Personensuche-6-e1699621622715.jpg\" title=\"2023.11.09 Wasserrettung &#8211; Personensuche (6)\"><img decoding=\"async\" src=\"https:\/\/feuerwehr-simbach.de\/wp-content\/uploads\/2023\/11\/2023.11.09-Wasserrettung-Personensuche-6-e1699621622715.jpg\" alt=\"2023.11.09 Wasserrettung &#8211; Personensuche (6)\" \/><\/a><\/div><div class=\"su-carousel-slide\"><a href=\"https:\/\/feuerwehr-simbach.de\/wp-content\/uploads\/2023\/11\/2023.11.09-Wasserrettung-Personensuche-7-e1699621630691.jpg\" title=\"2023.11.09 Wasserrettung &#8211; Personensuche (7)\"><img decoding=\"async\" src=\"https:\/\/feuerwehr-simbach.de\/wp-content\/uploads\/2023\/11\/2023.11.09-Wasserrettung-Personensuche-7-e1699621630691.jpg\" alt=\"2023.11.09 Wasserrettung &#8211; Personensuche (7)\" \/><\/a><\/div><div class=\"su-carousel-slide\"><a href=\"https:\/\/feuerwehr-simbach.de\/wp-content\/uploads\/2023\/11\/2023.11.09-Wasserrettung-Personensuche-8-e1699621640895.jpg\" title=\"2023.11.09 Wasserrettung &#8211; Personensuche (8)\"><img decoding=\"async\" src=\"https:\/\/feuerwehr-simbach.de\/wp-content\/uploads\/2023\/11\/2023.11.09-Wasserrettung-Personensuche-8-e1699621640895.jpg\" alt=\"2023.11.09 Wasserrettung &#8211; Personensuche (8)\" \/><\/a><\/div><div class=\"su-carousel-slide\"><a href=\"https:\/\/feuerwehr-simbach.de\/wp-content\/uploads\/2023\/11\/2023.11.09-Wasserrettung-Personensuche-9-e1699621649428.jpg\" title=\"2023.11.09 Wasserrettung &#8211; Personensuche (9)\"><img decoding=\"async\" src=\"https:\/\/feuerwehr-simbach.de\/wp-content\/uploads\/2023\/11\/2023.11.09-Wasserrettung-Personensuche-9-e1699621649428.jpg\" alt=\"2023.11.09 Wasserrettung &#8211; Personensuche (9)\" \/><\/a><\/div><div class=\"su-carousel-slide\"><a href=\"https:\/\/feuerwehr-simbach.de\/wp-content\/uploads\/2023\/11\/2023.11.09-Wasserrettung-Personensuche-10-e1699634514236.jpg\" title=\"2023.11.09 Wasserrettung &#8211; Personensuche (10)\"><img decoding=\"async\" src=\"https:\/\/feuerwehr-simbach.de\/wp-content\/uploads\/2023\/11\/2023.11.09-Wasserrettung-Personensuche-10-e1699634514236.jpg\" alt=\"2023.11.09 Wasserrettung &#8211; Personensuche (10)\" \/><\/a><\/div><div class=\"su-carousel-slide\"><a href=\"https:\/\/feuerwehr-simbach.de\/wp-content\/uploads\/2023\/11\/2023.11.09-Wasserrettung-Personensuche-11-e1699621667121.jpg\" title=\"2023.11.09 Wasserrettung &#8211; Personensuche (11)\"><img decoding=\"async\" src=\"https:\/\/feuerwehr-simbach.de\/wp-content\/uploads\/2023\/11\/2023.11.09-Wasserrettung-Personensuche-11-e1699621667121.jpg\" alt=\"2023.11.09 Wasserrettung &#8211; Personensuche (11)\" \/><\/a><\/div><div class=\"su-carousel-slide\"><a href=\"https:\/\/feuerwehr-simbach.de\/wp-content\/uploads\/2023\/11\/2023.11.09-Wasserrettung-Personensuche-12-e1699621683404.jpg\" title=\"2023.11.09 Wasserrettung &#8211; Personensuche (12)\"><img decoding=\"async\" src=\"https:\/\/feuerwehr-simbach.de\/wp-content\/uploads\/2023\/11\/2023.11.09-Wasserrettung-Personensuche-12-e1699621683404.jpg\" alt=\"2023.11.09 Wasserrettung &#8211; Personensuche (12)\" \/><\/a><\/div><\/div><div class=\"su-carousel-nav\"><div class=\"su-carousel-direction\"><span class=\"su-carousel-prev\"><\/span><span class=\"su-carousel-next\"><\/span><\/div><div class=\"su-carousel-pagination\"><\/div><\/div><\/div>\n<\/div>","protected":false},"author":22,"featured_media":20352,"template":"","meta":{"einsatz_weight":1,"footnotes":""},"categories":[176],"tags":[],"einsatzart":[],"fahrzeug":[],"exteinsatzmittel":[],"alarmierungsart":[],"evw_unit":[],"class_list":["post-20341","einsatz","type-einsatz","status-publish","has-post-thumbnail","hentry","category-einsaetze-2023"],"_links":{"self":[{"href":"https:\/\/feuerwehr-simbach.de\/index.php?rest_route=\/wp\/v2\/einsatz\/20341","targetHints":{"allow":["GET"]}}],"collection":[{"href":"https:\/\/feuerwehr-simbach.de\/index.php?rest_route=\/wp\/v2\/einsatz"}],"about":[{"href":"https:\/\/feuerwehr-simbach.de\/index.php?rest_route=\/wp\/v2\/types\/einsatz"}],"author":[{"embeddable":true,"href":"https:\/\/feuerwehr-simbach.de\/index.php?rest_route=\/wp\/v2\/users\/22"}],"version-history":[{"count":5,"href":"https:\/\/feuerwehr-simbach.de\/index.php?rest_route=\/wp\/v2\/einsatz\/20341\/revisions"}],"predecessor-version":[{"id":24618,"href":"https:\/\/feuerwehr-simbach.de\/index.php?rest_route=\/wp\/v2\/einsatz\/20341\/revisions\/24618"}],"wp:featuredmedia":[{"embeddable":true,"href":"https:\/\/feuerwehr-simbach.de\/index.php?rest_route=\/wp\/v2\/media\/20352"}],"wp:attachment":[{"href":"https:\/\/feuerwehr-simbach.de\/index.php?rest_route=%2Fwp%2Fv2%2Fmedia&parent=20341"}],"wp:term":[{"taxonomy":"category","embeddable":true,"href":"https:\/\/feuerwehr-simbach.de\/index.php?rest_route=%2Fwp%2Fv2%2Fcategories&post=20341"},{"taxonomy":"post_tag","embeddable":true,"href":"https:\/\/feuerwehr-simbach.de\/index.php?rest_route=%2Fwp%2Fv2%2Ftags&post=20341"},{"taxonomy":"einsatzart","embeddable":true,"href":"https:\/\/feuerwehr-simbach.de\/index.php?rest_route=%2Fwp%2Fv2%2Feinsatzart&post=20341"},{"taxonomy":"fahrzeug","embeddable":true,"href":"https:\/\/feuerwehr-simbach.de\/index.php?rest_route=%2Fwp%2Fv2%2Ffahrzeug&post=20341"},{"taxonomy":"exteinsatzmittel","embeddable":true,"href":"https:\/\/feuerwehr-simbach.de\/index.php?rest_route=%2Fwp%2Fv2%2Fexteinsatzmittel&post=20341"},{"taxonomy":"alarmierungsart","embeddable":true,"href":"https:\/\/feuerwehr-simbach.de\/index.php?rest_route=%2Fwp%2Fv2%2Falarmierungsart&post=20341"},{"taxonomy":"evw_unit","embeddable":true,"href":"https:\/\/feuerwehr-simbach.de\/index.php?rest_route=%2Fwp%2Fv2%2Fevw_unit&post=20341"}],"curies":[{"name":"wp","href":"https:\/\/api.w.org\/{rel}","templated":true}]}}