{"id":24412,"date":"2025-12-25T13:12:00","date_gmt":"2025-12-25T12:12:00","guid":{"rendered":"https:\/\/feuerwehr-simbach.de\/?post_type=einsatz&#038;p=24412"},"modified":"2025-12-25T13:13:08","modified_gmt":"2025-12-25T12:13:08","slug":"24-12-2025-baum-auf-fahrbahn","status":"publish","type":"einsatz","link":"https:\/\/feuerwehr-simbach.de\/?einsatz=24-12-2025-baum-auf-fahrbahn","title":{"rendered":"24.12.2025 &#8211; Baum auf Fahrbahn"},"content":{"rendered":"<div class=\"wpb-content-wrapper\">[vc_row][vc_column][vc_empty_space height=&#8220;1&#8243;][\/vc_column][\/vc_row][vc_row equal_height=&#8220;yes&#8220; inverse=&#8220;&#8220; css=&#8220;.vc_custom_1545579889091{padding-bottom: 25px !important;background-color: #edf2ef !important;}&#8220;][vc_column width=&#8220;1\/4&#8243;][vc_column_text]\n<p><strong>Einsatzart:<\/strong><\/p>\n[\/vc_column_text][\/vc_column][vc_column width=&#8220;3\/4&#8243;][vc_column_text]Technische Hilfeleistung[\/vc_column_text][\/vc_column][\/vc_row][vc_row equal_height=&#8220;yes&#8220; inverse=&#8220;&#8220; css=&#8220;.vc_custom_1545579201718{padding-bottom: 25px !important;}&#8220;][vc_column width=&#8220;1\/4&#8243;][vc_column_text]\n<p><strong>Schlagwort:<\/strong><\/p>\n[\/vc_column_text][\/vc_column][vc_column width=&#8220;3\/4&#8243;][vc_column_text]Baum auf Fahrbahn[\/vc_column_text][\/vc_column][\/vc_row][vc_row equal_height=&#8220;yes&#8220; inverse=&#8220;&#8220; css=&#8220;.vc_custom_1545579190843{padding-bottom: 25px !important;background-color: #edf2ef !important;}&#8220;][vc_column width=&#8220;1\/4&#8243;][vc_column_text]\n<p><strong>Stichwort:<\/strong><\/p>\n[\/vc_column_text][\/vc_column][vc_column width=&#8220;3\/4&#8243;][vc_column_text]THL 1[\/vc_column_text][\/vc_column][\/vc_row][vc_row equal_height=&#8220;yes&#8220; inverse=&#8220;&#8220; css=&#8220;.vc_custom_1545579201718{padding-bottom: 25px !important;}&#8220;][vc_column width=&#8220;1\/4&#8243;][vc_column_text]\n<p><strong>Einsatzort:<\/strong><\/p>\n[\/vc_column_text][\/vc_column][vc_column width=&#8220;3\/4&#8243;][vc_column_text]Simbach, B12 H\u00f6he Simbach-Mitte[\/vc_column_text][\/vc_column][\/vc_row][vc_row equal_height=&#8220;yes&#8220; inverse=&#8220;&#8220; css=&#8220;.vc_custom_1545579210044{padding-bottom: 25px !important;background-color: #edf2ef !important;}&#8220;][vc_column width=&#8220;1\/4&#8243;][vc_column_text]\n<p><strong>Datum:<\/strong><\/p>\n[\/vc_column_text][\/vc_column][vc_column width=&#8220;3\/4&#8243;][vc_column_text]Mittwoch, 24. Dezember 2025[\/vc_column_text][\/vc_column][\/vc_row][vc_row equal_height=&#8220;yes&#8220; inverse=&#8220;&#8220; css=&#8220;.vc_custom_1545579217081{padding-bottom: 25px !important;}&#8220;][vc_column width=&#8220;1\/4&#8243;][vc_column_text]\n<p><strong>Alarmierung (Schleife):<\/strong><\/p>\n[\/vc_column_text][\/vc_column][vc_column width=&#8220;3\/4&#8243;][vc_column_text]Vollalarm[\/vc_column_text][\/vc_column][\/vc_row][vc_row equal_height=&#8220;yes&#8220; inverse=&#8220;&#8220; css=&#8220;.vc_custom_1545579225595{padding-bottom: 25px !important;background-color: #edf2ef !important;}&#8220;][vc_column width=&#8220;1\/4&#8243;][vc_column_text]\n<p><strong>E<\/strong><strong>ingesetzte<\/strong><strong> Kr\u00e4fte:<\/strong><\/p>\n[\/vc_column_text][\/vc_column][vc_column width=&#8220;3\/4&#8243;][vc_column_text]FF Simbach a. Inn[\/vc_column_text][\/vc_column][\/vc_row][vc_row][vc_column][vc_empty_space height=&#8220;30&#8243;][\/vc_column][\/vc_row][vc_row][vc_column][vc_separator border_width=&#8220;4&#8243;][\/vc_column][\/vc_row][vc_row][vc_column][vc_empty_space height=&#8220;30&#8243;][\/vc_column][\/vc_row][vc_row equal_height=&#8220;yes&#8220; inverse=&#8220;&#8220; css=&#8220;.vc_custom_1534176358862{padding-bottom: 25px !important;}&#8220;][vc_column width=&#8220;1\/4&#8243;][vc_column_text]\n<p><strong>Einsatzbericht:<\/strong><\/p>\n<p class=\"p1\">[\/vc_column_text][\/vc_column][vc_column width=&#8220;3\/4&#8243;][vc_column_text]Auch am Heilig Abend sind wir f\u00fcr Sie im Einsatz, denn gegen 18.15 Uhr wurden wir in die Lindenstra\u00dfe gerufen, da dort ein umgest\u00fcrzter Baum gemeldet wurde. Vor Ort stellte sich heraus, dass an der B\u00f6schung der B12 ein Baum umgest\u00fcrzt war und an der \u00fcber die Bundesstra\u00dfe f\u00fchrenden Fu\u00dfg\u00e4ngerbr\u00fccke in der Lindenstra\u00dfe h\u00e4ngen blieb. Daher sperrten wir die Bundesstra\u00dfe im betroffenen Bereich halbseitig und entfernten den umgest\u00fcrzten Baum. Danach konnten wir wieder einr\u00fccken und zu den zu Hause wartenden Familien zur\u00fcckkehren.[\/vc_column_text][\/vc_column][\/vc_row][vc_row][vc_column][vc_column_text]\n<p>&nbsp;<\/p>\n<p>&nbsp;<\/p>\n<div id=\"su_carousel_69f4890adeb94\" class=\"su-carousel su-carousel-centered su-carousel-pages-no su-carousel-responsive-yes JLqJ4b ChMk0b su-lightbox-gallery\" style=\"width:100%\" data-autoplay=\"3000\" data-speed=\"2000\" data-mousewheel=\"true\" data-items=\"3\" data-scroll=\"1\"><div class=\"su-carousel-slides\"><div class=\"su-carousel-slide\"><a href=\"https:\/\/feuerwehr-simbach.de\/wp-content\/uploads\/2025\/12\/2025.12.24-Baum-auf-Fahrbahn-1-e1766664656639.jpg\" title=\"2025.12.24 Baum auf Fahrbahn (1)\"><img decoding=\"async\" src=\"https:\/\/feuerwehr-simbach.de\/wp-content\/uploads\/2025\/12\/2025.12.24-Baum-auf-Fahrbahn-1-e1766664656639.jpg\" alt=\"2025.12.24 Baum auf Fahrbahn (1)\" \/><\/a><\/div><div class=\"su-carousel-slide\"><a href=\"https:\/\/feuerwehr-simbach.de\/wp-content\/uploads\/2025\/12\/2025.12.24-Baum-auf-Fahrbahn-2-e1766664662528.jpg\" title=\"2025.12.24 Baum auf Fahrbahn (2)\"><img decoding=\"async\" src=\"https:\/\/feuerwehr-simbach.de\/wp-content\/uploads\/2025\/12\/2025.12.24-Baum-auf-Fahrbahn-2-e1766664662528.jpg\" alt=\"2025.12.24 Baum auf Fahrbahn (2)\" \/><\/a><\/div><\/div><div class=\"su-carousel-nav\"><div class=\"su-carousel-direction\"><span class=\"su-carousel-prev\"><\/span><span class=\"su-carousel-next\"><\/span><\/div><div class=\"su-carousel-pagination\"><\/div><\/div><\/div>\n<\/div>","protected":false},"author":22,"featured_media":24414,"template":"","meta":{"einsatz_weight":1,"footnotes":""},"categories":[181],"tags":[],"einsatzart":[],"fahrzeug":[],"exteinsatzmittel":[],"alarmierungsart":[],"evw_unit":[],"class_list":["post-24412","einsatz","type-einsatz","status-publish","has-post-thumbnail","hentry","category-einsaetze-2025"],"_links":{"self":[{"href":"https:\/\/feuerwehr-simbach.de\/index.php?rest_route=\/wp\/v2\/einsatz\/24412","targetHints":{"allow":["GET"]}}],"collection":[{"href":"https:\/\/feuerwehr-simbach.de\/index.php?rest_route=\/wp\/v2\/einsatz"}],"about":[{"href":"https:\/\/feuerwehr-simbach.de\/index.php?rest_route=\/wp\/v2\/types\/einsatz"}],"author":[{"embeddable":true,"href":"https:\/\/feuerwehr-simbach.de\/index.php?rest_route=\/wp\/v2\/users\/22"}],"version-history":[{"count":1,"href":"https:\/\/feuerwehr-simbach.de\/index.php?rest_route=\/wp\/v2\/einsatz\/24412\/revisions"}],"predecessor-version":[{"id":24415,"href":"https:\/\/feuerwehr-simbach.de\/index.php?rest_route=\/wp\/v2\/einsatz\/24412\/revisions\/24415"}],"wp:featuredmedia":[{"embeddable":true,"href":"https:\/\/feuerwehr-simbach.de\/index.php?rest_route=\/wp\/v2\/media\/24414"}],"wp:attachment":[{"href":"https:\/\/feuerwehr-simbach.de\/index.php?rest_route=%2Fwp%2Fv2%2Fmedia&parent=24412"}],"wp:term":[{"taxonomy":"category","embeddable":true,"href":"https:\/\/feuerwehr-simbach.de\/index.php?rest_route=%2Fwp%2Fv2%2Fcategories&post=24412"},{"taxonomy":"post_tag","embeddable":true,"href":"https:\/\/feuerwehr-simbach.de\/index.php?rest_route=%2Fwp%2Fv2%2Ftags&post=24412"},{"taxonomy":"einsatzart","embeddable":true,"href":"https:\/\/feuerwehr-simbach.de\/index.php?rest_route=%2Fwp%2Fv2%2Feinsatzart&post=24412"},{"taxonomy":"fahrzeug","embeddable":true,"href":"https:\/\/feuerwehr-simbach.de\/index.php?rest_route=%2Fwp%2Fv2%2Ffahrzeug&post=24412"},{"taxonomy":"exteinsatzmittel","embeddable":true,"href":"https:\/\/feuerwehr-simbach.de\/index.php?rest_route=%2Fwp%2Fv2%2Fexteinsatzmittel&post=24412"},{"taxonomy":"alarmierungsart","embeddable":true,"href":"https:\/\/feuerwehr-simbach.de\/index.php?rest_route=%2Fwp%2Fv2%2Falarmierungsart&post=24412"},{"taxonomy":"evw_unit","embeddable":true,"href":"https:\/\/feuerwehr-simbach.de\/index.php?rest_route=%2Fwp%2Fv2%2Fevw_unit&post=24412"}],"curies":[{"name":"wp","href":"https:\/\/api.w.org\/{rel}","templated":true}]}}