{"id":24758,"date":"2026-04-08T22:24:00","date_gmt":"2026-04-08T20:24:00","guid":{"rendered":"https:\/\/feuerwehr-simbach.de\/?post_type=einsatz&#038;p=24758"},"modified":"2026-04-09T14:17:20","modified_gmt":"2026-04-09T12:17:20","slug":"08-04-2026-brand-eines-presscontainers","status":"publish","type":"einsatz","link":"https:\/\/feuerwehr-simbach.de\/?einsatz=08-04-2026-brand-eines-presscontainers","title":{"rendered":"08.04.2026 &#8211; Brand eines Presscontainers"},"content":{"rendered":"<div class=\"wpb-content-wrapper\">[vc_row][vc_column][vc_empty_space height=&#8220;1&#8243;][\/vc_column][\/vc_row][vc_row equal_height=&#8220;yes&#8220; inverse=&#8220;&#8220; css=&#8220;.vc_custom_1545579889091{padding-bottom: 25px !important;background-color: #edf2ef !important;}&#8220;][vc_column width=&#8220;1\/4&#8243;][vc_column_text]\n<p><strong>Einsatzart:<\/strong><\/p>\n[\/vc_column_text][\/vc_column][vc_column width=&#8220;3\/4&#8243;][vc_column_text]Brandeinsatz[\/vc_column_text][\/vc_column][\/vc_row][vc_row equal_height=&#8220;yes&#8220; inverse=&#8220;&#8220; css=&#8220;.vc_custom_1545579201718{padding-bottom: 25px !important;}&#8220;][vc_column width=&#8220;1\/4&#8243;][vc_column_text]\n<p><strong>Schlagwort:<\/strong><\/p>\n[\/vc_column_text][\/vc_column][vc_column width=&#8220;3\/4&#8243;][vc_column_text]Brand eines Presscontainers[\/vc_column_text][\/vc_column][\/vc_row][vc_row equal_height=&#8220;yes&#8220; inverse=&#8220;&#8220; css=&#8220;.vc_custom_1545579190843{padding-bottom: 25px !important;background-color: #edf2ef !important;}&#8220;][vc_column width=&#8220;1\/4&#8243;][vc_column_text]\n<p><strong>Stichwort:<\/strong><\/p>\n[\/vc_column_text][\/vc_column][vc_column width=&#8220;3\/4&#8243;][vc_column_text]B 1[\/vc_column_text][\/vc_column][\/vc_row][vc_row equal_height=&#8220;yes&#8220; inverse=&#8220;&#8220; css=&#8220;.vc_custom_1545579201718{padding-bottom: 25px !important;}&#8220;][vc_column width=&#8220;1\/4&#8243;][vc_column_text]\n<p><strong>Einsatzort:<\/strong><\/p>\n[\/vc_column_text][\/vc_column][vc_column width=&#8220;3\/4&#8243;][vc_column_text]Simbach, Adolf-Kolping-Stra\u00dfe[\/vc_column_text][\/vc_column][\/vc_row][vc_row equal_height=&#8220;yes&#8220; inverse=&#8220;&#8220; css=&#8220;.vc_custom_1545579210044{padding-bottom: 25px !important;background-color: #edf2ef !important;}&#8220;][vc_column width=&#8220;1\/4&#8243;][vc_column_text]\n<p><strong>Datum:<\/strong><\/p>\n[\/vc_column_text][\/vc_column][vc_column width=&#8220;3\/4&#8243;][vc_column_text]Mittwoch, 08. April 2026[\/vc_column_text][\/vc_column][\/vc_row][vc_row equal_height=&#8220;yes&#8220; inverse=&#8220;&#8220; css=&#8220;.vc_custom_1545579217081{padding-bottom: 25px !important;}&#8220;][vc_column width=&#8220;1\/4&#8243;][vc_column_text]\n<p><strong>Alarmierung (Schleife):<\/strong><\/p>\n[\/vc_column_text][\/vc_column][vc_column width=&#8220;3\/4&#8243;][vc_column_text]Vollalarm[\/vc_column_text][\/vc_column][\/vc_row][vc_row equal_height=&#8220;yes&#8220; inverse=&#8220;&#8220; css=&#8220;.vc_custom_1545579225595{padding-bottom: 25px !important;background-color: #edf2ef !important;}&#8220;][vc_column width=&#8220;1\/4&#8243;][vc_column_text]\n<p><strong>E<\/strong><strong>ingesetzte<\/strong><strong> Kr\u00e4fte:<\/strong><\/p>\n[\/vc_column_text][\/vc_column][vc_column width=&#8220;3\/4&#8243;][vc_column_text]FF Simbach a. Inn, KBM 2\/3, Polizei[\/vc_column_text][\/vc_column][\/vc_row][vc_row][vc_column][vc_empty_space height=&#8220;30&#8243;][\/vc_column][\/vc_row][vc_row][vc_column][vc_separator border_width=&#8220;4&#8243;][\/vc_column][\/vc_row][vc_row][vc_column][vc_empty_space height=&#8220;30&#8243;][\/vc_column][\/vc_row][vc_row equal_height=&#8220;yes&#8220; inverse=&#8220;&#8220; css=&#8220;.vc_custom_1534176358862{padding-bottom: 25px !important;}&#8220;][vc_column width=&#8220;1\/4&#8243;][vc_column_text]\n<p><strong>Einsatzbericht:<\/strong><\/p>\n<p class=\"p1\">[\/vc_column_text][\/vc_column][vc_column width=&#8220;3\/4&#8243;][vc_column_text]Am Mittwoch gegen 17.00 Uhr wurden wir gem\u00e4\u00df dem Stichwort B1 in die Adolf-Kolping-Stra\u00dfe gerufen, da im Bereich des LOKschuppens der Brand eines Presscontainers gemeldet wurde. Bei unserem Eintreffen konnte der Brand des Containers best\u00e4tigt werden, weshalb der Angriffstrupp unter Atemschutz umgehend einen L\u00f6schangriff mit einem C-Rohr startete. Parallel dazu wurde der nahegelegene Unterflurhydrant in Betrieb genommen, damit die L\u00f6schwasserversorgung sichergestellt werden konnte. Um an den eigentlichen Brandherd im Inneren des mit Kartonagen gef\u00fcllten Containers zu gelangen, war es jedoch erforderlich, den Container zu \u00f6ffnen und zu entleeren. Anfangs entleerten wir den Container mit Dunghacken per Hand \u2013 im weiteren Einsatzverlauf wurde hierf\u00fcr unser <a href=\"https:\/\/feuerwehr-simbach.de\/?p=12254\">Wechselladerfahrzeug (WLF)<\/a> hinzugezogen. Mit diesem wurde der Presscontainer aufgesattelt und abgekippt, wodurch sich die Kartonagen im Freien verteilten. Um alle Glutnester zu erreichen, nahmen wir den auf dem Gel\u00e4nde stehenden Gabelstapler zu Hilfe, mit welchem die gepressten Kartonagen weiter verteilt und abgel\u00f6scht wurden. Nach etwa 1,5 Stunden waren die L\u00f6schma\u00dfnahmen abgeschlossen und wir kehrten zum Aufr\u00fcsten der Fahrzeuge ins Ger\u00e4tehaus zur\u00fcck.[\/vc_column_text][\/vc_column][\/vc_row][vc_row][vc_column][vc_column_text]\n<p>&nbsp;<\/p>\n<p>&nbsp;<\/p>\n<div id=\"su_carousel_69f5bc820fb0b\" class=\"su-carousel su-carousel-centered su-carousel-pages-no su-carousel-responsive-yes JLqJ4b ChMk0b su-lightbox-gallery\" style=\"width:100%\" data-autoplay=\"3000\" data-speed=\"2000\" data-mousewheel=\"true\" data-items=\"3\" data-scroll=\"1\"><div class=\"su-carousel-slides\"><div class=\"su-carousel-slide\"><a href=\"https:\/\/feuerwehr-simbach.de\/wp-content\/uploads\/2026\/04\/2026.04.08-Brand-eines-Presscontainers-1-e1775734729110.jpg\" title=\"2026.04.08 Brand eines Presscontainers (1)\"><img decoding=\"async\" src=\"https:\/\/feuerwehr-simbach.de\/wp-content\/uploads\/2026\/04\/2026.04.08-Brand-eines-Presscontainers-1-e1775734729110.jpg\" alt=\"2026.04.08 Brand eines Presscontainers (1)\" \/><\/a><\/div><div class=\"su-carousel-slide\"><a href=\"https:\/\/feuerwehr-simbach.de\/wp-content\/uploads\/2026\/04\/2026.04.08-Brand-eines-Presscontainers-2-e1775734734970.jpg\" title=\"2026.04.08 Brand eines Presscontainers (2)\"><img decoding=\"async\" src=\"https:\/\/feuerwehr-simbach.de\/wp-content\/uploads\/2026\/04\/2026.04.08-Brand-eines-Presscontainers-2-e1775734734970.jpg\" alt=\"2026.04.08 Brand eines Presscontainers (2)\" \/><\/a><\/div><div class=\"su-carousel-slide\"><a href=\"https:\/\/feuerwehr-simbach.de\/wp-content\/uploads\/2026\/04\/2026.04.08-Brand-eines-Presscontainers-3-e1775734739624.jpg\" title=\"2026.04.08 Brand eines Presscontainers (3)\"><img decoding=\"async\" src=\"https:\/\/feuerwehr-simbach.de\/wp-content\/uploads\/2026\/04\/2026.04.08-Brand-eines-Presscontainers-3-e1775734739624.jpg\" alt=\"2026.04.08 Brand eines Presscontainers (3)\" \/><\/a><\/div><div class=\"su-carousel-slide\"><a href=\"https:\/\/feuerwehr-simbach.de\/wp-content\/uploads\/2026\/04\/2026.04.08-Brand-eines-Presscontainers-4-e1775734744185.jpg\" title=\"2026.04.08 Brand eines Presscontainers (4)\"><img decoding=\"async\" src=\"https:\/\/feuerwehr-simbach.de\/wp-content\/uploads\/2026\/04\/2026.04.08-Brand-eines-Presscontainers-4-e1775734744185.jpg\" alt=\"2026.04.08 Brand eines Presscontainers (4)\" \/><\/a><\/div><div class=\"su-carousel-slide\"><a href=\"https:\/\/feuerwehr-simbach.de\/wp-content\/uploads\/2026\/04\/2026.04.08-Brand-eines-Presscontainers-5-e1775734750608.jpg\" title=\"2026.04.08 Brand eines Presscontainers (5)\"><img decoding=\"async\" src=\"https:\/\/feuerwehr-simbach.de\/wp-content\/uploads\/2026\/04\/2026.04.08-Brand-eines-Presscontainers-5-e1775734750608.jpg\" alt=\"2026.04.08 Brand eines Presscontainers (5)\" \/><\/a><\/div><div class=\"su-carousel-slide\"><a href=\"https:\/\/feuerwehr-simbach.de\/wp-content\/uploads\/2026\/04\/2026.04.08-Brand-eines-Presscontainers-6-e1775734755257.jpg\" title=\"2026.04.08 Brand eines Presscontainers (6)\"><img decoding=\"async\" src=\"https:\/\/feuerwehr-simbach.de\/wp-content\/uploads\/2026\/04\/2026.04.08-Brand-eines-Presscontainers-6-e1775734755257.jpg\" alt=\"2026.04.08 Brand eines Presscontainers (6)\" \/><\/a><\/div><div class=\"su-carousel-slide\"><a href=\"https:\/\/feuerwehr-simbach.de\/wp-content\/uploads\/2026\/04\/2026.04.08-Brand-eines-Presscontainers-7-e1775734760849.jpg\" title=\"2026.04.08 Brand eines Presscontainers (7)\"><img decoding=\"async\" src=\"https:\/\/feuerwehr-simbach.de\/wp-content\/uploads\/2026\/04\/2026.04.08-Brand-eines-Presscontainers-7-e1775734760849.jpg\" alt=\"2026.04.08 Brand eines Presscontainers (7)\" \/><\/a><\/div><div class=\"su-carousel-slide\"><a href=\"https:\/\/feuerwehr-simbach.de\/wp-content\/uploads\/2026\/04\/2026.04.08-Brand-eines-Presscontainers-8-e1775734764774.jpg\" title=\"2026.04.08 Brand eines Presscontainers (8)\"><img decoding=\"async\" src=\"https:\/\/feuerwehr-simbach.de\/wp-content\/uploads\/2026\/04\/2026.04.08-Brand-eines-Presscontainers-8-e1775734764774.jpg\" alt=\"2026.04.08 Brand eines Presscontainers (8)\" \/><\/a><\/div><div class=\"su-carousel-slide\"><a href=\"https:\/\/feuerwehr-simbach.de\/wp-content\/uploads\/2026\/04\/2026.04.08-Brand-eines-Presscontainers-9-e1775734770439.jpg\" title=\"2026.04.08 Brand eines Presscontainers (9)\"><img decoding=\"async\" src=\"https:\/\/feuerwehr-simbach.de\/wp-content\/uploads\/2026\/04\/2026.04.08-Brand-eines-Presscontainers-9-e1775734770439.jpg\" alt=\"2026.04.08 Brand eines Presscontainers (9)\" \/><\/a><\/div><div class=\"su-carousel-slide\"><a href=\"https:\/\/feuerwehr-simbach.de\/wp-content\/uploads\/2026\/04\/2026.04.08-Brand-eines-Presscontainers-10-e1775734775902.jpg\" title=\"2026.04.08 Brand eines Presscontainers (10)\"><img decoding=\"async\" src=\"https:\/\/feuerwehr-simbach.de\/wp-content\/uploads\/2026\/04\/2026.04.08-Brand-eines-Presscontainers-10-e1775734775902.jpg\" alt=\"2026.04.08 Brand eines Presscontainers (10)\" \/><\/a><\/div><div class=\"su-carousel-slide\"><a href=\"https:\/\/feuerwehr-simbach.de\/wp-content\/uploads\/2026\/04\/2026.04.08-Brand-eines-Presscontainers-11-e1775734780421.jpg\" title=\"2026.04.08 Brand eines Presscontainers (11)\"><img decoding=\"async\" src=\"https:\/\/feuerwehr-simbach.de\/wp-content\/uploads\/2026\/04\/2026.04.08-Brand-eines-Presscontainers-11-e1775734780421.jpg\" alt=\"2026.04.08 Brand eines Presscontainers (11)\" \/><\/a><\/div><div class=\"su-carousel-slide\"><a href=\"https:\/\/feuerwehr-simbach.de\/wp-content\/uploads\/2026\/04\/2026.04.08-Brand-eines-Presscontainers-12-e1775734785214.jpg\" title=\"2026.04.08 Brand eines Presscontainers (12)\"><img decoding=\"async\" src=\"https:\/\/feuerwehr-simbach.de\/wp-content\/uploads\/2026\/04\/2026.04.08-Brand-eines-Presscontainers-12-e1775734785214.jpg\" alt=\"2026.04.08 Brand eines Presscontainers (12)\" \/><\/a><\/div><div class=\"su-carousel-slide\"><a href=\"https:\/\/feuerwehr-simbach.de\/wp-content\/uploads\/2026\/04\/2026.04.08-Brand-eines-Presscontainers-13-e1775734789854.jpg\" title=\"2026.04.08 Brand eines Presscontainers (13)\"><img decoding=\"async\" src=\"https:\/\/feuerwehr-simbach.de\/wp-content\/uploads\/2026\/04\/2026.04.08-Brand-eines-Presscontainers-13-e1775734789854.jpg\" alt=\"2026.04.08 Brand eines Presscontainers (13)\" \/><\/a><\/div><div class=\"su-carousel-slide\"><a href=\"https:\/\/feuerwehr-simbach.de\/wp-content\/uploads\/2026\/04\/2026.04.08-Brand-eines-Presscontainers-14-e1775734794698.jpg\" title=\"2026.04.08 Brand eines Presscontainers (14)\"><img decoding=\"async\" src=\"https:\/\/feuerwehr-simbach.de\/wp-content\/uploads\/2026\/04\/2026.04.08-Brand-eines-Presscontainers-14-e1775734794698.jpg\" alt=\"2026.04.08 Brand eines Presscontainers (14)\" \/><\/a><\/div><div class=\"su-carousel-slide\"><a href=\"https:\/\/feuerwehr-simbach.de\/wp-content\/uploads\/2026\/04\/2026.04.08-Brand-eines-Presscontainers-15-e1775734799224.jpg\" title=\"2026.04.08 Brand eines Presscontainers (15)\"><img decoding=\"async\" src=\"https:\/\/feuerwehr-simbach.de\/wp-content\/uploads\/2026\/04\/2026.04.08-Brand-eines-Presscontainers-15-e1775734799224.jpg\" alt=\"2026.04.08 Brand eines Presscontainers (15)\" \/><\/a><\/div><div class=\"su-carousel-slide\"><a href=\"https:\/\/feuerwehr-simbach.de\/wp-content\/uploads\/2026\/04\/2026.04.08-Brand-eines-Presscontainers-16-e1775734806416.jpg\" title=\"2026.04.08 Brand eines Presscontainers (16)\"><img decoding=\"async\" src=\"https:\/\/feuerwehr-simbach.de\/wp-content\/uploads\/2026\/04\/2026.04.08-Brand-eines-Presscontainers-16-e1775734806416.jpg\" alt=\"2026.04.08 Brand eines Presscontainers (16)\" \/><\/a><\/div><div class=\"su-carousel-slide\"><a href=\"https:\/\/feuerwehr-simbach.de\/wp-content\/uploads\/2026\/04\/2026.04.08-Brand-eines-Presscontainers-17-e1775734811382.jpg\" title=\"2026.04.08 Brand eines Presscontainers (17)\"><img decoding=\"async\" src=\"https:\/\/feuerwehr-simbach.de\/wp-content\/uploads\/2026\/04\/2026.04.08-Brand-eines-Presscontainers-17-e1775734811382.jpg\" alt=\"2026.04.08 Brand eines Presscontainers (17)\" \/><\/a><\/div><div class=\"su-carousel-slide\"><a href=\"https:\/\/feuerwehr-simbach.de\/wp-content\/uploads\/2026\/04\/2026.04.08-Brand-eines-Presscontainers-18-e1775734818750.jpg\" title=\"2026.04.08 Brand eines Presscontainers (18)\"><img decoding=\"async\" src=\"https:\/\/feuerwehr-simbach.de\/wp-content\/uploads\/2026\/04\/2026.04.08-Brand-eines-Presscontainers-18-e1775734818750.jpg\" alt=\"2026.04.08 Brand eines Presscontainers (18)\" \/><\/a><\/div><div class=\"su-carousel-slide\"><a href=\"https:\/\/feuerwehr-simbach.de\/wp-content\/uploads\/2026\/04\/2026.04.08-Brand-eines-Presscontainers-19-e1775734824892.jpg\" title=\"2026.04.08 Brand eines Presscontainers (19)\"><img decoding=\"async\" src=\"https:\/\/feuerwehr-simbach.de\/wp-content\/uploads\/2026\/04\/2026.04.08-Brand-eines-Presscontainers-19-e1775734824892.jpg\" alt=\"2026.04.08 Brand eines Presscontainers (19)\" \/><\/a><\/div><div class=\"su-carousel-slide\"><a href=\"https:\/\/feuerwehr-simbach.de\/wp-content\/uploads\/2026\/04\/2026.04.08-Brand-eines-Presscontainers-20-e1775734829371.jpg\" title=\"2026.04.08 Brand eines Presscontainers (20)\"><img decoding=\"async\" src=\"https:\/\/feuerwehr-simbach.de\/wp-content\/uploads\/2026\/04\/2026.04.08-Brand-eines-Presscontainers-20-e1775734829371.jpg\" alt=\"2026.04.08 Brand eines Presscontainers (20)\" \/><\/a><\/div><div class=\"su-carousel-slide\"><a href=\"https:\/\/feuerwehr-simbach.de\/wp-content\/uploads\/2026\/04\/2026.04.08-Brand-eines-Presscontainers-21-e1775734834687.jpg\" title=\"2026.04.08 Brand eines Presscontainers (21)\"><img decoding=\"async\" src=\"https:\/\/feuerwehr-simbach.de\/wp-content\/uploads\/2026\/04\/2026.04.08-Brand-eines-Presscontainers-21-e1775734834687.jpg\" alt=\"2026.04.08 Brand eines Presscontainers (21)\" \/><\/a><\/div><div class=\"su-carousel-slide\"><a href=\"https:\/\/feuerwehr-simbach.de\/wp-content\/uploads\/2026\/04\/2026.04.08-Brand-eines-Presscontainers-22-e1775734839616.jpg\" title=\"2026.04.08 Brand eines Presscontainers (22)\"><img decoding=\"async\" src=\"https:\/\/feuerwehr-simbach.de\/wp-content\/uploads\/2026\/04\/2026.04.08-Brand-eines-Presscontainers-22-e1775734839616.jpg\" alt=\"2026.04.08 Brand eines Presscontainers (22)\" \/><\/a><\/div><div class=\"su-carousel-slide\"><a href=\"https:\/\/feuerwehr-simbach.de\/wp-content\/uploads\/2026\/04\/2026.04.08-Brand-eines-Presscontainers-23-e1775734844993.jpg\" title=\"2026.04.08 Brand eines Presscontainers (23)\"><img decoding=\"async\" src=\"https:\/\/feuerwehr-simbach.de\/wp-content\/uploads\/2026\/04\/2026.04.08-Brand-eines-Presscontainers-23-e1775734844993.jpg\" alt=\"2026.04.08 Brand eines Presscontainers (23)\" \/><\/a><\/div><div class=\"su-carousel-slide\"><a href=\"https:\/\/feuerwehr-simbach.de\/wp-content\/uploads\/2026\/04\/2026.04.08-Brand-eines-Presscontainers-24-e1775734849600.jpg\" title=\"2026.04.08 Brand eines Presscontainers (24)\"><img decoding=\"async\" src=\"https:\/\/feuerwehr-simbach.de\/wp-content\/uploads\/2026\/04\/2026.04.08-Brand-eines-Presscontainers-24-e1775734849600.jpg\" alt=\"2026.04.08 Brand eines Presscontainers (24)\" \/><\/a><\/div><div class=\"su-carousel-slide\"><a href=\"https:\/\/feuerwehr-simbach.de\/wp-content\/uploads\/2026\/04\/2026.04.08-Brand-eines-Presscontainers-25-e1775734854821.jpg\" title=\"2026.04.08 Brand eines Presscontainers (25)\"><img decoding=\"async\" src=\"https:\/\/feuerwehr-simbach.de\/wp-content\/uploads\/2026\/04\/2026.04.08-Brand-eines-Presscontainers-25-e1775734854821.jpg\" alt=\"2026.04.08 Brand eines Presscontainers (25)\" \/><\/a><\/div><div class=\"su-carousel-slide\"><a href=\"https:\/\/feuerwehr-simbach.de\/wp-content\/uploads\/2026\/04\/2026.04.08-Brand-eines-Presscontainers-26-e1775734861277.jpg\" title=\"2026.04.08 Brand eines Presscontainers (26)\"><img decoding=\"async\" src=\"https:\/\/feuerwehr-simbach.de\/wp-content\/uploads\/2026\/04\/2026.04.08-Brand-eines-Presscontainers-26-e1775734861277.jpg\" alt=\"2026.04.08 Brand eines Presscontainers (26)\" \/><\/a><\/div><div class=\"su-carousel-slide\"><a href=\"https:\/\/feuerwehr-simbach.de\/wp-content\/uploads\/2026\/04\/2026.04.08-Brand-eines-Presscontainers-27-e1775734866111.jpg\" title=\"2026.04.08 Brand eines Presscontainers (27)\"><img decoding=\"async\" src=\"https:\/\/feuerwehr-simbach.de\/wp-content\/uploads\/2026\/04\/2026.04.08-Brand-eines-Presscontainers-27-e1775734866111.jpg\" alt=\"2026.04.08 Brand eines Presscontainers (27)\" \/><\/a><\/div><div class=\"su-carousel-slide\"><a href=\"https:\/\/feuerwehr-simbach.de\/wp-content\/uploads\/2026\/04\/2026.04.08-Brand-eines-Presscontainers-28-e1775734871608.jpg\" title=\"2026.04.08 Brand eines Presscontainers (28)\"><img decoding=\"async\" src=\"https:\/\/feuerwehr-simbach.de\/wp-content\/uploads\/2026\/04\/2026.04.08-Brand-eines-Presscontainers-28-e1775734871608.jpg\" alt=\"2026.04.08 Brand eines Presscontainers (28)\" \/><\/a><\/div><\/div><div class=\"su-carousel-nav\"><div class=\"su-carousel-direction\"><span class=\"su-carousel-prev\"><\/span><span class=\"su-carousel-next\"><\/span><\/div><div class=\"su-carousel-pagination\"><\/div><\/div><\/div>\n<\/div>","protected":false},"author":22,"featured_media":24775,"template":"","meta":{"einsatz_weight":1,"footnotes":""},"categories":[184],"tags":[],"einsatzart":[],"fahrzeug":[],"exteinsatzmittel":[],"alarmierungsart":[],"evw_unit":[],"class_list":["post-24758","einsatz","type-einsatz","status-publish","has-post-thumbnail","hentry","category-einsaetze-2026"],"_links":{"self":[{"href":"https:\/\/feuerwehr-simbach.de\/index.php?rest_route=\/wp\/v2\/einsatz\/24758","targetHints":{"allow":["GET"]}}],"collection":[{"href":"https:\/\/feuerwehr-simbach.de\/index.php?rest_route=\/wp\/v2\/einsatz"}],"about":[{"href":"https:\/\/feuerwehr-simbach.de\/index.php?rest_route=\/wp\/v2\/types\/einsatz"}],"author":[{"embeddable":true,"href":"https:\/\/feuerwehr-simbach.de\/index.php?rest_route=\/wp\/v2\/users\/22"}],"version-history":[{"count":5,"href":"https:\/\/feuerwehr-simbach.de\/index.php?rest_route=\/wp\/v2\/einsatz\/24758\/revisions"}],"predecessor-version":[{"id":24798,"href":"https:\/\/feuerwehr-simbach.de\/index.php?rest_route=\/wp\/v2\/einsatz\/24758\/revisions\/24798"}],"wp:featuredmedia":[{"embeddable":true,"href":"https:\/\/feuerwehr-simbach.de\/index.php?rest_route=\/wp\/v2\/media\/24775"}],"wp:attachment":[{"href":"https:\/\/feuerwehr-simbach.de\/index.php?rest_route=%2Fwp%2Fv2%2Fmedia&parent=24758"}],"wp:term":[{"taxonomy":"category","embeddable":true,"href":"https:\/\/feuerwehr-simbach.de\/index.php?rest_route=%2Fwp%2Fv2%2Fcategories&post=24758"},{"taxonomy":"post_tag","embeddable":true,"href":"https:\/\/feuerwehr-simbach.de\/index.php?rest_route=%2Fwp%2Fv2%2Ftags&post=24758"},{"taxonomy":"einsatzart","embeddable":true,"href":"https:\/\/feuerwehr-simbach.de\/index.php?rest_route=%2Fwp%2Fv2%2Feinsatzart&post=24758"},{"taxonomy":"fahrzeug","embeddable":true,"href":"https:\/\/feuerwehr-simbach.de\/index.php?rest_route=%2Fwp%2Fv2%2Ffahrzeug&post=24758"},{"taxonomy":"exteinsatzmittel","embeddable":true,"href":"https:\/\/feuerwehr-simbach.de\/index.php?rest_route=%2Fwp%2Fv2%2Fexteinsatzmittel&post=24758"},{"taxonomy":"alarmierungsart","embeddable":true,"href":"https:\/\/feuerwehr-simbach.de\/index.php?rest_route=%2Fwp%2Fv2%2Falarmierungsart&post=24758"},{"taxonomy":"evw_unit","embeddable":true,"href":"https:\/\/feuerwehr-simbach.de\/index.php?rest_route=%2Fwp%2Fv2%2Fevw_unit&post=24758"}],"curies":[{"name":"wp","href":"https:\/\/api.w.org\/{rel}","templated":true}]}}