{"id":2477,"date":"2018-02-20T15:36:47","date_gmt":"2018-02-20T15:36:47","guid":{"rendered":"http:\/\/feuerwehr-simbach.de\/?page_id=2477"},"modified":"2020-12-12T15:44:04","modified_gmt":"2020-12-12T14:44:04","slug":"safety-services-2-2-2","status":"publish","type":"page","link":"https:\/\/feuerwehr-simbach.de\/?page_id=2477","title":{"rendered":"Eins\u00e4tze 2018"},"content":{"rendered":"<div class=\"wpb-content-wrapper\">[vc_row][vc_column][vc_column_text]\n<div class=\"wpb_text_column wpb_content_element \">\n<div class=\"wpb_wrapper\">\n<h1 style=\"text-align: center;\"><span style=\"color: #ff0000;\"><strong>Eins\u00e4tze 2018<\/strong><\/span><\/h1>\n<p>&nbsp;<\/p>\n<p><u><b>Wer wird wann bei der Simbacher Feuerwehr alarmiert<\/b><\/u><b>:<\/b><\/p>\n<ul>\n<li><b>Tagalarm <\/b><strong>von Mo. bis Fr. von 6:00 Uhr bis 17:59 Uhr:<\/strong> <b><\/b><br \/>\nAlle in Simbach besch\u00e4ftigten Einsatzkr\u00e4fte, alle Wechselschichtmitarbeiter sowie alle F\u00fchrungskr\u00e4fte.<\/li>\n<li><b>Nacht-<\/b><b>\/Wochenendalarm von Mo. bis Fr. von 18:00 Uhr bis 5:59 sowie Sa. und So. und Feiertags komplett:\u00a0<\/b><br \/>\nAlle nicht im Tagalarm erfassten Einsatzkr\u00e4fte und ebenfalls alle F\u00fchrungskr\u00e4fte.<\/li>\n<li><b>Vollalarm (jeder Zeit)<\/b><b>:\u00a0<\/b><br \/>\nAlle Einsatzkr\u00e4fte. Jeder Aktive hat diese Alarmschleife auf seinem Funkmeldeempf\u00e4nger (FME).<\/li>\n<\/ul>\n<\/div>\n<\/div>\n[\/vc_column_text][vc_empty_space height=&#8220;40px&#8220;][vc_separator color=&#8220;custom&#8220; border_width=&#8220;3&#8243; accent_color=&#8220;#dd3333&#8243;][vc_empty_space height=&#8220;50px&#8220;]\n\n<table id=\"tablepress-1\" class=\"tablepress tablepress-id-1\">\n<thead>\n<tr class=\"row-1\">\n\t<th class=\"column-1\">Datum<\/th><th class=\"column-2\">Stichwort<\/th><th class=\"column-3\">Schlagwort<\/th><th class=\"column-4\">Einsatzort<\/th><th class=\"column-5\">Details<\/th>\n<\/tr>\n<\/thead>\n<tbody class=\"row-striping row-hover\">\n<tr class=\"row-2\">\n\t<td class=\"column-1\">27.12.2018<\/td><td class=\"column-2\">THL 1<\/td><td class=\"column-3\">Kleintierrettung - Katze hinter Duschkabine<\/td><td class=\"column-4\">Simbach, M\u00fcnchner Stra\u00dfe<\/td><td class=\"column-5\"><a href=\"https:\/\/feuerwehr-simbach.de\/?einsatz=27-12-2018-kleintierrettung\">Bericht<\/a><\/td>\n<\/tr>\n<tr class=\"row-3\">\n\t<td class=\"column-1\">26.12.2018<\/td><td class=\"column-2\">B BMA<\/td><td class=\"column-3\">Ausgel\u00f6ste Brandmeldeanlage<\/td><td class=\"column-4\">Simbach, Bahnhofplatz<\/td><td class=\"column-5\"><a href=\"https:\/\/feuerwehr-simbach.de\/?einsatz=26-12-2018-ausgeloeste-brandmeldeanlage\">Bericht<\/a><\/td>\n<\/tr>\n<tr class=\"row-4\">\n\t<td class=\"column-1\">25.12.2018<\/td><td class=\"column-2\">THL Rettungskorb<\/td><td class=\"column-3\">Personenrettung mit Drehleiter<\/td><td class=\"column-4\">Erlach, Tannenstra\u00dfe<\/td><td class=\"column-5\"><a href=\"https:\/\/feuerwehr-simbach.de\/?einsatz=25-12-2018-personenrettung-mit-drehleiter\">Bericht<\/a><\/td>\n<\/tr>\n<tr class=\"row-5\">\n\t<td class=\"column-1\">23.12.2018<\/td><td class=\"column-2\">B 1<\/td><td class=\"column-3\">Kleinbrand im Freien<\/td><td class=\"column-4\">Simbach, Gartenstra\u00dfe<\/td><td class=\"column-5\"><a href=\"https:\/\/feuerwehr-simbach.de\/?einsatz=23-12-2018-brand-im-freien\">Bericht<\/a><\/td>\n<\/tr>\n<tr class=\"row-6\">\n\t<td class=\"column-1\">15.12.2018<\/td><td class=\"column-2\">INF Sicherheitswache<\/td><td class=\"column-3\">Absicherung Weihnachtsschwimmen<\/td><td class=\"column-4\">Simbach, Inn - Unterstau<\/td><td class=\"column-5\"><a href=\"https:\/\/feuerwehr-simbach.de\/?einsatz=15-12-2018-absicherung-weihnachtsschwimmen\">Bericht<\/a><\/td>\n<\/tr>\n<tr class=\"row-7\">\n\t<td class=\"column-1\">06.12.2018<\/td><td class=\"column-2\">B BMA<\/td><td class=\"column-3\">Ausgel\u00f6ste Brandmeldeanlage<\/td><td class=\"column-4\">Simbach, M\u00fcnchner Stra\u00dfe<\/td><td class=\"column-5\"><a href=\"https:\/\/feuerwehr-simbach.de\/?einsatz=06-12-2018-ausgeloeste-brandmeldeanlage\">Bericht<\/a><\/td>\n<\/tr>\n<tr class=\"row-8\">\n\t<td class=\"column-1\">02.12.2018<\/td><td class=\"column-2\">THL 1<\/td><td class=\"column-3\">Geb\u00e4ude sichern<\/td><td class=\"column-4\">Simbach, Innstra\u00dfe<\/td><td class=\"column-5\"><a href=\"https:\/\/feuerwehr-simbach.de\/?einsatz=02-12-2018-gebaeude-sichern\">Bericht<\/a><\/td>\n<\/tr>\n<tr class=\"row-9\">\n\t<td class=\"column-1\">23.11.2018<\/td><td class=\"column-2\">B BMA<\/td><td class=\"column-3\">Ausgel\u00f6ste Brandmeldeanlage<\/td><td class=\"column-4\">Simbach, Bachstra\u00dfe<\/td><td class=\"column-5\"><a href=\"https:\/\/feuerwehr-simbach.de\/?einsatz=23-11-2018-ausgeloeste-brandmeldeanlage\">Bericht<\/a><\/td>\n<\/tr>\n<tr class=\"row-10\">\n\t<td class=\"column-1\">20.11.2018<\/td><td class=\"column-2\">B 1<\/td><td class=\"column-3\">Rauchentwicklung im Freien<\/td><td class=\"column-4\">Simbach, Innstra\u00dfe<\/td><td class=\"column-5\"><a href=\"https:\/\/feuerwehr-simbach.de\/?einsatz=20-11-2018-rauchentwicklung-im-freien\">Bericht<\/a><\/td>\n<\/tr>\n<tr class=\"row-11\">\n\t<td class=\"column-1\">20.11.2018<\/td><td class=\"column-2\">THL 1<\/td><td class=\"column-3\">Baum auf Fahrbahn<\/td><td class=\"column-4\"> Simbach, B12<\/td><td class=\"column-5\"><a href=\"https:\/\/feuerwehr-simbach.de\/?einsatz=20-11-2018-baum-auf-fahrbahn\">Bericht<\/a><\/td>\n<\/tr>\n<tr class=\"row-12\">\n\t<td class=\"column-1\">15.11.2018<\/td><td class=\"column-2\">B 1<\/td><td class=\"column-3\">Brand Unrat<\/td><td class=\"column-4\">Simbach, Obersimbach<\/td><td class=\"column-5\"><a href=\"https:\/\/feuerwehr-simbach.de\/?einsatz=15-11-2018-brand-unrat\">Bericht<\/a><\/td>\n<\/tr>\n<tr class=\"row-13\">\n\t<td class=\"column-1\">14.11.2018<\/td><td class=\"column-2\">B BMA<\/td><td class=\"column-3\">Ausgel\u00f6ste Brandmeldeanlage<\/td><td class=\"column-4\">Simbach, Jakob-Weindler-Stra\u00dfe<\/td><td class=\"column-5\"><a href=\"https:\/\/feuerwehr-simbach.de\/?einsatz=14-11-2018-ausgeloeste-brandmeldeanlage\">Bericht<\/a><\/td>\n<\/tr>\n<tr class=\"row-14\">\n\t<td class=\"column-1\">10.11.2018<\/td><td class=\"column-2\">B BMA<\/td><td class=\"column-3\">Ausgel\u00f6ste Brandmeldeanlage<\/td><td class=\"column-4\">Simbach, Heraklithstra\u00dfe<\/td><td class=\"column-5\"><a href=\"https:\/\/feuerwehr-simbach.de\/?einsatz=10-11-2018-ausgeloeste-brandmeldeanlage-2\">Bericht<\/a><\/td>\n<\/tr>\n<tr class=\"row-15\">\n\t<td class=\"column-1\">10.11.2018<\/td><td class=\"column-2\">B BMA<\/td><td class=\"column-3\">Ausgel\u00f6ste Brandmeldeanlage<\/td><td class=\"column-4\">Simbach, Heraklithstra\u00dfe<\/td><td class=\"column-5\"><a href=\"https:\/\/feuerwehr-simbach.de\/?einsatz=10-11-2018-ausgeloeste-brandmeldeanlage\">Bericht<\/a><\/td>\n<\/tr>\n<tr class=\"row-16\">\n\t<td class=\"column-1\">08.11.2018<\/td><td class=\"column-2\">B BMA<\/td><td class=\"column-3\">Ausgel\u00f6ste Brandmeldeanlage<\/td><td class=\"column-4\">Simbach, Simon-Breu-Stra\u00dfe<\/td><td class=\"column-5\"><a href=\"https:\/\/feuerwehr-simbach.de\/?einsatz=08-11-2018-ausgeloeste-brandmeldeanlage\">Bericht<\/a><\/td>\n<\/tr>\n<tr class=\"row-17\">\n\t<td class=\"column-1\">07.11.2018<\/td><td class=\"column-2\">B 4<\/td><td class=\"column-3\">Vollbrand eines Einkaufsmarktes<\/td><td class=\"column-4\">Kirchdorf, Rudolf-Diesel-Stra\u00dfe<\/td><td class=\"column-5\"><a href=\"https:\/\/feuerwehr-simbach.de\/?einsatz=07-11-2018-vollbrand-eines-einkaufsmarktes\">Bericht<\/a><\/td>\n<\/tr>\n<tr class=\"row-18\">\n\t<td class=\"column-1\">07.11.2018<\/td><td class=\"column-2\">THL P eingeschlossen<\/td><td class=\"column-3\">Wohnungs\u00f6ffnung f\u00fcr Rettungsdienst<\/td><td class=\"column-4\">Simbach, M\u00fcnchner Stra\u00dfe<\/td><td class=\"column-5\"><a href=\"https:\/\/feuerwehr-simbach.de\/?einsatz=07-11-2018-wohnungsoeffnung-fuer-rettungsdienst\">Bericht<\/a><\/td>\n<\/tr>\n<tr class=\"row-19\">\n\t<td class=\"column-1\">28.10.2018<\/td><td class=\"column-2\">THL 3<\/td><td class=\"column-3\">Verkehrsunfall mit eingeklemmter Person<\/td><td class=\"column-4\">Ering, B12 H\u00f6he Pettenau<\/td><td class=\"column-5\"><a href=\"https:\/\/feuerwehr-simbach.de\/?einsatz=28-10-2018-verkehrsunfall-mit-eingeklemmter-person\">Bericht<\/a><\/td>\n<\/tr>\n<tr class=\"row-20\">\n\t<td class=\"column-1\">26.10.2018<\/td><td class=\"column-2\">THL Tragehilfe<\/td><td class=\"column-3\">Tragehilfe f\u00fcr Rettungsdienst<\/td><td class=\"column-4\">Simbach, Stegh\u00e4user<\/td><td class=\"column-5\"><a href=\"https:\/\/feuerwehr-simbach.de\/?einsatz=26-10-2018-tragehilfe-fuer-rettungsdienst\">Bericht<\/a><\/td>\n<\/tr>\n<tr class=\"row-21\">\n\t<td class=\"column-1\">25.10.2018<\/td><td class=\"column-2\">THL 1<\/td><td class=\"column-3\">Wasser im Keller<\/td><td class=\"column-4\">Simbach, Hintere Moosecker Stra\u00dfe<\/td><td class=\"column-5\"><a href=\"https:\/\/feuerwehr-simbach.de\/?einsatz=25-10-2018-wasser-im-keller\">Bericht<\/a><\/td>\n<\/tr>\n<tr class=\"row-22\">\n\t<td class=\"column-1\">24.10.2018<\/td><td class=\"column-2\">THL 1<\/td><td class=\"column-3\">Ger\u00fcst auf Fahrbahn<\/td><td class=\"column-4\">Simbach, Innstra\u00dfe<\/td><td class=\"column-5\"><a href=\"https:\/\/feuerwehr-simbach.de\/?einsatz=24-10-2018-baugeruest-auf-fahrbahn\">Bericht<\/a><\/td>\n<\/tr>\n<tr class=\"row-23\">\n\t<td class=\"column-1\">26.09.2018<\/td><td class=\"column-2\">B BMA<\/td><td class=\"column-3\">Ausgel\u00f6ste Brandmeldeanlage<\/td><td class=\"column-4\">Simbach, Heraklithstra\u00dfe<\/td><td class=\"column-5\"><a href=\"https:\/\/feuerwehr-simbach.de\/?einsatz=26-09-2018-ausgeloeste-brandmeldeanlage\">Bericht<\/a><\/td>\n<\/tr>\n<tr class=\"row-24\">\n\t<td class=\"column-1\">23.09.2018<\/td><td class=\"column-2\">THL Unwetter<\/td><td class=\"column-3\">Mehrere \u00c4ste auf Fahrbahn<\/td><td class=\"column-4\">Simbach, Lagerhausstra\u00dfe<\/td><td class=\"column-5\"><a href=\"https:\/\/feuerwehr-simbach.de\/?einsatz=23-09-2018-mehrere-aeste-auf-fahrbahn\">Bericht<\/a><\/td>\n<\/tr>\n<tr class=\"row-25\">\n\t<td class=\"column-1\">23.09.2018<\/td><td class=\"column-2\">THL Unwetter<\/td><td class=\"column-3\">Baum auf Fahrbahn<\/td><td class=\"column-4\">Kirchberg, Ranzenberg<\/td><td class=\"column-5\"><a href=\"https:\/\/feuerwehr-simbach.de\/?einsatz=23-09-2018-baum-auf-fahrbahn-4\">Bericht<\/a><\/td>\n<\/tr>\n<tr class=\"row-26\">\n\t<td class=\"column-1\">23.09.2018<\/td><td class=\"column-2\">THL Unwetter<\/td><td class=\"column-3\">Gegenstand sichern<\/td><td class=\"column-4\">Simbach, Gewerbering<\/td><td class=\"column-5\"><a href=\"https:\/\/feuerwehr-simbach.de\/?einsatz=23-09-2018-gegenstand-sichern\">Bericht<\/a><\/td>\n<\/tr>\n<tr class=\"row-27\">\n\t<td class=\"column-1\">23.09.2018<\/td><td class=\"column-2\">THL Unwetter<\/td><td class=\"column-3\">Gegenst\u00e4nde auf Fahrbahn<\/td><td class=\"column-4\">Simbach, Teichstra\u00dfe<\/td><td class=\"column-5\"><a href=\"https:\/\/feuerwehr-simbach.de\/?einsatz=23-09-2018-gegenstaende-auf-fahrbahn-2\">Bericht<\/a><\/td>\n<\/tr>\n<tr class=\"row-28\">\n\t<td class=\"column-1\">23.09.2018<\/td><td class=\"column-2\">THL Unwetter<\/td><td class=\"column-3\">Baum auf Fahrbahn<\/td><td class=\"column-4\">Simbach, B12 H\u00f6he Simbach-Mitte<\/td><td class=\"column-5\"><a href=\"https:\/\/feuerwehr-simbach.de\/?einsatz=23-09-2018-baum-auf-fahrbahn-3\">Bericht<\/a><\/td>\n<\/tr>\n<tr class=\"row-29\">\n\t<td class=\"column-1\">23.09.2018<\/td><td class=\"column-2\">THL Unwetter<\/td><td class=\"column-3\">Baum auf Fahrbahn<\/td><td class=\"column-4\">Simbach, Moosecker Stra\u00dfe<\/td><td class=\"column-5\"><a href=\"https:\/\/feuerwehr-simbach.de\/?einsatz=23-09-2018-baum-auf-fahrbahn-2\">Bericht<\/a><\/td>\n<\/tr>\n<tr class=\"row-30\">\n\t<td class=\"column-1\">23.09.2018<\/td><td class=\"column-2\">THL Unwetter<\/td><td class=\"column-3\">Baum auf Fahrbahn<\/td><td class=\"column-4\">Simbach, Pfarrkirchner Stra\u00dfe<\/td><td class=\"column-5\"><a href=\"https:\/\/feuerwehr-simbach.de\/?einsatz=23-09-2018-baum-auf-fahrbahn\">Bericht<\/a><\/td>\n<\/tr>\n<tr class=\"row-31\">\n\t<td class=\"column-1\">23.09.2018<\/td><td class=\"column-2\">THL Unwetter<\/td><td class=\"column-3\">Kontrollfahrt<\/td><td class=\"column-4\">Simbach, Stadtgebiet<\/td><td class=\"column-5\"><a href=\"https:\/\/feuerwehr-simbach.de\/?einsatz=23-09-2018-kontrollfahrt\">Bericht<\/a><\/td>\n<\/tr>\n<tr class=\"row-32\">\n\t<td class=\"column-1\">23.09.2018<\/td><td class=\"column-2\">THL Unwetter<\/td><td class=\"column-3\">Gegenst\u00e4nde auf Fahrbahn<\/td><td class=\"column-4\">Simbach, Moosecker Stra\u00dfe<\/td><td class=\"column-5\"><a href=\"https:\/\/feuerwehr-simbach.de\/?einsatz=23-09-2018-gegenstaende-auf-fahrbahn\">Bericht<\/a><\/td>\n<\/tr>\n<tr class=\"row-33\">\n\t<td class=\"column-1\">20.09.2018<\/td><td class=\"column-2\">B BMA<\/td><td class=\"column-3\">Ausgel\u00f6ste Brandmeldeanlage<\/td><td class=\"column-4\">Simbach, M\u00fcnchner Stra\u00dfe<\/td><td class=\"column-5\"><a href=\"https:\/\/feuerwehr-simbach.de\/?einsatz=20-09-2018-ausgeloeste-brandmeldeanlage\">Bericht<\/a><\/td>\n<\/tr>\n<tr class=\"row-34\">\n\t<td class=\"column-1\">18.09.2018<\/td><td class=\"column-2\">B BMA<\/td><td class=\"column-3\">Ausgel\u00f6ste Brandmeldeanlage<\/td><td class=\"column-4\">Simbach, Bahnhofplatz<\/td><td class=\"column-5\"><a href=\"https:\/\/feuerwehr-simbach.de\/?einsatz=18-09-2018-ausgeloeste-brandmeldeanlage\">Bericht<\/a><\/td>\n<\/tr>\n<tr class=\"row-35\">\n\t<td class=\"column-1\">13.09.2018<\/td><td class=\"column-2\">B BMA<\/td><td class=\"column-3\">Ausgel\u00f6ste Brandmeldeanlage<\/td><td class=\"column-4\">Tann, Dr.-Heuwieser-Stra\u00dfe<\/td><td class=\"column-5\"><a href=\"https:\/\/feuerwehr-simbach.de\/?einsatz=13-09-2018-ausgeloeste-brandmeldeanlage\">Bericht<\/a><\/td>\n<\/tr>\n<tr class=\"row-36\">\n\t<td class=\"column-1\">11.09.2018<\/td><td class=\"column-2\">THL 1<\/td><td class=\"column-3\">Kleintierrettung - Vogel in Dachgitter<\/td><td class=\"column-4\">Simbach, Teichstra\u00dfe<\/td><td class=\"column-5\"><a href=\"https:\/\/feuerwehr-simbach.de\/?einsatz=11-09-2018-kleintierrettung\">Bericht<\/a><\/td>\n<\/tr>\n<tr class=\"row-37\">\n\t<td class=\"column-1\">11.09.2018<\/td><td class=\"column-2\">THL 1<\/td><td class=\"column-3\">Wohnungs\u00f6ffnung f\u00fcr Rettungsdienst<\/td><td class=\"column-4\">Simbach, Passauer Stra\u00dfe<\/td><td class=\"column-5\"><a href=\"https:\/\/feuerwehr-simbach.de\/?einsatz=11-09-2018-wohnungsoeffnung\">Bericht<\/a><\/td>\n<\/tr>\n<tr class=\"row-38\">\n\t<td class=\"column-1\">11.09.2018<\/td><td class=\"column-2\">B BMA<\/td><td class=\"column-3\">Ausgel\u00f6ste Brandmeldeanlage<\/td><td class=\"column-4\">Simbach, Industriestra\u00dfe<\/td><td class=\"column-5\"><a href=\"https:\/\/feuerwehr-simbach.de\/?einsatz=11-09-2018-ausgeloeste-brandmeldeanlage\">Bericht<\/a><\/td>\n<\/tr>\n<tr class=\"row-39\">\n\t<td class=\"column-1\">10.09.2018<\/td><td class=\"column-2\">THL 4<\/td><td class=\"column-3\">Verkehrsunfall mit PKW und LKW<\/td><td class=\"column-4\">Seibersdorf, B12 H\u00f6he Parkpl\u00e4tze<\/td><td class=\"column-5\"><a href=\"https:\/\/feuerwehr-simbach.de\/?einsatz=10-09-2018-verkehrsunfall-mit-pkw-und-lkw\">Bericht<\/a><\/td>\n<\/tr>\n<tr class=\"row-40\">\n\t<td class=\"column-1\">09.09.2018<\/td><td class=\"column-2\">B BMA<\/td><td class=\"column-3\">Ausgel\u00f6ste Brandmeldeanlage<\/td><td class=\"column-4\">Simbach, Bahnhofplatz<\/td><td class=\"column-5\"><a href=\"https:\/\/feuerwehr-simbach.de\/?einsatz=09-09-2018-ausgeloeste-brandmeldeanlage\">Bericht<\/a><\/td>\n<\/tr>\n<tr class=\"row-41\">\n\t<td class=\"column-1\">01.09.2018<\/td><td class=\"column-2\">THL 1<\/td><td class=\"column-3\">Stra\u00dfe reinigen - \u00d6lspur<\/td><td class=\"column-4\">Simbach, Kreuzberger Weg<\/td><td class=\"column-5\"><a href=\"https:\/\/feuerwehr-simbach.de\/?einsatz=01-09-2018-oelspur\">Bericht<\/a><\/td>\n<\/tr>\n<tr class=\"row-42\">\n\t<td class=\"column-1\">01.09.2018<\/td><td class=\"column-2\">B BMA<\/td><td class=\"column-3\">Ausgel\u00f6ste Brandmeldeanlage<\/td><td class=\"column-4\">Simbach, Adolf-Kolping-Stra\u00dfe<\/td><td class=\"column-5\"><a href=\"https:\/\/feuerwehr-simbach.de\/?einsatz=01-09-2018-ausgeloeste-brandmeldeanlage\">Bericht<\/a><\/td>\n<\/tr>\n<tr class=\"row-43\">\n\t<td class=\"column-1\">24.08.2018<\/td><td class=\"column-2\">B BMA<\/td><td class=\"column-3\">Ausgel\u00f6ste Brandmeldeanlage<\/td><td class=\"column-4\">Simbach, M\u00fcnchner Stra\u00dfe<\/td><td class=\"column-5\"><\/td>\n<\/tr>\n<tr class=\"row-44\">\n\t<td class=\"column-1\">20.08.2018<\/td><td class=\"column-2\">B BMA<\/td><td class=\"column-3\">Ausgel\u00f6ste Brandmeldeanlage<\/td><td class=\"column-4\">Simbach, Bahnhofplatz<\/td><td class=\"column-5\"><\/td>\n<\/tr>\n<tr class=\"row-45\">\n\t<td class=\"column-1\">16.08.2018<\/td><td class=\"column-2\">B BMA<\/td><td class=\"column-3\">Ausgel\u00f6ster Rauchwarnmelder<\/td><td class=\"column-4\">Simbach, Meindlstra\u00dfe<\/td><td class=\"column-5\"><\/td>\n<\/tr>\n<tr class=\"row-46\">\n\t<td class=\"column-1\">14.08.2018<\/td><td class=\"column-2\">THL 1<\/td><td class=\"column-3\">Baum auf Fahrbahn<\/td><td class=\"column-4\">Simbach, Oberdorfner<\/td><td class=\"column-5\"><\/td>\n<\/tr>\n<tr class=\"row-47\">\n\t<td class=\"column-1\">13.08.2018<\/td><td class=\"column-2\">THL 1<\/td><td class=\"column-3\">Wasser in Geb\u00e4ude<\/td><td class=\"column-4\">Simbach, Adolf-Kolping-Stra\u00dfe<\/td><td class=\"column-5\"><\/td>\n<\/tr>\n<tr class=\"row-48\">\n\t<td class=\"column-1\">11.08.2018<\/td><td class=\"column-2\">THL Rettungskorb<\/td><td class=\"column-3\">Personenrettung mit Drehleiter<\/td><td class=\"column-4\">Simbach, Moosecker Stra\u00dfe<\/td><td class=\"column-5\"><\/td>\n<\/tr>\n<tr class=\"row-49\">\n\t<td class=\"column-1\">09.08.2018<\/td><td class=\"column-2\">B BMA<\/td><td class=\"column-3\">Ausgel\u00f6ste Brandmeldeanlage<\/td><td class=\"column-4\">Simbach, Innstra\u00dfe<\/td><td class=\"column-5\"><\/td>\n<\/tr>\n<tr class=\"row-50\">\n\t<td class=\"column-1\">08.08.2018<\/td><td class=\"column-2\">THL 3<\/td><td class=\"column-3\">Verkehrslenkung nach Verkehrsunfall<\/td><td class=\"column-4\">Seibersdorf, B12 H\u00f6he Abzweigung B20<\/td><td class=\"column-5\"><\/td>\n<\/tr>\n<tr class=\"row-51\">\n\t<td class=\"column-1\">07.08.2018<\/td><td class=\"column-2\">B BMA<\/td><td class=\"column-3\">Ausgel\u00f6ste Brandmeldeanlage<\/td><td class=\"column-4\">Simbach, Bahnhofplatz<\/td><td class=\"column-5\"><\/td>\n<\/tr>\n<tr class=\"row-52\">\n\t<td class=\"column-1\">06.08.2018<\/td><td class=\"column-2\">B BMA<\/td><td class=\"column-3\">Ausgel\u00f6ste Brandmeldeanlage<\/td><td class=\"column-4\">Simbach, Heraklithstra\u00dfe<\/td><td class=\"column-5\"><\/td>\n<\/tr>\n<tr class=\"row-53\">\n\t<td class=\"column-1\">03.08.2018<\/td><td class=\"column-2\">B BMA<\/td><td class=\"column-3\">Ausgel\u00f6ste Brandmeldeanlage<\/td><td class=\"column-4\">Simbach, Heraklithstra\u00dfe<\/td><td class=\"column-5\"><\/td>\n<\/tr>\n<tr class=\"row-54\">\n\t<td class=\"column-1\">03.08.2018<\/td><td class=\"column-2\">B 1<\/td><td class=\"column-3\">Rauchentwicklung im Freien<\/td><td class=\"column-4\">Simbach, B12<\/td><td class=\"column-5\"><\/td>\n<\/tr>\n<tr class=\"row-55\">\n\t<td class=\"column-1\">31.07.2018<\/td><td class=\"column-2\">B 2<\/td><td class=\"column-3\">Brand mehrerer Bahnschwellen<\/td><td class=\"column-4\">Simbach, Bahnhofsgel\u00e4nde<\/td><td class=\"column-5\"><\/td>\n<\/tr>\n<tr class=\"row-56\">\n\t<td class=\"column-1\">29.07.2018<\/td><td class=\"column-2\">B 3<\/td><td class=\"column-3\">Zimmerbrand<\/td><td class=\"column-4\">Simbach, M\u00fcnchner Stra\u00dfe<\/td><td class=\"column-5\"><\/td>\n<\/tr>\n<tr class=\"row-57\">\n\t<td class=\"column-1\">28.07.2018<\/td><td class=\"column-2\">B 3<\/td><td class=\"column-3\">Brand LKW<\/td><td class=\"column-4\">Kirchdorf, B12 H\u00f6he Einschleifung M\u00fcnchen<\/td><td class=\"column-5\"><\/td>\n<\/tr>\n<tr class=\"row-58\">\n\t<td class=\"column-1\">28.07.2018<\/td><td class=\"column-2\">THL 1<\/td><td class=\"column-3\">Kleintierrettung<\/td><td class=\"column-4\">Simbach, Ferdinand-Aufschl\u00e4ger-Stra\u00dfe<\/td><td class=\"column-5\"><\/td>\n<\/tr>\n<tr class=\"row-59\">\n\t<td class=\"column-1\">25.07.2018<\/td><td class=\"column-2\">THL P eingeschlossen<\/td><td class=\"column-3\">Wohnungs\u00f6ffnung f\u00fcr Rettungsdienst<\/td><td class=\"column-4\">Simbach, Lindenstra\u00dfe<\/td><td class=\"column-5\"><\/td>\n<\/tr>\n<tr class=\"row-60\">\n\t<td class=\"column-1\">21.07.2018<\/td><td class=\"column-2\">THL 1<\/td><td class=\"column-3\">Wasser in Geb\u00e4ude<\/td><td class=\"column-4\">Simbach, Pfarrkirchner Stra\u00dfe<\/td><td class=\"column-5\"><\/td>\n<\/tr>\n<tr class=\"row-61\">\n\t<td class=\"column-1\">20.07.2018<\/td><td class=\"column-2\">B 1<\/td><td class=\"column-3\">Brand einer Hecke<\/td><td class=\"column-4\">Simbach, M\u00fcnchner Stra\u00dfe<\/td><td class=\"column-5\"><\/td>\n<\/tr>\n<tr class=\"row-62\">\n\t<td class=\"column-1\">07.07.2018<\/td><td class=\"column-2\">B 3 Person<\/td><td class=\"column-3\">Zimmerbrand - angebranntes Essen<\/td><td class=\"column-4\">Simbach, Simon-Breu-Stra\u00dfe<\/td><td class=\"column-5\"><\/td>\n<\/tr>\n<tr class=\"row-63\">\n\t<td class=\"column-1\">06.07.2018<\/td><td class=\"column-2\">B 3 Person<\/td><td class=\"column-3\">Zimmerbrand - Fehlalarm<\/td><td class=\"column-4\">Simbach, Albert-Seidl-Stra\u00dfe<\/td><td class=\"column-5\"><\/td>\n<\/tr>\n<tr class=\"row-64\">\n\t<td class=\"column-1\">03.07.2018<\/td><td class=\"column-2\">B 3<\/td><td class=\"column-3\">Balkonbrand<\/td><td class=\"column-4\">Simbach, Wilhelm-Die\u00df-Stra\u00dfe<\/td><td class=\"column-5\"><\/td>\n<\/tr>\n<tr class=\"row-65\">\n\t<td class=\"column-1\">03.07.2018<\/td><td class=\"column-2\">THL 1<\/td><td class=\"column-3\">Kleintierrettung - Enten in G\u00fcllegrube<\/td><td class=\"column-4\">Simbach, Aign<\/td><td class=\"column-5\"><\/td>\n<\/tr>\n<tr class=\"row-66\">\n\t<td class=\"column-1\">01.07.2018<\/td><td class=\"column-2\">B 1<\/td><td class=\"column-3\">Brand einer Wiese<\/td><td class=\"column-4\">Simbach, Anton-M\u00fchldorfer-Stra\u00dfe<\/td><td class=\"column-5\"><\/td>\n<\/tr>\n<tr class=\"row-67\">\n\t<td class=\"column-1\">26.06.2018<\/td><td class=\"column-2\">THL Rettungskorb<\/td><td class=\"column-3\">Personenrettung mit Drehleiter<\/td><td class=\"column-4\">Kirchberg, Aich<\/td><td class=\"column-5\"><\/td>\n<\/tr>\n<tr class=\"row-68\">\n\t<td class=\"column-1\">23.06.2018<\/td><td class=\"column-2\">THL 1<\/td><td class=\"column-3\">Verkehrsabsicherung Stadtfestumzug<\/td><td class=\"column-4\">Simbach, Innstra\u00dfe<\/td><td class=\"column-5\"><\/td>\n<\/tr>\n<tr class=\"row-69\">\n\t<td class=\"column-1\">21.06.2018<\/td><td class=\"column-2\">B 1<\/td><td class=\"column-3\">Brandnachschau beim Waldbrand<\/td><td class=\"column-4\">Simbach, Industriestra\u00dfe<\/td><td class=\"column-5\"><\/td>\n<\/tr>\n<tr class=\"row-70\">\n\t<td class=\"column-1\">21.06.2018<\/td><td class=\"column-2\">B 1<\/td><td class=\"column-3\">Waldbrand neben Bahngleis<\/td><td class=\"column-4\">Simbach, Industriestra\u00dfe<\/td><td class=\"column-5\"><\/td>\n<\/tr>\n<tr class=\"row-71\">\n\t<td class=\"column-1\">20.06.2018<\/td><td class=\"column-2\">THL 1<\/td><td class=\"column-3\">Wasser in Geb\u00e4ude<\/td><td class=\"column-4\">Simbach, M\u00fcnchner Stra\u00dfe<\/td><td class=\"column-5\"><\/td>\n<\/tr>\n<tr class=\"row-72\">\n\t<td class=\"column-1\">16.06.2018<\/td><td class=\"column-2\">B BMA<\/td><td class=\"column-3\">Ausgel\u00f6ste Brandmeldeanlage<\/td><td class=\"column-4\">Simbach, Heraklithstra\u00dfe<\/td><td class=\"column-5\"><\/td>\n<\/tr>\n<tr class=\"row-73\">\n\t<td class=\"column-1\">08.06.2018<\/td><td class=\"column-2\">THL 1<\/td><td class=\"column-3\">Kleintierrettung - Katze auf Baum<\/td><td class=\"column-4\">Simbach, Austra\u00dfe<\/td><td class=\"column-5\"><\/td>\n<\/tr>\n<tr class=\"row-74\">\n\t<td class=\"column-1\">08.06.2018<\/td><td class=\"column-2\">B BMA<\/td><td class=\"column-3\">Ausgel\u00f6ste Brandmeldeanlage<\/td><td class=\"column-4\">Simbach, Bahnhofplatz<\/td><td class=\"column-5\"><\/td>\n<\/tr>\n<tr class=\"row-75\">\n\t<td class=\"column-1\">06.06.2018<\/td><td class=\"column-2\">B BMA<\/td><td class=\"column-3\">Ausgel\u00f6ste Brandmeldeanlage<\/td><td class=\"column-4\">Simbach, Bahnhofplatz<\/td><td class=\"column-5\"><\/td>\n<\/tr>\n<tr class=\"row-76\">\n\t<td class=\"column-1\">06.06.2018<\/td><td class=\"column-2\">B BMA<\/td><td class=\"column-3\">Ausgel\u00f6ste Brandmeldeanlage<\/td><td class=\"column-4\">Simbach, Heraklithstra\u00dfe<\/td><td class=\"column-5\"><\/td>\n<\/tr>\n<tr class=\"row-77\">\n\t<td class=\"column-1\">20.05.2018<\/td><td class=\"column-2\">THL 1<\/td><td class=\"column-3\">Kleintierrettung - Katze auf Baum<\/td><td class=\"column-4\">Simbach, Gartenstra\u00dfe<\/td><td class=\"column-5\"><\/td>\n<\/tr>\n<tr class=\"row-78\">\n\t<td class=\"column-1\">12.05.2018<\/td><td class=\"column-2\">THL 1<\/td><td class=\"column-3\">Kleintierrettung - Entenk\u00fcken in Schacht<\/td><td class=\"column-4\">Simbach, Adolf-Kolping-Stra\u00dfe<\/td><td class=\"column-5\"><\/td>\n<\/tr>\n<tr class=\"row-79\">\n\t<td class=\"column-1\">03.05.2018<\/td><td class=\"column-2\">THL 1<\/td><td class=\"column-3\">Stra\u00dfe reinigen - \u00d6lspur<\/td><td class=\"column-4\">Simbach, Stadtgebiet<\/td><td class=\"column-5\"><\/td>\n<\/tr>\n<tr class=\"row-80\">\n\t<td class=\"column-1\">01.05.2018<\/td><td class=\"column-2\">B BMA<\/td><td class=\"column-3\">Ausgel\u00f6ste Brandmeldeanlage<\/td><td class=\"column-4\">Simbach, Bahnhofplatz<\/td><td class=\"column-5\"><\/td>\n<\/tr>\n<tr class=\"row-81\">\n\t<td class=\"column-1\">25.04.2018<\/td><td class=\"column-2\">THL Rettungskorb<\/td><td class=\"column-3\">Personenrettung mit Drehleiter<\/td><td class=\"column-4\">Kirchdorf, Stadlecker Weg<\/td><td class=\"column-5\"><\/td>\n<\/tr>\n<tr class=\"row-82\">\n\t<td class=\"column-1\">25.04.2018<\/td><td class=\"column-2\">B BMA<\/td><td class=\"column-3\">Ausgel\u00f6ste Brandmeldeanlage<\/td><td class=\"column-4\">Simbach, Bahnhofplatz<\/td><td class=\"column-5\"><\/td>\n<\/tr>\n<tr class=\"row-83\">\n\t<td class=\"column-1\">20.04.2018<\/td><td class=\"column-2\">THL Erkundung<\/td><td class=\"column-3\">Waggon eines G\u00fcterzugs entgleist - Einsatz nicht mehr erforderlich<\/td><td class=\"column-4\">Simbach, Bahnstrecke Braunau-Simbach<\/td><td class=\"column-5\"><\/td>\n<\/tr>\n<tr class=\"row-84\">\n\t<td class=\"column-1\">15.04.2018<\/td><td class=\"column-2\">B Elektroanlage<\/td><td class=\"column-3\">Brand Elektro - Fehlalarm<\/td><td class=\"column-4\">Kirchdorf, Kraftwerk<\/td><td class=\"column-5\"><\/td>\n<\/tr>\n<tr class=\"row-85\">\n\t<td class=\"column-1\">13.04.2018<\/td><td class=\"column-2\">THL 4<\/td><td class=\"column-3\">Verkehrsunfall mit eingeklemmten Personen - Einsatz nicht mehr erforderlich<\/td><td class=\"column-4\">Buch, PAN 26 H\u00f6he Holzen<\/td><td class=\"column-5\"><\/td>\n<\/tr>\n<tr class=\"row-86\">\n\t<td class=\"column-1\">03.04.2018<\/td><td class=\"column-2\">THL 1<\/td><td class=\"column-3\">Stra\u00dfe reinigen - \u00d6lspur<\/td><td class=\"column-4\">Simbach, Simon-Breu-Stra\u00dfe<\/td><td class=\"column-5\"><\/td>\n<\/tr>\n<tr class=\"row-87\">\n\t<td class=\"column-1\">14.03.2018<\/td><td class=\"column-2\">THL Wasser<\/td><td class=\"column-3\">Person in Wassernot - Einsatz nicht mehr erforderlich<\/td><td class=\"column-4\">Ering, Veitlhub<\/td><td class=\"column-5\"><\/td>\n<\/tr>\n<tr class=\"row-88\">\n\t<td class=\"column-1\">12.03.2018<\/td><td class=\"column-2\">SON Hilfe\/Sonstiges FW<\/td><td class=\"column-3\">Drehleitereinsatz f\u00fcr Bauhof<\/td><td class=\"column-4\">Simbach, Innenstadt<\/td><td class=\"column-5\"><\/td>\n<\/tr>\n<tr class=\"row-89\">\n\t<td class=\"column-1\">11.03.2018<\/td><td class=\"column-2\">B BMA<\/td><td class=\"column-3\">Ausgel\u00f6ste Brandmeldeanlage<\/td><td class=\"column-4\">Simbach, Bahnhofplatz<\/td><td class=\"column-5\"><\/td>\n<\/tr>\n<tr class=\"row-90\">\n\t<td class=\"column-1\">05.03.2018<\/td><td class=\"column-2\">SON Hilfe\/Sonstiges FW<\/td><td class=\"column-3\">Befahrung zur Sicherstellung einer Feuerwehrzufahrt<\/td><td class=\"column-4\">Simbach, Jahnweg<\/td><td class=\"column-5\"><\/td>\n<\/tr>\n<tr class=\"row-91\">\n\t<td class=\"column-1\">03.03.2018<\/td><td class=\"column-2\">B 4<\/td><td class=\"column-3\">Brand Traktor in Werkstatt - Einsatz nicht mehr erforderlich<\/td><td class=\"column-4\">Kirchdorf, Seibersdorfer Stra\u00dfe<\/td><td class=\"column-5\"><\/td>\n<\/tr>\n<tr class=\"row-92\">\n\t<td class=\"column-1\">21.02.2018<\/td><td class=\"column-2\">B BMA<\/td><td class=\"column-3\">Ausgel\u00f6ste Brandmeldeanlage<\/td><td class=\"column-4\">Simbach, Heraklithstra\u00dfe<\/td><td class=\"column-5\"><\/td>\n<\/tr>\n<tr class=\"row-93\">\n\t<td class=\"column-1\">21.02.2018<\/td><td class=\"column-2\">B 1<\/td><td class=\"column-3\">Brand von zwei M\u00fclltonnen<\/td><td class=\"column-4\">Simbach, Gartenstra\u00dfe<\/td><td class=\"column-5\"><\/td>\n<\/tr>\n<tr class=\"row-94\">\n\t<td class=\"column-1\">15.02.2018<\/td><td class=\"column-2\">THL P Rettung H\/T<\/td><td class=\"column-3\">Menschenrettung aus G\u00fcllegrube - Einsatz nicht mehr erforderlich<\/td><td class=\"column-4\">Ering, Stra\u00df<\/td><td class=\"column-5\"><\/td>\n<\/tr>\n<tr class=\"row-95\">\n\t<td class=\"column-1\">07.02.2018<\/td><td class=\"column-2\">THL P Aufzug<\/td><td class=\"column-3\">Person in Aufzug eingeschlossen<\/td><td class=\"column-4\">Simbach, Bachstra\u00dfe<\/td><td class=\"column-5\"><\/td>\n<\/tr>\n<tr class=\"row-96\">\n\t<td class=\"column-1\">29.01.2018<\/td><td class=\"column-2\">THL P eingeschlossen<\/td><td class=\"column-3\">Wohnungs\u00f6ffnung f\u00fcr Rettungsdienst<\/td><td class=\"column-4\">Simbach, Austra\u00dfe<\/td><td class=\"column-5\"><\/td>\n<\/tr>\n<tr class=\"row-97\">\n\t<td class=\"column-1\">28.01.2018<\/td><td class=\"column-2\">B 1<\/td><td class=\"column-3\">Brand einer Absetzkippermulde<\/td><td class=\"column-4\">Simbach, Heraklithstra\u00dfe<\/td><td class=\"column-5\"><\/td>\n<\/tr>\n<tr class=\"row-98\">\n\t<td class=\"column-1\">24.01.2018<\/td><td class=\"column-2\">B BMA<\/td><td class=\"column-3\">Ausgel\u00f6ste Brandmeldeanlage<\/td><td class=\"column-4\">Simbach, M\u00fcnchner Stra\u00dfe<\/td><td class=\"column-5\"><\/td>\n<\/tr>\n<tr class=\"row-99\">\n\t<td class=\"column-1\">20.01.2018<\/td><td class=\"column-2\">B BMA<\/td><td class=\"column-3\">Ausgel\u00f6ster Rauchwarnmelder<\/td><td class=\"column-4\">Simbach, Meindlstra\u00dfe<\/td><td class=\"column-5\"><\/td>\n<\/tr>\n<tr class=\"row-100\">\n\t<td class=\"column-1\">20.01.2018<\/td><td class=\"column-2\">THL 1<\/td><td class=\"column-3\">Wasser in Geb\u00e4ude<\/td><td class=\"column-4\">Simbach, T\u00f6rringstra\u00dfe<\/td><td class=\"column-5\"><\/td>\n<\/tr>\n<tr class=\"row-101\">\n\t<td class=\"column-1\">16.01.2018<\/td><td class=\"column-2\">THL P eingeschlossen<\/td><td class=\"column-3\">Wohnungs\u00f6ffnung f\u00fcr Rettungsdienst<\/td><td class=\"column-4\">Simbach, Antersdorfer Stra\u00dfe<\/td><td class=\"column-5\"><\/td>\n<\/tr>\n<tr class=\"row-102\">\n\t<td class=\"column-1\">15.01.2018<\/td><td class=\"column-2\">SON Hilfe\/Sonstiges FW<\/td><td class=\"column-3\">Drehleitereinsatz f\u00fcr Bauhof<\/td><td class=\"column-4\">Simbach, Innenstadt<\/td><td class=\"column-5\"><\/td>\n<\/tr>\n<tr class=\"row-103\">\n\t<td class=\"column-1\">14.01.2018<\/td><td class=\"column-2\">B BMA<\/td><td class=\"column-3\">Ausgel\u00f6ste Brandmeldeanlage<\/td><td class=\"column-4\">Simbach, Bahnhofplatz<\/td><td class=\"column-5\"><\/td>\n<\/tr>\n<tr class=\"row-104\">\n\t<td class=\"column-1\">13.01.2018<\/td><td class=\"column-2\">B 1<\/td><td class=\"column-3\">Brand eines Gasofens am Wochenmarkt<\/td><td class=\"column-4\">Simbach, Kirchenplatz<\/td><td class=\"column-5\"><\/td>\n<\/tr>\n<tr class=\"row-105\">\n\t<td class=\"column-1\">09.01.2018<\/td><td class=\"column-2\">SON Hilfe\/Sonstiges FW<\/td><td class=\"column-3\">Drehleitereinsatz f\u00fcr Bauhof<\/td><td class=\"column-4\">Simbach, Lagerhausstra\u00dfe<\/td><td class=\"column-5\"><\/td>\n<\/tr>\n<tr class=\"row-106\">\n\t<td class=\"column-1\">08.01.2018<\/td><td class=\"column-2\">B BMA<\/td><td class=\"column-3\">Ausgel\u00f6ste Brandmeldeanlage<\/td><td class=\"column-4\">Simbach, Bahnhofplatz<\/td><td class=\"column-5\"><\/td>\n<\/tr>\n<tr class=\"row-107\">\n\t<td class=\"column-1\">01.01.2018<\/td><td class=\"column-2\">B 1<\/td><td class=\"column-3\">Brand eines M\u00fcllcontainers<\/td><td class=\"column-4\">Simbach, Hintere Moosecker Stra\u00dfe<\/td><td class=\"column-5\"><\/td>\n<\/tr>\n<tr class=\"row-108\">\n\t<td class=\"column-1\">01.01.2018<\/td><td class=\"column-2\">B 1<\/td><td class=\"column-3\">Brand einer M\u00fclltonne<\/td><td class=\"column-4\">Simbach, In der Schacht<\/td><td class=\"column-5\"><\/td>\n<\/tr>\n<\/tbody>\n<\/table>\n<!-- #tablepress-1 from cache -->\n<\/div>","protected":false},"excerpt":{"rendered":"<p>[vc_row][vc_column][vc_column_text] Eins\u00e4tze 2018 &nbsp; Wer wird wann bei der Simbacher Feuerwehr alarmiert: Tagalarm von Mo. bis Fr. von 6:00 Uhr bis 17:59 Uhr: Alle in Simbach besch\u00e4ftigten Einsatzkr\u00e4fte, alle Wechselschichtmitarbeiter sowie alle F\u00fchrungskr\u00e4fte. Nacht-\/Wochenendalarm von Mo. bis Fr. von 18:00 Uhr bis 5:59 sowie Sa. und So. und Feiertags komplett:\u00a0 Alle nicht im Tagalarm erfassten [&hellip;]<\/p>\n","protected":false},"author":2,"featured_media":0,"parent":0,"menu_order":0,"comment_status":"closed","ping_status":"closed","template":"","meta":{"footnotes":""},"class_list":["post-2477","page","type-page","status-publish","hentry"],"_links":{"self":[{"href":"https:\/\/feuerwehr-simbach.de\/index.php?rest_route=\/wp\/v2\/pages\/2477","targetHints":{"allow":["GET"]}}],"collection":[{"href":"https:\/\/feuerwehr-simbach.de\/index.php?rest_route=\/wp\/v2\/pages"}],"about":[{"href":"https:\/\/feuerwehr-simbach.de\/index.php?rest_route=\/wp\/v2\/types\/page"}],"author":[{"embeddable":true,"href":"https:\/\/feuerwehr-simbach.de\/index.php?rest_route=\/wp\/v2\/users\/2"}],"replies":[{"embeddable":true,"href":"https:\/\/feuerwehr-simbach.de\/index.php?rest_route=%2Fwp%2Fv2%2Fcomments&post=2477"}],"version-history":[{"count":323,"href":"https:\/\/feuerwehr-simbach.de\/index.php?rest_route=\/wp\/v2\/pages\/2477\/revisions"}],"predecessor-version":[{"id":12143,"href":"https:\/\/feuerwehr-simbach.de\/index.php?rest_route=\/wp\/v2\/pages\/2477\/revisions\/12143"}],"wp:attachment":[{"href":"https:\/\/feuerwehr-simbach.de\/index.php?rest_route=%2Fwp%2Fv2%2Fmedia&parent=2477"}],"curies":[{"name":"wp","href":"https:\/\/api.w.org\/{rel}","templated":true}]}}