{"id":3678,"date":"2018-08-26T16:40:43","date_gmt":"2018-08-26T16:40:43","guid":{"rendered":"http:\/\/feuerwehr-simbach.de\/?page_id=3678"},"modified":"2024-01-28T18:53:00","modified_gmt":"2024-01-28T17:53:00","slug":"safety-services-2-2-3-2","status":"publish","type":"page","link":"https:\/\/feuerwehr-simbach.de\/?page_id=3678","title":{"rendered":"Berichte 2019"},"content":{"rendered":"<div class=\"wpb-content-wrapper\">[vc_row full_width=&#8220;stretch_row_content_no_spaces&#8220; inverse=&#8220;&#8220; el_class=&#8220;custom_size_2columns_responsive&#8220; css=&#8220;.vc_custom_1651218387193{background-color: #f6f3f0 !important;}&#8220;][vc_column css=&#8220;.vc_custom_1519143569777{margin-left: 50px !important;}&#8220;]<figure class=\"sc_image  alignleft sc_image_shape_square custom_size_image \" style=\"max-width:440px; margin-top: .5em; margin-right: 3.7em;height:250px;\"><a href=\"http:\/\/feuerwehr-simbach.de\/?p=4587\"><img decoding=\"async\" src=\"https:\/\/feuerwehr-simbach.de\/wp-content\/uploads\/2019\/12\/191222-1343-29-77414346-dsc-5810.jpg\" alt=\"\" \/><\/a><\/figure><div class=\"sc_section sc_section_block \" style=\"margin-top: -0.34em;margin-bottom: 5.5em;\"><div class=\"sc_section_inner\"><div class=\"sc_section_content_wrap\"><h3 class=\"sc_title sc_title_regular\" style=\"line-height: 1.19em;margin-bottom: .6em;margin-top: -.2em;\"><a href=\"https:\/\/feuerwehr-simbach.de\/?p=9331\">Rabatt f\u00fcr Kauf von drei Feuerwehrfahrzeugen<\/a><\/h3>[vc_column_text]<strong>Drei Kommunen, drei Feuerwehren und drei neue Fahrzeuge. <\/strong><strong>Im ersten Quartal des Jahres 2021&#8230;<\/strong><strong><br \/>\n<\/strong>[\/vc_column_text]<\/div><div class=\"sc_section_button sc_item_button\"><a href=\"https:\/\/feuerwehr-simbach.de\/?p=9331\" class=\"sc_button sc_button_square sc_button_style_filled sc_button_size_small  sc_button_iconed icon-right\">Weiterlesen - Technik<\/a><\/div><\/div><\/div>[\/vc_column][\/vc_row][vc_row full_width=&#8220;stretch_row_content_no_spaces&#8220; inverse=&#8220;&#8220; el_class=&#8220;custom_size_2columns_responsive&#8220; css=&#8220;.vc_custom_1651218722202{background-color: #ffffff !important;}&#8220;][vc_column css=&#8220;.vc_custom_1519143569777{margin-left: 50px !important;}&#8220;]<figure class=\"sc_image  alignleft sc_image_shape_square custom_size_image \" style=\"max-width:440px; margin-top: .5em; margin-right: 3.7em;height:250px;\"><a href=\"http:\/\/feuerwehr-simbach.de\/?p=4587\"><img decoding=\"async\" src=\"https:\/\/feuerwehr-simbach.de\/wp-content\/uploads\/2019\/12\/Weihnachtsschwimmen-2019-2-e1576530669999.jpg\" alt=\"\" \/><\/a><\/figure><div class=\"sc_section sc_section_block \" style=\"margin-top: -0.34em;margin-bottom: 5.5em;\"><div class=\"sc_section_inner\"><div class=\"sc_section_content_wrap\"><h3 class=\"sc_title sc_title_regular\" style=\"line-height: 1.19em;margin-bottom: .6em;margin-top: -.2em;\"><a href=\"https:\/\/feuerwehr-simbach.de\/?p=9226\">33. Winterschwimmen<\/a><\/h3>[vc_column_text]<strong>Bereits zum 33. Mal fand am Samstag, den 14. <\/strong><strong>Dezember 2019 das traditionelle Winterschwimmen&#8230;<\/strong><strong><br \/>\n<\/strong>[\/vc_column_text]<\/div><div class=\"sc_section_button sc_item_button\"><a href=\"https:\/\/feuerwehr-simbach.de\/?p=9226\" class=\"sc_button sc_button_square sc_button_style_filled sc_button_size_small  sc_button_iconed icon-right\">Weiterlesen - Verein<\/a><\/div><\/div><\/div>[\/vc_column][\/vc_row][vc_row full_width=&#8220;stretch_row_content_no_spaces&#8220; inverse=&#8220;&#8220; el_class=&#8220;custom_size_2columns_responsive&#8220; css=&#8220;.vc_custom_1651218417440{background-color: #f6f3f0 !important;}&#8220;][vc_column css=&#8220;.vc_custom_1519143569777{margin-left: 50px !important;}&#8220;]<figure class=\"sc_image  alignleft sc_image_shape_square custom_size_image \" style=\"max-width:440px; margin-top: .5em; margin-right: 3.7em;height:250px;\"><a href=\"http:\/\/feuerwehr-simbach.de\/?p=4587\"><img decoding=\"async\" src=\"https:\/\/feuerwehr-simbach.de\/wp-content\/uploads\/2019\/11\/\u00dcbung-Verkehrsunfallrettung-Oslo-Methode-4-e1574449598874.jpg\" alt=\"\" \/><\/a><\/figure><div class=\"sc_section sc_section_block \" style=\"margin-top: -0.34em;margin-bottom: 5.5em;\"><div class=\"sc_section_inner\"><div class=\"sc_section_content_wrap\"><h3 class=\"sc_title sc_title_regular\" style=\"line-height: 1.19em;margin-bottom: .6em;margin-top: -.2em;\"><a href=\"https:\/\/feuerwehr-simbach.de\/?p=9142\">Verkehrsunfall mit Oslo-Methode (sog. &#8222;Kettenrettung&#8220;)<\/a><\/h3>[vc_column_text]<strong>Am Dienstag, den 19. November 2019 wurde eine \u00dcbung zum Thema Verkehrsunfallrettung abgehalten&#8230;<\/strong><strong><br \/>\n<\/strong>[\/vc_column_text]<\/div><div class=\"sc_section_button sc_item_button\"><a href=\"https:\/\/feuerwehr-simbach.de\/?p=9142\" class=\"sc_button sc_button_square sc_button_style_filled sc_button_size_small  sc_button_iconed icon-right\">Weiterlesen - Technik<\/a><\/div><\/div><\/div>[\/vc_column][\/vc_row][vc_row full_width=&#8220;stretch_row_content_no_spaces&#8220; inverse=&#8220;&#8220; el_class=&#8220;custom_size_2columns_responsive&#8220; css=&#8220;.vc_custom_1651218707399{background-color: #ffffff !important;}&#8220;][vc_column css=&#8220;.vc_custom_1519143569777{margin-left: 50px !important;}&#8220;]<figure class=\"sc_image  alignleft sc_image_shape_square custom_size_image \" style=\"max-width:440px; margin-top: .5em; margin-right: 3.7em;height:250px;\"><a href=\"http:\/\/feuerwehr-simbach.de\/?p=4587\"><img decoding=\"async\" src=\"https:\/\/feuerwehr-simbach.de\/wp-content\/uploads\/2019\/11\/Verleihung-Schneehelferzeichen.jpg\" alt=\"\" \/><\/a><\/figure><div class=\"sc_section sc_section_block \" style=\"margin-top: -0.34em;margin-bottom: 5.5em;\"><div class=\"sc_section_inner\"><div class=\"sc_section_content_wrap\"><h3 class=\"sc_title sc_title_regular\" style=\"line-height: 1.19em;margin-bottom: .6em;margin-top: -.2em;\"><a href=\"https:\/\/feuerwehr-simbach.de\/?p=9116\">Schneehelfernadelverleihung<\/a><\/h3>[vc_column_text]<strong>Am Donnerstag, den 24. <\/strong><strong>Oktober 2019 war ein teil unserer Mannschaft in Pfarrkirchen bei der Verleihung der Schneehelfernadel 2019&#8230;<\/strong><strong><br \/>\n<\/strong>[\/vc_column_text]<\/div><div class=\"sc_section_button sc_item_button\"><a href=\"https:\/\/feuerwehr-simbach.de\/?p=9116\" class=\"sc_button sc_button_square sc_button_style_filled sc_button_size_small  sc_button_iconed icon-right\">Weiterlesen - Technik<\/a><\/div><\/div><\/div>[\/vc_column][\/vc_row][vc_row full_width=&#8220;stretch_row_content_no_spaces&#8220; inverse=&#8220;&#8220; el_class=&#8220;custom_size_2columns_responsive&#8220; css=&#8220;.vc_custom_1651218429412{background-color: #f6f3f0 !important;}&#8220;][vc_column css=&#8220;.vc_custom_1519143569777{margin-left: 50px !important;}&#8220;]<figure class=\"sc_image  alignleft sc_image_shape_square custom_size_image \" style=\"max-width:440px; margin-top: .5em; margin-right: 3.7em;height:250px;\"><a href=\"http:\/\/feuerwehr-simbach.de\/?p=4587\"><img decoding=\"async\" src=\"https:\/\/feuerwehr-simbach.de\/wp-content\/uploads\/2019\/10\/Verkaufsoffener-Sonntag-06.10.2019-1-e1570656162147.jpg\" alt=\"\" \/><\/a><\/figure><div class=\"sc_section sc_section_block \" style=\"margin-top: -0.34em;margin-bottom: 5.5em;\"><div class=\"sc_section_inner\"><div class=\"sc_section_content_wrap\"><h3 class=\"sc_title sc_title_regular\" style=\"line-height: 1.19em;margin-bottom: .6em;margin-top: -.2em;\"><a href=\"https:\/\/feuerwehr-simbach.de\/?p=8917\">Gro\u00dfes Interesse an Rettungsvorf\u00fchrung<\/a><\/h3>[vc_column_text]<strong>Es war wieder viel los beim verkaufsoffenen Sonntag der Simbacher Werbegemeinschaft. Zu sehen waren alle Arten von Einsatzfahrzeugen&#8230;<\/strong><strong><br \/>\n<\/strong>[\/vc_column_text]<\/div><div class=\"sc_section_button sc_item_button\"><a href=\"https:\/\/feuerwehr-simbach.de\/?p=8917\" class=\"sc_button sc_button_square sc_button_style_filled sc_button_size_small  sc_button_iconed icon-right\">Weiterlesen - Technik<\/a><\/div><\/div><\/div>[\/vc_column][\/vc_row][vc_row full_width=&#8220;stretch_row_content_no_spaces&#8220; inverse=&#8220;&#8220; el_class=&#8220;custom_size_2columns_responsive&#8220; css=&#8220;.vc_custom_1651218683892{background-color: #ffffff !important;}&#8220;][vc_column css=&#8220;.vc_custom_1519143569777{margin-left: 50px !important;}&#8220;]<figure class=\"sc_image  alignleft sc_image_shape_square custom_size_image \" style=\"max-width:440px; margin-top: .5em; margin-right: 3.7em;height:250px;\"><a href=\"http:\/\/feuerwehr-simbach.de\/?p=4587\"><img decoding=\"async\" src=\"https:\/\/feuerwehr-simbach.de\/wp-content\/uploads\/2019\/10\/Herbst\u00fcbung-2019-5-e1615037022346.jpg\" alt=\"\" \/><\/a><\/figure><div class=\"sc_section sc_section_block \" style=\"margin-top: -0.34em;margin-bottom: 5.5em;\"><div class=\"sc_section_inner\"><div class=\"sc_section_content_wrap\"><h3 class=\"sc_title sc_title_regular\" style=\"line-height: 1.19em;margin-bottom: .6em;margin-top: -.2em;\"><a href=\"https:\/\/feuerwehr-simbach.de\/?p=8983\">Herbst\u00fcbung 2019<\/a><\/h3>[vc_column_text]<strong>Einmal im Jahr \u00fcben die vier Stadtwehren gemeinsam das Zusammenspiel der Kr\u00e4fte. Heuer war die Kirchberger Wehr an der Reihe, die \u00dcbung auszurichten&#8230;<\/strong><strong><br \/>\n<\/strong>[\/vc_column_text]<\/div><div class=\"sc_section_button sc_item_button\"><a href=\"https:\/\/feuerwehr-simbach.de\/?p=8983\" class=\"sc_button sc_button_square sc_button_style_filled sc_button_size_small  sc_button_iconed icon-right\">Weiterlesen - Technik<\/a><\/div><\/div><\/div>[\/vc_column][\/vc_row][vc_row full_width=&#8220;stretch_row_content_no_spaces&#8220; inverse=&#8220;&#8220; el_class=&#8220;custom_size_2columns_responsive&#8220; css=&#8220;.vc_custom_1554641155115{background-color: #f6f3f0 !important;}&#8220;][vc_column css=&#8220;.vc_custom_1519143569777{margin-left: 50px !important;}&#8220;]<figure class=\"sc_image  alignleft sc_image_shape_square custom_size_image \" style=\"max-width:440px; margin-top: .5em; margin-right: 3.7em;height:250px;\"><a href=\"http:\/\/feuerwehr-simbach.de\/?p=4587\"><img decoding=\"async\" src=\"https:\/\/feuerwehr-simbach.de\/wp-content\/uploads\/2019\/10\/Jugend\u00fcbung-Drehleiterrettung-5-e1570114399710.jpg\" alt=\"\" \/><\/a><\/figure><div class=\"sc_section sc_section_block \" style=\"margin-top: -0.34em;margin-bottom: 5.5em;\"><div class=\"sc_section_inner\"><div class=\"sc_section_content_wrap\"><h3 class=\"sc_title sc_title_regular\" style=\"line-height: 1.19em;margin-bottom: .6em;margin-top: -.2em;\"><a href=\"https:\/\/feuerwehr-simbach.de\/?p=8856\">Jugendfeuerwehr \u00fcbt Drehleiterrettung<\/a><\/h3>[vc_column_text]<strong>Die Simbacher Feuerwehr wird regelm\u00e4\u00dfig vom Rettungsdienst mit der Drehleiter zur Unterst\u00fctzung angefordert&#8230;<\/strong>[\/vc_column_text]<\/div><div class=\"sc_section_button sc_item_button\"><a href=\"https:\/\/feuerwehr-simbach.de\/?p=8856\" class=\"sc_button sc_button_square sc_button_style_filled sc_button_size_small  sc_button_iconed icon-right\">Weiterlesen - Jugend<\/a><\/div><\/div><\/div>[\/vc_column][\/vc_row][vc_row full_width=&#8220;stretch_row_content_no_spaces&#8220; inverse=&#8220;&#8220; el_class=&#8220;custom_size_2columns_responsive&#8220;][vc_column css=&#8220;.vc_custom_1519143569777{margin-left: 50px !important;}&#8220;]<figure class=\"sc_image  alignleft sc_image_shape_square custom_size_image \" style=\"max-width:440px; margin-top: .5em; margin-right: 3.7em;height:250px;\"><a href=\"http:\/\/feuerwehr-simbach.de\/?p=4587\"><img decoding=\"async\" src=\"https:\/\/feuerwehr-simbach.de\/wp-content\/uploads\/2019\/07\/Stadtfest-2019-2-e1615037238923.jpg\" alt=\"\" \/><\/a><\/figure><div class=\"sc_section sc_section_block \" style=\"margin-top: -0.34em;margin-bottom: 5.5em;\"><div class=\"sc_section_inner\"><div class=\"sc_section_content_wrap\"><h3 class=\"sc_title sc_title_regular\" style=\"line-height: 1.19em;margin-bottom: .6em;margin-top: -.2em;\"><a href=\"https:\/\/feuerwehr-simbach.de\/?p=8291\">Stadtfest 2019<\/a><\/h3>[vc_column_text]\n<p><strong>Vom 28. <\/strong><strong>Juni bis 29. Juni 2019 fand in Simbach wieder das altbekannte Stadtfest statt. Auch wir waren hier mit unserem Weinzelt&#8230;<\/strong><strong><br \/>\n<\/strong><\/p>\n[\/vc_column_text]<\/div><div class=\"sc_section_button sc_item_button\"><a href=\"https:\/\/feuerwehr-simbach.de\/?p=8291\" class=\"sc_button sc_button_square sc_button_style_filled sc_button_size_small  sc_button_iconed icon-right\">Weiterlesen - Verein<\/a><\/div><\/div><\/div>[\/vc_column][\/vc_row][vc_row full_width=&#8220;stretch_row_content_no_spaces&#8220; inverse=&#8220;&#8220; el_class=&#8220;custom_size_2columns_responsive&#8220; css=&#8220;.vc_custom_1554641155115{background-color: #f6f3f0 !important;}&#8220;][vc_column css=&#8220;.vc_custom_1519143569777{margin-left: 50px !important;}&#8220;]<figure class=\"sc_image  alignleft sc_image_shape_square custom_size_image \" style=\"max-width:440px; margin-top: .5em; margin-right: 3.7em;height:250px;\"><a href=\"http:\/\/feuerwehr-simbach.de\/?p=4587\"><img decoding=\"async\" src=\"https:\/\/feuerwehr-simbach.de\/wp-content\/uploads\/2019\/06\/90er-Maler-Erich.jpg\" alt=\"\" \/><\/a><\/figure><div class=\"sc_section sc_section_block \" style=\"margin-top: -0.34em;margin-bottom: 5.5em;\"><div class=\"sc_section_inner\"><div class=\"sc_section_content_wrap\"><h3 class=\"sc_title sc_title_regular\" style=\"line-height: 1.19em;margin-bottom: .6em;margin-top: -.2em;\"><a href=\"https:\/\/feuerwehr-simbach.de\/?p=7985\">90er Geburtstag Maler Erich<\/a><\/h3>[vc_column_text]\n<p><strong>Einen Grund zum Feiern, gab es f\u00fcr uns am 08.06.2019. Unser langj\u00e4hriges Mitglied, Erich Skowronek, der bei uns nur bekannt ist als der \u201eMaler Erich\u201c&#8230;<\/strong><strong><br \/>\n<\/strong><\/p>\n[\/vc_column_text]<\/div><div class=\"sc_section_button sc_item_button\"><a href=\"https:\/\/feuerwehr-simbach.de\/?p=7985\" class=\"sc_button sc_button_square sc_button_style_filled sc_button_size_small  sc_button_iconed icon-right\">Weiterlesen - Verein<\/a><\/div><\/div><\/div>[\/vc_column][\/vc_row][vc_row full_width=&#8220;stretch_row_content_no_spaces&#8220; inverse=&#8220;&#8220; el_class=&#8220;custom_size_2columns_responsive&#8220;][vc_column css=&#8220;.vc_custom_1519143569777{margin-left: 50px !important;}&#8220;]<figure class=\"sc_image  alignleft sc_image_shape_square custom_size_image \" style=\"max-width:440px; margin-top: .5em; margin-right: 3.7em;height:250px;\"><a href=\"http:\/\/feuerwehr-simbach.de\/?p=4587\"><img decoding=\"async\" src=\"https:\/\/feuerwehr-simbach.de\/wp-content\/uploads\/2019\/05\/Gro\u00df\u00fcbung-Braunau-a.-Inn-6-1-e1563487050947.jpg\" alt=\"\" \/><\/a><\/figure><div class=\"sc_section sc_section_block \" style=\"margin-top: -0.34em;margin-bottom: 5.5em;\"><div class=\"sc_section_inner\"><div class=\"sc_section_content_wrap\"><h3 class=\"sc_title sc_title_regular\" style=\"line-height: 1.19em;margin-bottom: .6em;margin-top: -.2em;\"><a href=\"https:\/\/feuerwehr-simbach.de\/?p=7720\">Gro\u00df\u00fcbung in Braunau a. Inn<\/a><\/h3>[vc_column_text]\n<p><strong>Am Samstagnachmittag, den 11.05.2019, fand am Stadtplatz der Stadt Braunau am Inn eine Feuerwehr Gro\u00df\u00fcbung statt, bei der&#8230;<\/strong><strong><br \/>\n<\/strong><\/p>\n[\/vc_column_text]<\/div><div class=\"sc_section_button sc_item_button\"><a href=\"https:\/\/feuerwehr-simbach.de\/?p=7720\" class=\"sc_button sc_button_square sc_button_style_filled sc_button_size_small  sc_button_iconed icon-right\">Weiterlesen - Technik<\/a><\/div><\/div><\/div>[\/vc_column][\/vc_row][vc_row full_width=&#8220;stretch_row_content_no_spaces&#8220; inverse=&#8220;&#8220; el_class=&#8220;custom_size_2columns_responsive&#8220; css=&#8220;.vc_custom_1554641155115{background-color: #f6f3f0 !important;}&#8220;][vc_column css=&#8220;.vc_custom_1519143569777{margin-left: 50px !important;}&#8220;]<figure class=\"sc_image  alignleft sc_image_shape_square custom_size_image \" style=\"max-width:440px; margin-top: .5em; margin-right: 3.7em;height:250px;\"><a href=\"http:\/\/feuerwehr-simbach.de\/?p=4587\"><img decoding=\"async\" src=\"https:\/\/feuerwehr-simbach.de\/wp-content\/uploads\/2019\/05\/Verkaufsoffener-Sonntag-6-1024x575-1.jpg\" alt=\"\" \/><\/a><\/figure><div class=\"sc_section sc_section_block \" style=\"margin-top: -0.34em;margin-bottom: 5.5em;\"><div class=\"sc_section_inner\"><div class=\"sc_section_content_wrap\"><h3 class=\"sc_title sc_title_regular\" style=\"line-height: 1.19em;margin-bottom: .6em;margin-top: -.2em;\"><a href=\"https:\/\/feuerwehr-simbach.de\/?p=7747\">Verkaufsoffener Sonntag<\/a><\/h3>[vc_column_text]\n<p><strong>Am Sonntag, den 5. <\/strong><strong>Mai 2019 veranstaltete die Werbegemeinschaft einen verkaufsoffenen Sonntag mit einer Autoschau&#8230;<\/strong><strong><br \/>\n<\/strong><\/p>\n[\/vc_column_text]<\/div><div class=\"sc_section_button sc_item_button\"><a href=\"https:\/\/feuerwehr-simbach.de\/?p=7747\" class=\"sc_button sc_button_square sc_button_style_filled sc_button_size_small  sc_button_iconed icon-right\">Weiterlesen - Technik<\/a><\/div><\/div><\/div>[\/vc_column][\/vc_row][vc_row full_width=&#8220;stretch_row_content_no_spaces&#8220; inverse=&#8220;&#8220; el_class=&#8220;custom_size_2columns_responsive&#8220;][vc_column css=&#8220;.vc_custom_1519143569777{margin-left: 50px !important;}&#8220;]<figure class=\"sc_image  alignleft sc_image_shape_square custom_size_image \" style=\"max-width:440px; margin-top: .5em; margin-right: 3.7em;height:250px;\"><a href=\"http:\/\/feuerwehr-simbach.de\/?p=4587\"><img decoding=\"async\" src=\"https:\/\/feuerwehr-simbach.de\/wp-content\/uploads\/2019\/05\/Maibaum-2-1-e1615037952625.jpg\" alt=\"\" \/><\/a><\/figure><div class=\"sc_section sc_section_block \" style=\"margin-top: -0.34em;margin-bottom: 5.5em;\"><div class=\"sc_section_inner\"><div class=\"sc_section_content_wrap\"><h3 class=\"sc_title sc_title_regular\" style=\"line-height: 1.19em;margin-bottom: .6em;margin-top: -.2em;\"><a href=\"https:\/\/feuerwehr-simbach.de\/?p=7673\">Maibaumaufstellen<\/a><\/h3>[vc_column_text]\n<p><strong>Kurz vor der Walpurgisnacht hatte unsere Feuerwehr einen herrenlosen Holzstamm gefunden, den sie gleich beiseite ger\u00e4umt hatte&#8230;<\/strong><strong><br \/>\n<\/strong><\/p>\n[\/vc_column_text]<\/div><div class=\"sc_section_button sc_item_button\"><a href=\"https:\/\/feuerwehr-simbach.de\/?p=7673\" class=\"sc_button sc_button_square sc_button_style_filled sc_button_size_small  sc_button_iconed icon-right\">Weiterlesen - Verein<\/a><\/div><\/div><\/div>[\/vc_column][\/vc_row][vc_row full_width=&#8220;stretch_row_content_no_spaces&#8220; inverse=&#8220;&#8220; el_class=&#8220;custom_size_2columns_responsive&#8220; css=&#8220;.vc_custom_1554641155115{background-color: #f6f3f0 !important;}&#8220;][vc_column css=&#8220;.vc_custom_1519143569777{margin-left: 50px !important;}&#8220;]<figure class=\"sc_image  alignleft sc_image_shape_square custom_size_image \" style=\"max-width:440px; margin-top: .5em; margin-right: 3.7em;height:250px;\"><a href=\"http:\/\/feuerwehr-simbach.de\/?p=4587\"><img decoding=\"async\" src=\"https:\/\/feuerwehr-simbach.de\/wp-content\/uploads\/2019\/04\/CSA-\u00dcbung-2.jpg\" alt=\"\" \/><\/a><\/figure><div class=\"sc_section sc_section_block \" style=\"margin-top: -0.34em;margin-bottom: 5.5em;\"><div class=\"sc_section_inner\"><div class=\"sc_section_content_wrap\"><h3 class=\"sc_title sc_title_regular\" style=\"line-height: 1.19em;margin-bottom: .6em;margin-top: -.2em;\"><a href=\"http:\/\/feuerwehr-simbach.de\/?p=7372\">\u00dcbung ABC<\/a><\/h3>[vc_column_text]\n<p><strong>Am Dienstag den 2. <\/strong><strong>April 2019 wurde eine \u00dcbung zum Thema ABC abgehalten. ABC = Atomare, Biologische und Chemische Stoffe&#8230;<br \/>\n<\/strong><\/p>\n[\/vc_column_text]<\/div><div class=\"sc_section_button sc_item_button\"><a href=\"http:\/\/feuerwehr-simbach.de\/?p=7372\" class=\"sc_button sc_button_square sc_button_style_filled sc_button_size_small  sc_button_iconed icon-right\">Weiterlesen - Technik<\/a><\/div><\/div><\/div>[\/vc_column][\/vc_row][vc_row full_width=&#8220;stretch_row_content_no_spaces&#8220; inverse=&#8220;&#8220; el_class=&#8220;custom_size_2columns_responsive&#8220;][vc_column css=&#8220;.vc_custom_1519143569777{margin-left: 50px !important;}&#8220;]<figure class=\"sc_image  alignleft sc_image_shape_square custom_size_image \" style=\"max-width:440px; margin-top: .5em; margin-right: 3.7em;height:250px;\"><a href=\"http:\/\/feuerwehr-simbach.de\/?p=4587\"><img decoding=\"async\" src=\"https:\/\/feuerwehr-simbach.de\/wp-content\/uploads\/2019\/04\/Atemschutzlehrgang-2019-4.jpg\" alt=\"\" \/><\/a><\/figure><div class=\"sc_section sc_section_block \" style=\"margin-top: -0.34em;margin-bottom: 5.5em;\"><div class=\"sc_section_inner\"><div class=\"sc_section_content_wrap\"><h3 class=\"sc_title sc_title_regular\" style=\"line-height: 1.19em;margin-bottom: .6em;margin-top: -.2em;\"><a href=\"http:\/\/feuerwehr-simbach.de\/?p=7369\">Lehrgang Atemschutzger\u00e4tetr\u00e4ger<\/a><\/h3>[vc_column_text]\n<p><strong>Zwei Wochen lang dauerte der Atemschutzlehrgang bei der Stadtfeuerwehr, zu dem sich neun Teilnehmer aus Simbach, Tann&#8230;<\/strong><strong><br \/>\n<\/strong><\/p>\n[\/vc_column_text]<\/div><div class=\"sc_section_button sc_item_button\"><a href=\"http:\/\/feuerwehr-simbach.de\/?p=7369\" class=\"sc_button sc_button_square sc_button_style_filled sc_button_size_small  sc_button_iconed icon-right\">Weiterlesen - Technik<\/a><\/div><\/div><\/div>[\/vc_column][\/vc_row][vc_row full_width=&#8220;stretch_row_content_no_spaces&#8220; inverse=&#8220;&#8220; el_class=&#8220;custom_size_2columns_responsive&#8220; css=&#8220;.vc_custom_1539466641906{background-color: #f6f3f0 !important;}&#8220;][vc_column css=&#8220;.vc_custom_1519143569777{margin-left: 50px !important;}&#8220;]<figure class=\"sc_image  alignleft sc_image_shape_square custom_size_image \" style=\"max-width:440px; margin-top: .5em; margin-right: 3.7em;height:250px;\"><a href=\"http:\/\/feuerwehr-simbach.de\/?p=4587\"><img decoding=\"async\" src=\"https:\/\/feuerwehr-simbach.de\/wp-content\/uploads\/2019\/02\/Jahresbericht-2018-Bild-.jpg\" alt=\"\" \/><\/a><\/figure><div class=\"sc_section sc_section_block \" style=\"margin-top: -0.34em;margin-bottom: 5.5em;\"><div class=\"sc_section_inner\"><div class=\"sc_section_content_wrap\"><h3 class=\"sc_title sc_title_regular\" style=\"line-height: 1.19em;margin-bottom: .6em;margin-top: -.2em;\"><a href=\"http:\/\/feuerwehr-simbach.de\/?3d-flip-book=jahresbericht-2018\">Jahresbericht 2018<\/a><\/h3>[vc_column_text]\n<p><strong>Hier steht der Jahresbericht 2018 zum Download zur Verf\u00fcgung!<br \/>\n<\/strong><strong>Wir w\u00fcnschen viel Spa\u00df beim durchst\u00f6bern<\/strong><strong><br \/>\n<\/strong><\/p>\n[\/vc_column_text]<\/div><div class=\"sc_section_button sc_item_button\"><a href=\"http:\/\/feuerwehr-simbach.de\/?3d-flip-book=jahresbericht-2018\" class=\"sc_button sc_button_square sc_button_style_filled sc_button_size_small  sc_button_iconed icon-right\">Weiterlesen - Verein<\/a><\/div><\/div><\/div>[\/vc_column][\/vc_row][vc_row full_width=&#8220;stretch_row_content_no_spaces&#8220; inverse=&#8220;&#8220; el_class=&#8220;custom_size_2columns_responsive&#8220;][vc_column css=&#8220;.vc_custom_1519143569777{margin-left: 50px !important;}&#8220;]<figure class=\"sc_image  alignleft sc_image_shape_square custom_size_image \" style=\"max-width:440px; margin-top: .5em; margin-right: 3.7em;height:250px;\"><a href=\"http:\/\/feuerwehr-simbach.de\/?p=4587\"><img decoding=\"async\" src=\"https:\/\/feuerwehr-simbach.de\/wp-content\/uploads\/2019\/04\/Christbaumsammelaktion-2019-1024x768.jpg\" alt=\"\" \/><\/a><\/figure><div class=\"sc_section sc_section_block \" style=\"margin-top: -0.34em;margin-bottom: 5.5em;\"><div class=\"sc_section_inner\"><div class=\"sc_section_content_wrap\"><h3 class=\"sc_title sc_title_regular\" style=\"line-height: 1.19em;margin-bottom: .6em;margin-top: -.2em;\"><a href=\"http:\/\/feuerwehr-simbach.de\/?p=6785\">Christbaumsammelaktion 2019<\/a><\/h3>[vc_column_text]\n<p><strong>Die Simbacher Jugendfeuerwehr sammelte an drei Samstagen im und au\u00dferhalb des Stadtgebiets, die ausgedienten Christb\u00e4ume&#8230;<\/strong><strong><br \/>\n<\/strong><\/p>\n[\/vc_column_text]<\/div><div class=\"sc_section_button sc_item_button\"><a href=\"http:\/\/feuerwehr-simbach.de\/?p=6785\" class=\"sc_button sc_button_square sc_button_style_filled sc_button_size_small  sc_button_iconed icon-right\">Weiterlesen - Jugend<\/a><\/div><\/div><\/div>[\/vc_column][\/vc_row][vc_row][vc_column][vc_column_text]\n[\/vc_column_text][\/vc_column][\/vc_row]\n<\/div>","protected":false},"excerpt":{"rendered":"<p>[vc_row full_width=&#8220;stretch_row_content_no_spaces&#8220; inverse=&#8220;&#8220; el_class=&#8220;custom_size_2columns_responsive&#8220; css=&#8220;.vc_custom_1651218387193{background-color: #f6f3f0 !important;}&#8220;][vc_column css=&#8220;.vc_custom_1519143569777{margin-left: 50px !important;}&#8220;][\/vc_column][\/vc_row][vc_row full_width=&#8220;stretch_row_content_no_spaces&#8220; inverse=&#8220;&#8220; el_class=&#8220;custom_size_2columns_responsive&#8220; css=&#8220;.vc_custom_1651218722202{background-color: #ffffff !important;}&#8220;][vc_column css=&#8220;.vc_custom_1519143569777{margin-left: 50px !important;}&#8220;][\/vc_column][\/vc_row][vc_row full_width=&#8220;stretch_row_content_no_spaces&#8220; inverse=&#8220;&#8220; el_class=&#8220;custom_size_2columns_responsive&#8220; css=&#8220;.vc_custom_1651218417440{background-color: #f6f3f0 !important;}&#8220;][vc_column css=&#8220;.vc_custom_1519143569777{margin-left: 50px !important;}&#8220;][\/vc_column][\/vc_row][vc_row full_width=&#8220;stretch_row_content_no_spaces&#8220; inverse=&#8220;&#8220; el_class=&#8220;custom_size_2columns_responsive&#8220; css=&#8220;.vc_custom_1651218707399{background-color: #ffffff !important;}&#8220;][vc_column css=&#8220;.vc_custom_1519143569777{margin-left: 50px !important;}&#8220;][\/vc_column][\/vc_row][vc_row full_width=&#8220;stretch_row_content_no_spaces&#8220; inverse=&#8220;&#8220; el_class=&#8220;custom_size_2columns_responsive&#8220; css=&#8220;.vc_custom_1651218429412{background-color: #f6f3f0 !important;}&#8220;][vc_column css=&#8220;.vc_custom_1519143569777{margin-left: 50px !important;}&#8220;][\/vc_column][\/vc_row][vc_row full_width=&#8220;stretch_row_content_no_spaces&#8220; inverse=&#8220;&#8220; el_class=&#8220;custom_size_2columns_responsive&#8220; css=&#8220;.vc_custom_1651218683892{background-color: #ffffff !important;}&#8220;][vc_column css=&#8220;.vc_custom_1519143569777{margin-left: 50px !important;}&#8220;][\/vc_column][\/vc_row][vc_row [&hellip;]<\/p>\n","protected":false},"author":11,"featured_media":0,"parent":0,"menu_order":0,"comment_status":"closed","ping_status":"closed","template":"","meta":{"footnotes":""},"class_list":["post-3678","page","type-page","status-publish","hentry"],"_links":{"self":[{"href":"https:\/\/feuerwehr-simbach.de\/index.php?rest_route=\/wp\/v2\/pages\/3678","targetHints":{"allow":["GET"]}}],"collection":[{"href":"https:\/\/feuerwehr-simbach.de\/index.php?rest_route=\/wp\/v2\/pages"}],"about":[{"href":"https:\/\/feuerwehr-simbach.de\/index.php?rest_route=\/wp\/v2\/types\/page"}],"author":[{"embeddable":true,"href":"https:\/\/feuerwehr-simbach.de\/index.php?rest_route=\/wp\/v2\/users\/11"}],"replies":[{"embeddable":true,"href":"https:\/\/feuerwehr-simbach.de\/index.php?rest_route=%2Fwp%2Fv2%2Fcomments&post=3678"}],"version-history":[{"count":124,"href":"https:\/\/feuerwehr-simbach.de\/index.php?rest_route=\/wp\/v2\/pages\/3678\/revisions"}],"predecessor-version":[{"id":20864,"href":"https:\/\/feuerwehr-simbach.de\/index.php?rest_route=\/wp\/v2\/pages\/3678\/revisions\/20864"}],"wp:attachment":[{"href":"https:\/\/feuerwehr-simbach.de\/index.php?rest_route=%2Fwp%2Fv2%2Fmedia&parent=3678"}],"curies":[{"name":"wp","href":"https:\/\/api.w.org\/{rel}","templated":true}]}}